{"id":7,"date":"2023-11-10T11:22:31","date_gmt":"2023-11-10T11:22:31","guid":{"rendered":"https:\/\/startersites.io\/blocksy\/daily-news\/?page_id=7"},"modified":"2026-04-17T03:28:38","modified_gmt":"2026-04-17T06:28:38","slug":"home","status":"publish","type":"page","link":"https:\/\/bahia.culturaviva.net.br\/pt\/","title":{"rendered":"Inicial"},"content":{"rendered":"\n<div class=\"wp-block-greenshift-blocks-row alignfull gspb_row gs-on-view gspb_row-id-gsbp-19a0a116-d102 gspb_row--gutter-custom-0\" id=\"gspb_row-id-gsbp-19a0a116-d102\"><div class=\"gspb_backgroundOverlay\"><\/div><div class=\"gspb_row__content\"> \n<div class=\"wp-block-greenshift-blocks-row-column gspb_row__col--6 gspb_row__col--md-12 gspb_col-id-gsbp-e5ec3f0f-f56c\" id=\"gspb_col-id-gsbp-e5ec3f0f-f56c\">\n<div class=\"wp-block-greenshift-blocks-container gspb_container gspb_container-gsbp-bdb8ad20-6338\" id=\"gspb_container-id-gsbp-bdb8ad20-6338\">\n<div data-id=\"4913bd42\" class=\"wp-block-blocksy-query\"><div class=\"ct-query-template-default is-layout-flow\"><article class=\"wp-block-post is-layout-flow post-2251 post type-post status-publish format-standard has-post-thumbnail hentry category-tecendo-redes tag-cultura-digital tag-cultura-viva tag-breaking tag-hot\">\n\n<div class=\"wp-block-greenshift-blocks-container gspb_container gspb_container-gsbp-8ab7527c-62ac\" id=\"gspb_container-id-gsbp-8ab7527c-62ac\"><div style=\"font-size:13px;font-style:normal;font-weight:600;text-transform:uppercase;\" class=\"ct-dynamic-data wp-elements-82bf48006a794ab3aad386399076ce51\"><a class=\"ct-term-43\" href=\"https:\/\/bahia.culturaviva.net.br\/pt\/tag\/cultura-digital\/\">Cultura Digital<\/a>,\u00a0<a class=\"ct-term-108\" href=\"https:\/\/bahia.culturaviva.net.br\/pt\/tag\/cultura-viva\/\">Cultura viva<\/a>,\u00a0<a class=\"ct-term-9\" href=\"https:\/\/bahia.culturaviva.net.br\/pt\/tag\/breaking\/\">Extra<\/a>,\u00a0<a class=\"ct-term-10\" href=\"https:\/\/bahia.culturaviva.net.br\/pt\/tag\/hot\/\">Importante<\/a><\/div><\/div>\n\n\n<h2 style=\"margin-top:0;margin-bottom:var(--wp--preset--spacing--40);\" class=\"ct-dynamic-data wp-elements-0cc571dfc0b9fe442b9de9b18e22c3e1 wp-elements-0f534f62524bf60ef760eada5cac13d2 has-x-large-font-size\"><a href=\"https:\/\/bahia.culturaviva.net.br\/pt\/pontaodecultura\/tecendo-redes\/culturadigital2026\/\">Pont\u00e3o Tecendo Redes promove Ciclo de Oficinas sobre Cultura Digital<\/a><\/h2>\n\n<div style=\"color:#ffffffa8;\" class=\"ct-dynamic-data wp-elements-1575e5e7e6673df5dac0d0d75e020b87 wp-elements-526b0f2ee3214cd34b089ccd60594696 has-text-color\"><p>S\u00e9rie de oficinas sobre a plataforma Cultura Viva da Bahia visam promover a inclus\u00e3o digital dos pontos de cultura da Bahia no uso\u2026<\/p>\n<\/div>\n<\/article><\/div><style>[data-id='4913bd42'] :where(.wp-block-post) {margin-block-end:30px;}<\/style><\/div>\n<\/div>\n\n\n\n<div class=\"wp-block-greenshift-blocks-container gspb_container gspb_container-gsbp-a7cd9855-5954\" id=\"gspb_container-id-gsbp-a7cd9855-5954\">\n<div class=\"wp-block-greenshift-blocks-container gspb_container gspb_container-gsbp-d84a258c-d205\" id=\"gspb_container-id-gsbp-d84a258c-d205\">\n<div class=\"wp-block-greenshift-blocks-iconbox gspb_iconBox gspb_iconBox-id-gsbp-300bf7f9-b501\" id=\"gspb_iconBox-id-gsbp-300bf7f9-b501\"><div class=\"gspb_iconBox__wrapper\" style=\"display:inline-flex\"><svg xmlns=\"http:\/\/www.w3.org\/2000\/svg\" style=\"width:5rem;height:5rem;margin:10px\" xml:space=\"preserve\" viewBox=\"0 0 24 24\"><path d=\"m16.8 4.8 2.8 2.8-5.9 5.9-4.8-4.9L0 17.5l1.7 1.7L8.9 12l4.8 4.8 7.5-7.6L24 12V4.8h-7.2z\"><\/path><\/svg><\/div><\/div>\n\n\n\n<h4 id=\"gspb_heading-id-gsbp-484ac502-9cf6\" class=\"gspb_heading gspb_heading-id-gsbp-484ac502-9cf6 \">Not\u00edcias IMPORTANTES<\/h4>\n<\/div>\n\n\n\n<div data-id=\"a92bf5e9\" class=\"wp-block-blocksy-query\"><div class=\"ct-query-template-grid\"><article class=\"wp-block-post is-layout-flow post-2192 post type-post status-publish format-standard has-post-thumbnail hentry category-teia-bahia-2026 tag-cultura-viva tag-breaking tag-hot tag-teia-bahia-2026\">\n\n<div class=\"wp-block-greenshift-blocks-container gspb_container gspb_container-gsbp-990edff5-2ca3\" id=\"gspb_container-id-gsbp-990edff5-2ca3\"><a style=\"margin-bottom:0;\" class=\"ct-dynamic-media wp-elements-65c6d67a2c6bb6c10e1e40d80a2122f5\" aria-label=\"Cobertura colaborativa do segundo dia da Teia Bahia 2026\" href=\"https:\/\/bahia.culturaviva.net.br\/pt\/cultura\/culturaviva\/teia-bahia-2026\/cobertura-colaborativa-do-segundo-dia-da-teia-bahia-2026\/\"><span data-hover=\"zoom-in\" class=\"ct-dynamic-media-inner\" style=\"border-radius:2px;\"><img loading=\"lazy\" decoding=\"async\" width=\"300\" height=\"200\" src=\"https:\/\/bahia.culturaviva.net.br\/wp-content\/uploads\/2026\/03\/IMG_2048-300x200.jpeg\" class=\"attachment-medium size-medium\" alt=\"\" style=\"width:100%;height:100%;object-fit: cover;\" srcset=\"https:\/\/bahia.culturaviva.net.br\/wp-content\/uploads\/2026\/03\/IMG_2048-300x200.jpeg 300w, https:\/\/bahia.culturaviva.net.br\/wp-content\/uploads\/2026\/03\/IMG_2048-1024x683.jpeg 1024w, https:\/\/bahia.culturaviva.net.br\/wp-content\/uploads\/2026\/03\/IMG_2048-768x512.jpeg 768w, https:\/\/bahia.culturaviva.net.br\/wp-content\/uploads\/2026\/03\/IMG_2048-1536x1024.jpeg 1536w, https:\/\/bahia.culturaviva.net.br\/wp-content\/uploads\/2026\/03\/IMG_2048-2048x1365.jpeg 2048w, https:\/\/bahia.culturaviva.net.br\/wp-content\/uploads\/2026\/03\/IMG_2048-18x12.jpeg 18w, https:\/\/bahia.culturaviva.net.br\/wp-content\/uploads\/2026\/03\/IMG_2048-205x137.jpeg 205w, https:\/\/bahia.culturaviva.net.br\/wp-content\/uploads\/2026\/03\/IMG_2048-480x320.jpeg 480w\" sizes=\"auto, (max-width: 300px) 100vw, 300px\" \/><\/span><\/a><\/div>\n\n\n<h2 style=\"font-size:13px; margin-top:var(--wp--preset--spacing--40);margin-bottom:0;\" class=\"ct-dynamic-data wp-elements-707eb02f263d73833b3d961182c66b0d wp-elements-e1e961e7652b104d5ab93d9f8f94e12d\"><a href=\"https:\/\/bahia.culturaviva.net.br\/pt\/cultura\/culturaviva\/teia-bahia-2026\/cobertura-colaborativa-do-segundo-dia-da-teia-bahia-2026\/\">Cobertura colaborativa do segundo dia da Teia Bahia 2026<\/a><\/h2>\n<\/article><article class=\"wp-block-post is-layout-flow post-2054 post type-post status-publish format-standard has-post-thumbnail hentry category-teia-bahia-2026 tag-cultura-viva tag-hot tag-teia-bahia-2026\">\n\n<div class=\"wp-block-greenshift-blocks-container gspb_container gspb_container-gsbp-990edff5-2ca3\" id=\"gspb_container-id-gsbp-990edff5-2ca3\"><a style=\"margin-bottom:0;\" class=\"ct-dynamic-media wp-elements-65c6d67a2c6bb6c10e1e40d80a2122f5\" aria-label=\"Atra\u00e7\u00f5es art\u00edsticas agitaram o segundo dia da Teia Bahia 2026\" href=\"https:\/\/bahia.culturaviva.net.br\/pt\/cultura\/culturaviva\/teia-bahia-2026\/atracoes-artisticas-agitam-o-segundo-dia-da-teia-bahia-2026\/\"><span data-hover=\"zoom-in\" class=\"ct-dynamic-media-inner\" style=\"border-radius:2px;\"><img loading=\"lazy\" decoding=\"async\" width=\"300\" height=\"200\" src=\"https:\/\/bahia.culturaviva.net.br\/wp-content\/uploads\/2026\/03\/IMG_2143-300x200.jpeg\" class=\"attachment-medium size-medium\" alt=\"\" style=\"width:100%;height:100%;object-fit: cover;\" srcset=\"https:\/\/bahia.culturaviva.net.br\/wp-content\/uploads\/2026\/03\/IMG_2143-300x200.jpeg 300w, https:\/\/bahia.culturaviva.net.br\/wp-content\/uploads\/2026\/03\/IMG_2143-1024x683.jpeg 1024w, https:\/\/bahia.culturaviva.net.br\/wp-content\/uploads\/2026\/03\/IMG_2143-768x512.jpeg 768w, https:\/\/bahia.culturaviva.net.br\/wp-content\/uploads\/2026\/03\/IMG_2143-1536x1024.jpeg 1536w, https:\/\/bahia.culturaviva.net.br\/wp-content\/uploads\/2026\/03\/IMG_2143-2048x1365.jpeg 2048w, https:\/\/bahia.culturaviva.net.br\/wp-content\/uploads\/2026\/03\/IMG_2143-18x12.jpeg 18w, https:\/\/bahia.culturaviva.net.br\/wp-content\/uploads\/2026\/03\/IMG_2143-205x137.jpeg 205w, https:\/\/bahia.culturaviva.net.br\/wp-content\/uploads\/2026\/03\/IMG_2143-480x320.jpeg 480w\" sizes=\"auto, (max-width: 300px) 100vw, 300px\" \/><\/span><\/a><\/div>\n\n\n<h2 style=\"font-size:13px; margin-top:var(--wp--preset--spacing--40);margin-bottom:0;\" class=\"ct-dynamic-data wp-elements-707eb02f263d73833b3d961182c66b0d wp-elements-e1e961e7652b104d5ab93d9f8f94e12d\"><a href=\"https:\/\/bahia.culturaviva.net.br\/pt\/cultura\/culturaviva\/teia-bahia-2026\/atracoes-artisticas-agitam-o-segundo-dia-da-teia-bahia-2026\/\">Atra\u00e7\u00f5es art\u00edsticas agitaram o segundo dia da Teia Bahia 2026<\/a><\/h2>\n<\/article><article class=\"wp-block-post is-layout-flow post-2030 post type-post status-publish format-standard has-post-thumbnail hentry category-culturaviva category-teia-bahia-2026 tag-cultura-viva tag-hot tag-teia-bahia-2026\">\n\n<div class=\"wp-block-greenshift-blocks-container gspb_container gspb_container-gsbp-990edff5-2ca3\" id=\"gspb_container-id-gsbp-990edff5-2ca3\"><a style=\"margin-bottom:0;\" class=\"ct-dynamic-media wp-elements-65c6d67a2c6bb6c10e1e40d80a2122f5\" aria-label=\"Confira a cobertura colaborativa do primeiro dia da Teia Bahia 2026\" href=\"https:\/\/bahia.culturaviva.net.br\/pt\/cultura\/culturaviva\/confira-a-cobertura-colaborativa-do-primeiro-dia-da-teia-bahia-2026\/\"><span data-hover=\"zoom-in\" class=\"ct-dynamic-media-inner\" style=\"border-radius:2px;\"><img loading=\"lazy\" decoding=\"async\" width=\"300\" height=\"200\" src=\"https:\/\/bahia.culturaviva.net.br\/wp-content\/uploads\/2026\/02\/IMG_1591-300x200.jpeg\" class=\"attachment-medium size-medium\" alt=\"\" style=\"width:100%;height:100%;object-fit: cover;\" srcset=\"https:\/\/bahia.culturaviva.net.br\/wp-content\/uploads\/2026\/02\/IMG_1591-300x200.jpeg 300w, https:\/\/bahia.culturaviva.net.br\/wp-content\/uploads\/2026\/02\/IMG_1591-1024x683.jpeg 1024w, https:\/\/bahia.culturaviva.net.br\/wp-content\/uploads\/2026\/02\/IMG_1591-768x512.jpeg 768w, https:\/\/bahia.culturaviva.net.br\/wp-content\/uploads\/2026\/02\/IMG_1591-1536x1024.jpeg 1536w, https:\/\/bahia.culturaviva.net.br\/wp-content\/uploads\/2026\/02\/IMG_1591-2048x1365.jpeg 2048w, https:\/\/bahia.culturaviva.net.br\/wp-content\/uploads\/2026\/02\/IMG_1591-18x12.jpeg 18w, https:\/\/bahia.culturaviva.net.br\/wp-content\/uploads\/2026\/02\/IMG_1591-205x137.jpeg 205w, https:\/\/bahia.culturaviva.net.br\/wp-content\/uploads\/2026\/02\/IMG_1591-480x320.jpeg 480w\" sizes=\"auto, (max-width: 300px) 100vw, 300px\" \/><\/span><\/a><\/div>\n\n\n<h2 style=\"font-size:13px; margin-top:var(--wp--preset--spacing--40);margin-bottom:0;\" class=\"ct-dynamic-data wp-elements-707eb02f263d73833b3d961182c66b0d wp-elements-e1e961e7652b104d5ab93d9f8f94e12d\"><a href=\"https:\/\/bahia.culturaviva.net.br\/pt\/cultura\/culturaviva\/confira-a-cobertura-colaborativa-do-primeiro-dia-da-teia-bahia-2026\/\">Confira a cobertura colaborativa do primeiro dia da Teia Bahia 2026<\/a><\/h2>\n<\/article><\/div><style>[data-id='a92bf5e9'] {--grid-columns-gap:30px;--grid-columns-width:3;}@media (max-width: 999.98px) {[data-id='a92bf5e9'] {--grid-columns-width:2;}}@media (max-width: 689.98px) {[data-id='a92bf5e9'] {--grid-columns-width:1;}}<\/style><\/div>\n<\/div>\n<\/div>\n\n\n\n<div class=\"wp-block-greenshift-blocks-row-column gspb_row__col--6 gspb_row__col--md-12 gspb_col-id-gsbp-4c1613a7-3311\" id=\"gspb_col-id-gsbp-4c1613a7-3311\">\n<div class=\"wp-block-greenshift-blocks-container gspb_container gspb_container-gsbp-c33e0f9e-67a5\" id=\"gspb_container-id-gsbp-c33e0f9e-67a5\">\n<div class=\"wp-block-greenshift-blocks-iconbox gspb_iconBox gspb_iconBox-id-gsbp-24206b5d-8d30\" id=\"gspb_iconBox-id-gsbp-24206b5d-8d30\"><div class=\"gspb_iconBox__wrapper\" style=\"display:inline-flex\"><svg xmlns=\"http:\/\/www.w3.org\/2000\/svg\" style=\"width:5rem;height:5rem;margin:10px\" xml:space=\"preserve\" viewBox=\"0 0 24 24\"><path d=\"M0 9.8V14c0 .8.5 1.6 1.3 1.8l3.3 1v3.5c0 1 .8 1.8 1.8 1.8h3.7c1 0 1.8-.8 1.8-1.8V19l9.6 2.8c.2 0 .3.1.5.1 1 0 1.8-.8 1.8-1.8v-16c0-.2 0-.3-.1-.5-.3-1-1.3-1.5-2.3-1.3L1.3 8C.5 8.2 0 8.9 0 9.8zm12 7.1V6.8l10.2-3v16L12 16.9zm-5.5.3 3.7 1.1v1.9H6.5v-3zM1.8 9.8l8.3-2.4v9L1.8 14V9.8z\"><\/path><\/svg><\/div><\/div>\n\n\n\n<h4 id=\"gspb_heading-id-gsbp-a0b27ab4-f182\" class=\"gspb_heading gspb_heading-id-gsbp-a0b27ab4-f182 \">\u00daLTIMAS Noticias<\/h4>\n<\/div>\n\n\n\n<div data-id=\"e2dc7e58\" class=\"wp-block-blocksy-query\"><div class=\"ct-query-template-default is-layout-flow\"><article class=\"wp-block-post is-layout-flow post-2266 post type-post status-publish format-standard hentry tag-chapada-diamantina\">\n\n<div class=\"wp-block-columns is-layout-flex wp-container-core-columns-is-layout-28f84493 wp-block-columns-is-layout-flex\">\n<div class=\"wp-block-column is-layout-flow wp-block-column-is-layout-flow\" style=\"flex-basis:25%\"><\/div>\n\n\n\n<div class=\"wp-block-column is-vertically-aligned-center is-layout-flow wp-block-column-is-layout-flow\" style=\"flex-basis:75%\"><h2 style=\"font-size:clamp(14px, 0.875rem + ((1vw - 3.2px) * 0.078), 15px); margin-bottom:var(--wp--preset--spacing--30);\" class=\"ct-dynamic-data wp-elements-38d46a68716384e6aab33b85f38ea999 wp-elements-447e288a18f4a378bf2ae632d8492917\"><a href=\"https:\/\/bahia.culturaviva.net.br\/pt\/variedades\/morro-do-chapeu-participa-de-evento-importante-em-promocao-de-destinos-no-brasil\/\">Morro do Chap\u00e9u participa de evento importante em promo\u00e7\u00e3o de destinos no Brasil<\/a><\/h2>\n\n<div style=\"color:#ffffff85; font-size:13px;text-transform:uppercase;\" class=\"ct-dynamic-data wp-elements-7d03f5e872a80b23110bc6dcfc0b7635 has-text-color\">24\/04\/26<\/div><\/div>\n<\/div>\n\n<\/article><article class=\"wp-block-post is-layout-flow post-2267 post type-post status-publish format-standard has-post-thumbnail hentry tag-chapada-diamantina\">\n\n<div class=\"wp-block-columns is-layout-flex wp-container-core-columns-is-layout-28f84493 wp-block-columns-is-layout-flex\">\n<div class=\"wp-block-column is-layout-flow wp-block-column-is-layout-flow\" style=\"flex-basis:25%\"><\/div>\n\n\n\n<div class=\"wp-block-column is-vertically-aligned-center is-layout-flow wp-block-column-is-layout-flow\" style=\"flex-basis:75%\"><h2 style=\"font-size:clamp(14px, 0.875rem + ((1vw - 3.2px) * 0.078), 15px); margin-bottom:var(--wp--preset--spacing--30);\" class=\"ct-dynamic-data wp-elements-38d46a68716384e6aab33b85f38ea999 wp-elements-447e288a18f4a378bf2ae632d8492917\"><a href=\"https:\/\/bahia.culturaviva.net.br\/pt\/variedades\/confira-a-programacao-da-14a-edicao-da-feira-das-artes-de-mucuge\/\">Confira a programa\u00e7\u00e3o da 14\u00aa edi\u00e7\u00e3o da Feira das Artes de Mucug\u00ea<\/a><\/h2>\n\n<div style=\"color:#ffffff85; font-size:13px;text-transform:uppercase;\" class=\"ct-dynamic-data wp-elements-7d03f5e872a80b23110bc6dcfc0b7635 has-text-color\">24\/04\/26<\/div><\/div>\n<\/div>\n\n<\/article><article class=\"wp-block-post is-layout-flow post-2268 post type-post status-publish format-standard has-post-thumbnail hentry tag-chapada-diamantina\">\n\n<div class=\"wp-block-columns is-layout-flex wp-container-core-columns-is-layout-28f84493 wp-block-columns-is-layout-flex\">\n<div class=\"wp-block-column is-layout-flow wp-block-column-is-layout-flow\" style=\"flex-basis:25%\"><\/div>\n\n\n\n<div class=\"wp-block-column is-vertically-aligned-center is-layout-flow wp-block-column-is-layout-flow\" style=\"flex-basis:75%\"><h2 style=\"font-size:clamp(14px, 0.875rem + ((1vw - 3.2px) * 0.078), 15px); margin-bottom:var(--wp--preset--spacing--30);\" class=\"ct-dynamic-data wp-elements-38d46a68716384e6aab33b85f38ea999 wp-elements-447e288a18f4a378bf2ae632d8492917\"><a href=\"https:\/\/bahia.culturaviva.net.br\/pt\/variedades\/um-passo-historico-para-a-nossa-identidade\/\">UM PASSO HIST\u00d3RICO PARA A NOSSA IDENTIDADE!<\/a><\/h2>\n\n<div style=\"color:#ffffff85; font-size:13px;text-transform:uppercase;\" class=\"ct-dynamic-data wp-elements-7d03f5e872a80b23110bc6dcfc0b7635 has-text-color\">23\/04\/26<\/div><\/div>\n<\/div>\n\n<\/article><article class=\"wp-block-post is-layout-flow post-2264 post type-post status-publish format-standard has-post-thumbnail hentry tag-chapada-diamantina\">\n\n<div class=\"wp-block-columns is-layout-flex wp-container-core-columns-is-layout-28f84493 wp-block-columns-is-layout-flex\">\n<div class=\"wp-block-column is-layout-flow wp-block-column-is-layout-flow\" style=\"flex-basis:25%\"><\/div>\n\n\n\n<div class=\"wp-block-column is-vertically-aligned-center is-layout-flow wp-block-column-is-layout-flow\" style=\"flex-basis:75%\"><h2 style=\"font-size:clamp(14px, 0.875rem + ((1vw - 3.2px) * 0.078), 15px); margin-bottom:var(--wp--preset--spacing--30);\" class=\"ct-dynamic-data wp-elements-38d46a68716384e6aab33b85f38ea999 wp-elements-447e288a18f4a378bf2ae632d8492917\"><a href=\"https:\/\/bahia.culturaviva.net.br\/pt\/variedades\/%f0%9f%8e%a8-mais-uma-etapa-de-cadastramento-de-artesaos-acontece-nesta-sexta-no-ponto-de-cultura-de-mucuge-%f0%9f%97%93\/\">\ud83c\udfa8 Mais uma etapa de cadastramento de artes\u00e3os acontece nesta sexta no Ponto de Cultura de Mucug\u00ea! \ud83d\uddd3<\/a><\/h2>\n\n<div style=\"color:#ffffff85; font-size:13px;text-transform:uppercase;\" class=\"ct-dynamic-data wp-elements-7d03f5e872a80b23110bc6dcfc0b7635 has-text-color\">21\/04\/26<\/div><\/div>\n<\/div>\n\n<\/article><article class=\"wp-block-post is-layout-flow post-2251 post type-post status-publish format-standard has-post-thumbnail hentry category-tecendo-redes tag-cultura-digital tag-cultura-viva tag-breaking tag-hot\">\n\n<div class=\"wp-block-columns is-layout-flex wp-container-core-columns-is-layout-28f84493 wp-block-columns-is-layout-flex\">\n<div class=\"wp-block-column is-layout-flow wp-block-column-is-layout-flow\" style=\"flex-basis:25%\"><a class=\"ct-dynamic-media wp-elements-087ef08c34ec5338722461598be8674c\" aria-label=\"Pont\u00e3o Tecendo Redes promove Ciclo de Oficinas sobre Cultura Digital\" href=\"https:\/\/bahia.culturaviva.net.br\/pt\/pontaodecultura\/tecendo-redes\/culturadigital2026\/\"><span data-hover=\"zoom-in\" class=\"ct-dynamic-media-inner\" style=\"border-radius:2px;\"><img loading=\"lazy\" decoding=\"async\" width=\"300\" height=\"110\" src=\"https:\/\/bahia.culturaviva.net.br\/wp-content\/uploads\/2026\/04\/Screenshot_20260331_174211-300x110.png\" class=\"attachment-medium size-medium\" alt=\"\" style=\"width:100%;height:100%;object-fit: cover;aspect-ratio: 1;\" srcset=\"https:\/\/bahia.culturaviva.net.br\/wp-content\/uploads\/2026\/04\/Screenshot_20260331_174211-300x110.png 300w, https:\/\/bahia.culturaviva.net.br\/wp-content\/uploads\/2026\/04\/Screenshot_20260331_174211-1024x375.png 1024w, https:\/\/bahia.culturaviva.net.br\/wp-content\/uploads\/2026\/04\/Screenshot_20260331_174211-768x281.png 768w, https:\/\/bahia.culturaviva.net.br\/wp-content\/uploads\/2026\/04\/Screenshot_20260331_174211-1536x562.png 1536w, https:\/\/bahia.culturaviva.net.br\/wp-content\/uploads\/2026\/04\/Screenshot_20260331_174211-2048x749.png 2048w, https:\/\/bahia.culturaviva.net.br\/wp-content\/uploads\/2026\/04\/Screenshot_20260331_174211-18x7.png 18w, https:\/\/bahia.culturaviva.net.br\/wp-content\/uploads\/2026\/04\/Screenshot_20260331_174211-205x75.png 205w, https:\/\/bahia.culturaviva.net.br\/wp-content\/uploads\/2026\/04\/Screenshot_20260331_174211-480x176.png 480w\" sizes=\"auto, (max-width: 300px) 100vw, 300px\" \/><\/span><\/a><\/div>\n\n\n\n<div class=\"wp-block-column is-vertically-aligned-center is-layout-flow wp-block-column-is-layout-flow\" style=\"flex-basis:75%\"><h2 style=\"font-size:clamp(14px, 0.875rem + ((1vw - 3.2px) * 0.078), 15px); margin-bottom:var(--wp--preset--spacing--30);\" class=\"ct-dynamic-data wp-elements-38d46a68716384e6aab33b85f38ea999 wp-elements-447e288a18f4a378bf2ae632d8492917\"><a href=\"https:\/\/bahia.culturaviva.net.br\/pt\/pontaodecultura\/tecendo-redes\/culturadigital2026\/\">Pont\u00e3o Tecendo Redes promove Ciclo de Oficinas sobre Cultura Digital<\/a><\/h2>\n\n<div style=\"color:#ffffff85; font-size:13px;text-transform:uppercase;\" class=\"ct-dynamic-data wp-elements-7d03f5e872a80b23110bc6dcfc0b7635 has-text-color\">17\/04\/26<\/div><\/div>\n<\/div>\n\n<\/article><\/div><\/div>\n<\/div>\n <\/div><\/div>\n\n\n\n<div class=\"wp-block-greenshift-blocks-row gspb_row gspb_row-id-gsbp-d31876ae-9204 gspb_row--gutter-custom-0\" id=\"gspb_row-id-gsbp-d31876ae-9204\"><div class=\"gspb_row__content\"> \n<div class=\"wp-block-greenshift-blocks-row-column gspb_row__col--6 gspb_row__col--md-12 gspb_col-id-gsbp-f9a69d19-0dec\" id=\"gspb_col-id-gsbp-f9a69d19-0dec\">\n<h4 id=\"gspb_heading-id-gsbp-5f71a739-2fe1\" class=\"gspb_heading gspb_heading-id-gsbp-5f71a739-2fe1 \">Cultura Popular<\/h4>\n\n\n\n<div data-id=\"e12b51d1\" class=\"wp-block-blocksy-query\"><div class=\"ct-query-template-default is-layout-flow\"><article class=\"wp-block-post is-layout-flow post-1732 post type-post status-publish format-standard hentry category-camara-tecnica-de-cultura category-cultura category-cultura-popular category-culturaviva tag-bahia-cultura-viva tag-chapada-diamantina tag-cultura-viva tag-cultura-viva-bahia tag-explicando-por-gatinhos tag-gatinhos tag-memoria tag-musica tag-pontao-de-cultura tag-pontos-de-cultura\">\n\n<div class=\"wp-block-greenshift-blocks-container gspb_container gspb_container-gsbp-81d95393-12dc gspb-hoverparent-62\" id=\"gspb_container-id-gsbp-81d95393-12dc\">\n<div class=\"wp-block-greenshift-blocks-container gspb_container gspb_container-gsbp-7437a15f-bcf9\" id=\"gspb_container-id-gsbp-7437a15f-bcf9\"><\/div>\n\n\n\n<div class=\"wp-block-greenshift-blocks-container gspb_container gspb_container-gsbp-e2eb739e-022b gspb-hoverparent-121\" id=\"gspb_container-id-gsbp-e2eb739e-022b\">\n<div class=\"wp-block-greenshift-blocks-container gspb_container gspb_container-gsbp-fc3c11ad-b314\" id=\"gspb_container-id-gsbp-fc3c11ad-b314\"><div style=\"font-size:13px;font-style:normal;font-weight:600;text-transform:uppercase;\" class=\"ct-dynamic-data wp-elements-b158774ce6f835e23fda839598a23359\"><a class=\"ct-term-112\" href=\"https:\/\/bahia.culturaviva.net.br\/pt\/tag\/bahia-cultura-viva\/\">Bahia cultura viva<\/a>\u00a0\u00a0<a class=\"ct-term-55\" href=\"https:\/\/bahia.culturaviva.net.br\/pt\/tag\/chapada-diamantina\/\">Chapada Diamantina<\/a>\u00a0\u00a0<a class=\"ct-term-108\" href=\"https:\/\/bahia.culturaviva.net.br\/pt\/tag\/cultura-viva\/\">Cultura viva<\/a>\u00a0\u00a0<a class=\"ct-term-111\" href=\"https:\/\/bahia.culturaviva.net.br\/pt\/tag\/cultura-viva-bahia\/\">Cultura viva bahia<\/a>\u00a0\u00a0<a class=\"ct-term-114\" href=\"https:\/\/bahia.culturaviva.net.br\/pt\/tag\/explicando-por-gatinhos\/\">explicando por gatinhos<\/a>\u00a0\u00a0<a class=\"ct-term-113\" href=\"https:\/\/bahia.culturaviva.net.br\/pt\/tag\/gatinhos\/\">gatinhos<\/a>\u00a0\u00a0<a class=\"ct-term-39\" href=\"https:\/\/bahia.culturaviva.net.br\/pt\/tag\/memoria\/\">Mem\u00f3ria<\/a>\u00a0\u00a0<a class=\"ct-term-32\" href=\"https:\/\/bahia.culturaviva.net.br\/pt\/tag\/musica\/\">M\u00fasica<\/a>\u00a0\u00a0<a class=\"ct-term-110\" href=\"https:\/\/bahia.culturaviva.net.br\/pt\/tag\/pontao-de-cultura\/\">Pont\u00e3o de cultura<\/a>\u00a0\u00a0<a class=\"ct-term-109\" href=\"https:\/\/bahia.culturaviva.net.br\/pt\/tag\/pontos-de-cultura\/\">Pontos de Cultura<\/a><\/div><\/div>\n\n\n\n<div class=\"wp-block-greenshift-blocks-container gspb_container gspb_container-gsbp-2ad0ee5e-b4a5\" id=\"gspb_container-id-gsbp-2ad0ee5e-b4a5\"><div style=\"font-size:13px;font-style:normal;font-weight:600;text-transform:uppercase;\" class=\"ct-dynamic-data wp-elements-1c151294e6464d30a1af04511fff7d9c\"><a class=\"ct-term-75\" href=\"https:\/\/bahia.culturaviva.net.br\/pt\/category\/cultura\/camara-tecnica-de-cultura\/\">C\u00e2mara T\u00e9cnica de Cultura<\/a>\u00a0<a class=\"ct-term-59\" href=\"https:\/\/bahia.culturaviva.net.br\/pt\/category\/cultura\/\">Cultura<\/a>\u00a0<a class=\"ct-term-65\" href=\"https:\/\/bahia.culturaviva.net.br\/pt\/category\/cultura\/cultura-popular\/\">Cultura Popular<\/a>\u00a0<a class=\"ct-term-2\" href=\"https:\/\/bahia.culturaviva.net.br\/pt\/category\/cultura\/culturaviva\/\">Cultura Viva<\/a><\/div><\/div>\n\n\n<h2 style=\"margin-top:var(--wp--preset--spacing--40);margin-bottom:var(--wp--preset--spacing--40);\" class=\"ct-dynamic-data wp-elements-abae3e50c14588b18e1a7ce62244f1b4 wp-elements-aa168d70bbc2f5db49717eba1fa9187f has-large-font-size\"><a href=\"https:\/\/bahia.culturaviva.net.br\/pt\/cultura\/pontos-de-cultura-explicado-por-gatinhos-cultura-viva\/\">Pontos de cultura Explicado por gatinhos<\/a><\/h2>\n\n<div style=\"color:#ffffffb5; font-size:13px;text-transform:uppercase;\" class=\"ct-dynamic-data wp-elements-b6fea5c1584d36d22f10f8fa9fc42886 has-text-color\">13\/01\/26<\/div><\/div>\n<\/div>\n\n<\/article><\/div><\/div>\n<\/div>\n\n\n\n<div class=\"wp-block-greenshift-blocks-row-column gspb_row__col--6 gspb_row__col--md-12 gspb_col-id-gsbp-42636f7d-ceef\" id=\"gspb_col-id-gsbp-42636f7d-ceef\">\n<h4 id=\"gspb_heading-id-gsbp-90e2156f-0c59\" class=\"gspb_heading gspb_heading-id-gsbp-90e2156f-0c59 \">Em Alta<\/h4>\n\n\n\n<div data-id=\"0ecbfeac\" class=\"wp-block-blocksy-query\"><div class=\"ct-query-template-grid\"><article class=\"wp-block-post is-layout-flow post-2251 post type-post status-publish format-standard has-post-thumbnail hentry category-tecendo-redes tag-cultura-digital tag-cultura-viva tag-breaking tag-hot\">\n\n<div class=\"wp-block-greenshift-blocks-container gspb_container gspb_container-gsbp-67fefb0e-ef3c\" id=\"gspb_container-id-gsbp-67fefb0e-ef3c\"><a style=\"margin-bottom:0;\" class=\"ct-dynamic-media wp-elements-65c6d67a2c6bb6c10e1e40d80a2122f5\" aria-label=\"Pont\u00e3o Tecendo Redes promove Ciclo de Oficinas sobre Cultura Digital\" href=\"https:\/\/bahia.culturaviva.net.br\/pt\/pontaodecultura\/tecendo-redes\/culturadigital2026\/\"><span data-hover=\"zoom-in\" class=\"ct-dynamic-media-inner\" style=\"border-radius:2px;\"><img loading=\"lazy\" decoding=\"async\" width=\"300\" height=\"110\" src=\"https:\/\/bahia.culturaviva.net.br\/wp-content\/uploads\/2026\/04\/Screenshot_20260331_174211-300x110.png\" class=\"attachment-medium size-medium\" alt=\"\" style=\"width:100%;height:100%;object-fit: cover;\" srcset=\"https:\/\/bahia.culturaviva.net.br\/wp-content\/uploads\/2026\/04\/Screenshot_20260331_174211-300x110.png 300w, https:\/\/bahia.culturaviva.net.br\/wp-content\/uploads\/2026\/04\/Screenshot_20260331_174211-1024x375.png 1024w, https:\/\/bahia.culturaviva.net.br\/wp-content\/uploads\/2026\/04\/Screenshot_20260331_174211-768x281.png 768w, https:\/\/bahia.culturaviva.net.br\/wp-content\/uploads\/2026\/04\/Screenshot_20260331_174211-1536x562.png 1536w, https:\/\/bahia.culturaviva.net.br\/wp-content\/uploads\/2026\/04\/Screenshot_20260331_174211-2048x749.png 2048w, https:\/\/bahia.culturaviva.net.br\/wp-content\/uploads\/2026\/04\/Screenshot_20260331_174211-18x7.png 18w, https:\/\/bahia.culturaviva.net.br\/wp-content\/uploads\/2026\/04\/Screenshot_20260331_174211-205x75.png 205w, https:\/\/bahia.culturaviva.net.br\/wp-content\/uploads\/2026\/04\/Screenshot_20260331_174211-480x176.png 480w\" sizes=\"auto, (max-width: 300px) 100vw, 300px\" \/><\/span><\/a>\n\n\n<div class=\"wp-block-greenshift-blocks-container gspb_container gspb_container-gsbp-a7fe635f-4250\" id=\"gspb_container-id-gsbp-a7fe635f-4250\"><div style=\"font-size:13px;font-style:normal;font-weight:600;text-transform:uppercase;\" class=\"ct-dynamic-data wp-elements-82d099764d376e59e28d547d71e67b6a\"><a class=\"ct-term-17\" href=\"https:\/\/bahia.culturaviva.net.br\/pt\/category\/pontaodecultura\/tecendo-redes\/\">Tecendo Redes<\/a><\/div><\/div>\n<\/div>\n\n\n<h2 style=\"font-size:clamp(14px, 0.875rem + ((1vw - 3.2px) * 0.156), 16px); margin-top:var(--wp--preset--spacing--40);margin-bottom:var(--wp--preset--spacing--20);\" class=\"ct-dynamic-data wp-elements-fb2e5c7769f99cd8d5c72ffdca870a41\"><a href=\"https:\/\/bahia.culturaviva.net.br\/pt\/pontaodecultura\/tecendo-redes\/culturadigital2026\/\">Pont\u00e3o Tecendo Redes promove Ciclo de Oficinas sobre Cultura Digital<\/a><\/h2>\n\n<div style=\"font-size:clamp(14px, 0.875rem + ((1vw - 3.2px) * 0.078), 15px);\" class=\"ct-dynamic-data wp-elements-c0e1e0a77b1f1a4a8150a3359f97b1b7\"><p>S\u00e9rie de oficinas sobre a plataforma Cultura Viva da Bahia visam promover\u2026<\/p>\n<\/div>\n<\/article><article class=\"wp-block-post is-layout-flow post-2192 post type-post status-publish format-standard has-post-thumbnail hentry category-teia-bahia-2026 tag-cultura-viva tag-breaking tag-hot tag-teia-bahia-2026\">\n\n<div class=\"wp-block-greenshift-blocks-container gspb_container gspb_container-gsbp-67fefb0e-ef3c\" id=\"gspb_container-id-gsbp-67fefb0e-ef3c\"><a style=\"margin-bottom:0;\" class=\"ct-dynamic-media wp-elements-65c6d67a2c6bb6c10e1e40d80a2122f5\" aria-label=\"Cobertura colaborativa do segundo dia da Teia Bahia 2026\" href=\"https:\/\/bahia.culturaviva.net.br\/pt\/cultura\/culturaviva\/teia-bahia-2026\/cobertura-colaborativa-do-segundo-dia-da-teia-bahia-2026\/\"><span data-hover=\"zoom-in\" class=\"ct-dynamic-media-inner\" style=\"border-radius:2px;\"><img loading=\"lazy\" decoding=\"async\" width=\"300\" height=\"200\" src=\"https:\/\/bahia.culturaviva.net.br\/wp-content\/uploads\/2026\/03\/IMG_2048-300x200.jpeg\" class=\"attachment-medium size-medium\" alt=\"\" style=\"width:100%;height:100%;object-fit: cover;\" srcset=\"https:\/\/bahia.culturaviva.net.br\/wp-content\/uploads\/2026\/03\/IMG_2048-300x200.jpeg 300w, https:\/\/bahia.culturaviva.net.br\/wp-content\/uploads\/2026\/03\/IMG_2048-1024x683.jpeg 1024w, https:\/\/bahia.culturaviva.net.br\/wp-content\/uploads\/2026\/03\/IMG_2048-768x512.jpeg 768w, https:\/\/bahia.culturaviva.net.br\/wp-content\/uploads\/2026\/03\/IMG_2048-1536x1024.jpeg 1536w, https:\/\/bahia.culturaviva.net.br\/wp-content\/uploads\/2026\/03\/IMG_2048-2048x1365.jpeg 2048w, https:\/\/bahia.culturaviva.net.br\/wp-content\/uploads\/2026\/03\/IMG_2048-18x12.jpeg 18w, https:\/\/bahia.culturaviva.net.br\/wp-content\/uploads\/2026\/03\/IMG_2048-205x137.jpeg 205w, https:\/\/bahia.culturaviva.net.br\/wp-content\/uploads\/2026\/03\/IMG_2048-480x320.jpeg 480w\" sizes=\"auto, (max-width: 300px) 100vw, 300px\" \/><\/span><\/a>\n\n\n<div class=\"wp-block-greenshift-blocks-container gspb_container gspb_container-gsbp-a7fe635f-4250\" id=\"gspb_container-id-gsbp-a7fe635f-4250\"><div style=\"font-size:13px;font-style:normal;font-weight:600;text-transform:uppercase;\" class=\"ct-dynamic-data wp-elements-82d099764d376e59e28d547d71e67b6a\"><a class=\"ct-term-120\" href=\"https:\/\/bahia.culturaviva.net.br\/pt\/category\/cultura\/culturaviva\/teia-bahia-2026\/\">Teia Bahia 2026<\/a><\/div><\/div>\n<\/div>\n\n\n<h2 style=\"font-size:clamp(14px, 0.875rem + ((1vw - 3.2px) * 0.156), 16px); margin-top:var(--wp--preset--spacing--40);margin-bottom:var(--wp--preset--spacing--20);\" class=\"ct-dynamic-data wp-elements-fb2e5c7769f99cd8d5c72ffdca870a41\"><a href=\"https:\/\/bahia.culturaviva.net.br\/pt\/cultura\/culturaviva\/teia-bahia-2026\/cobertura-colaborativa-do-segundo-dia-da-teia-bahia-2026\/\">Cobertura colaborativa do segundo dia da Teia Bahia 2026<\/a><\/h2>\n\n<div style=\"font-size:clamp(14px, 0.875rem + ((1vw - 3.2px) * 0.078), 15px);\" class=\"ct-dynamic-data wp-elements-c0e1e0a77b1f1a4a8150a3359f97b1b7\"><p>O segundo e \u00faltimo dia de atividades do encontro estadual dos pontos\u2026<\/p>\n<\/div>\n<\/article><article class=\"wp-block-post is-layout-flow post-2123 post type-post status-publish format-standard has-post-thumbnail hentry category-teia-bahia-2026 tag-breaking tag-teia-bahia-2026\">\n\n<div class=\"wp-block-greenshift-blocks-container gspb_container gspb_container-gsbp-67fefb0e-ef3c\" id=\"gspb_container-id-gsbp-67fefb0e-ef3c\"><a style=\"margin-bottom:0;\" class=\"ct-dynamic-media wp-elements-65c6d67a2c6bb6c10e1e40d80a2122f5\" aria-label=\"Grupos de Trabalho movimentam o segundo dia da Teia Bahia 2026\" href=\"https:\/\/bahia.culturaviva.net.br\/pt\/cultura\/culturaviva\/teia-bahia-2026\/grupos-de-trabalho-movimentam-o-segundo-dia-da-teia-bahia-2026\/\"><span data-hover=\"zoom-in\" class=\"ct-dynamic-media-inner\" style=\"border-radius:2px;\"><img loading=\"lazy\" decoding=\"async\" width=\"300\" height=\"200\" src=\"https:\/\/bahia.culturaviva.net.br\/wp-content\/uploads\/2026\/03\/IMG_2045-300x200.jpeg\" class=\"attachment-medium size-medium\" alt=\"\" style=\"width:100%;height:100%;object-fit: cover;\" srcset=\"https:\/\/bahia.culturaviva.net.br\/wp-content\/uploads\/2026\/03\/IMG_2045-300x200.jpeg 300w, https:\/\/bahia.culturaviva.net.br\/wp-content\/uploads\/2026\/03\/IMG_2045-1024x683.jpeg 1024w, https:\/\/bahia.culturaviva.net.br\/wp-content\/uploads\/2026\/03\/IMG_2045-768x512.jpeg 768w, https:\/\/bahia.culturaviva.net.br\/wp-content\/uploads\/2026\/03\/IMG_2045-1536x1024.jpeg 1536w, https:\/\/bahia.culturaviva.net.br\/wp-content\/uploads\/2026\/03\/IMG_2045-2048x1365.jpeg 2048w, https:\/\/bahia.culturaviva.net.br\/wp-content\/uploads\/2026\/03\/IMG_2045-18x12.jpeg 18w, https:\/\/bahia.culturaviva.net.br\/wp-content\/uploads\/2026\/03\/IMG_2045-205x137.jpeg 205w, https:\/\/bahia.culturaviva.net.br\/wp-content\/uploads\/2026\/03\/IMG_2045-480x320.jpeg 480w\" sizes=\"auto, (max-width: 300px) 100vw, 300px\" \/><\/span><\/a>\n\n\n<div class=\"wp-block-greenshift-blocks-container gspb_container gspb_container-gsbp-a7fe635f-4250\" id=\"gspb_container-id-gsbp-a7fe635f-4250\"><div style=\"font-size:13px;font-style:normal;font-weight:600;text-transform:uppercase;\" class=\"ct-dynamic-data wp-elements-82d099764d376e59e28d547d71e67b6a\"><a class=\"ct-term-120\" href=\"https:\/\/bahia.culturaviva.net.br\/pt\/category\/cultura\/culturaviva\/teia-bahia-2026\/\">Teia Bahia 2026<\/a><\/div><\/div>\n<\/div>\n\n\n<h2 style=\"font-size:clamp(14px, 0.875rem + ((1vw - 3.2px) * 0.156), 16px); margin-top:var(--wp--preset--spacing--40);margin-bottom:var(--wp--preset--spacing--20);\" class=\"ct-dynamic-data wp-elements-fb2e5c7769f99cd8d5c72ffdca870a41\"><a href=\"https:\/\/bahia.culturaviva.net.br\/pt\/cultura\/culturaviva\/teia-bahia-2026\/grupos-de-trabalho-movimentam-o-segundo-dia-da-teia-bahia-2026\/\">Grupos de Trabalho movimentam o segundo dia da Teia Bahia 2026<\/a><\/h2>\n\n<div style=\"font-size:clamp(14px, 0.875rem + ((1vw - 3.2px) * 0.078), 15px);\" class=\"ct-dynamic-data wp-elements-c0e1e0a77b1f1a4a8150a3359f97b1b7\"><p>A TEIA \u00e9 o momento de Articula\u00e7\u00e3o da Rede dos Pontos de\u2026<\/p>\n<\/div>\n<\/article><article class=\"wp-block-post is-layout-flow post-2090 post type-post status-publish format-standard has-post-thumbnail hentry category-culturaviva category-teia-bahia-2026 tag-cultura-viva tag-economia-solidaria tag-breaking tag-teia-bahia-2026\">\n\n<div class=\"wp-block-greenshift-blocks-container gspb_container gspb_container-gsbp-67fefb0e-ef3c\" id=\"gspb_container-id-gsbp-67fefb0e-ef3c\"><a style=\"margin-bottom:0;\" class=\"ct-dynamic-media wp-elements-65c6d67a2c6bb6c10e1e40d80a2122f5\" aria-label=\"Feira Territ\u00f3rios Criativos\" href=\"https:\/\/bahia.culturaviva.net.br\/pt\/cultura\/culturaviva\/feira-territorios-criativos\/\"><span data-hover=\"zoom-in\" class=\"ct-dynamic-media-inner\" style=\"border-radius:2px;\"><img loading=\"lazy\" decoding=\"async\" width=\"300\" height=\"200\" src=\"https:\/\/bahia.culturaviva.net.br\/wp-content\/uploads\/2026\/03\/IMG_1993-300x200.jpeg\" class=\"attachment-medium size-medium\" alt=\"\" style=\"width:100%;height:100%;object-fit: cover;\" srcset=\"https:\/\/bahia.culturaviva.net.br\/wp-content\/uploads\/2026\/03\/IMG_1993-300x200.jpeg 300w, https:\/\/bahia.culturaviva.net.br\/wp-content\/uploads\/2026\/03\/IMG_1993-1024x683.jpeg 1024w, https:\/\/bahia.culturaviva.net.br\/wp-content\/uploads\/2026\/03\/IMG_1993-768x512.jpeg 768w, https:\/\/bahia.culturaviva.net.br\/wp-content\/uploads\/2026\/03\/IMG_1993-1536x1024.jpeg 1536w, https:\/\/bahia.culturaviva.net.br\/wp-content\/uploads\/2026\/03\/IMG_1993-2048x1365.jpeg 2048w, https:\/\/bahia.culturaviva.net.br\/wp-content\/uploads\/2026\/03\/IMG_1993-18x12.jpeg 18w, https:\/\/bahia.culturaviva.net.br\/wp-content\/uploads\/2026\/03\/IMG_1993-205x137.jpeg 205w, https:\/\/bahia.culturaviva.net.br\/wp-content\/uploads\/2026\/03\/IMG_1993-480x320.jpeg 480w\" sizes=\"auto, (max-width: 300px) 100vw, 300px\" \/><\/span><\/a>\n\n\n<div class=\"wp-block-greenshift-blocks-container gspb_container gspb_container-gsbp-a7fe635f-4250\" id=\"gspb_container-id-gsbp-a7fe635f-4250\"><div style=\"font-size:13px;font-style:normal;font-weight:600;text-transform:uppercase;\" class=\"ct-dynamic-data wp-elements-82d099764d376e59e28d547d71e67b6a\"><a class=\"ct-term-2\" href=\"https:\/\/bahia.culturaviva.net.br\/pt\/category\/cultura\/culturaviva\/\">Cultura Viva<\/a>\u00a0\u00a0<a class=\"ct-term-120\" href=\"https:\/\/bahia.culturaviva.net.br\/pt\/category\/cultura\/culturaviva\/teia-bahia-2026\/\">Teia Bahia 2026<\/a><\/div><\/div>\n<\/div>\n\n\n<h2 style=\"font-size:clamp(14px, 0.875rem + ((1vw - 3.2px) * 0.156), 16px); margin-top:var(--wp--preset--spacing--40);margin-bottom:var(--wp--preset--spacing--20);\" class=\"ct-dynamic-data wp-elements-fb2e5c7769f99cd8d5c72ffdca870a41\"><a href=\"https:\/\/bahia.culturaviva.net.br\/pt\/cultura\/culturaviva\/feira-territorios-criativos\/\">Feira Territ\u00f3rios Criativos<\/a><\/h2>\n\n<div style=\"font-size:clamp(14px, 0.875rem + ((1vw - 3.2px) * 0.078), 15px);\" class=\"ct-dynamic-data wp-elements-c0e1e0a77b1f1a4a8150a3359f97b1b7\"><p>A Economia Popular e Solid\u00e1ria se fez presente na III Teia Bahia\u2026<\/p>\n<\/div>\n<\/article><\/div><style>[data-id='0ecbfeac'] {--grid-columns-gap:30px;--grid-columns-width:2;}@media (max-width: 999.98px) {[data-id='0ecbfeac'] {--grid-columns-width:2;}}@media (max-width: 689.98px) {[data-id='0ecbfeac'] {--grid-columns-width:1;}}<\/style><\/div>\n<\/div>\n <\/div><\/div>\n\n\n\n<div class=\"wp-block-greenshift-blocks-row gspb_row gs-on-view gspb_row-id-gsbp-d65533cd-9e21 gspb_row--gutter-custom-0\" id=\"gspb_row-id-gsbp-d65533cd-9e21\"><div class=\"gspb_backgroundOverlay\"><\/div><div class=\"gspb_row__content\"> \n<div class=\"wp-block-greenshift-blocks-row-column gspb_row__col--6 gspb_row__col--md-8 gspb_col-id-gsbp-2747da1a-a9de\" id=\"gspb_col-id-gsbp-2747da1a-a9de\">\n<h3 id=\"gspb_heading-id-gsbp-00d91056-acbd\" class=\"gspb_heading gspb_heading-id-gsbp-00d91056-acbd \"><\/h3>\n\n\n\n<div id=\"gspb_text-id-gsbp-9c89d2b7-6bb1\" class=\"gspb_text gspb_text-id-gsbp-9c89d2b7-6bb1 \"><\/div>\n<\/div>\n\n\n\n<div class=\"wp-block-greenshift-blocks-row-column gspb_row__col--6 gspb_row__col--md-4 gspb_col-id-gsbp-e8bd4772-4da0\" id=\"gspb_col-id-gsbp-e8bd4772-4da0\">\n<div class=\"wp-block-greenshift-blocks-container gspb_container gspb_container-gsbp-f9c62455-2bc5\" id=\"gspb_container-id-gsbp-f9c62455-2bc5\">\n<h2 class=\"wp-block-heading\" id=\"rodas-de-cidadania-cultural\"><a href=\"http:\/\/bahia.roda.culturaviva.net.br\"><span style=\"color: #f7ea78;\" class=\"stk-highlight\">Rodas de Cidadania Cultural<\/span><\/a><\/h2>\n<\/div>\n<\/div>\n <\/div><\/div>\n\n\n\n<div class=\"wp-block-greenshift-blocks-row gspb_row gspb_row-id-gsbp-bfa47a92-5960 gspb_row--gutter-custom-0\" id=\"gspb_row-id-gsbp-bfa47a92-5960\"><div class=\"gspb_row__content\"> \n<div class=\"wp-block-greenshift-blocks-row-column gspb_row__col--9 gspb_row__col--md-12 gspb_col-id-gsbp-a9db49a5-9d93\" id=\"gspb_col-id-gsbp-a9db49a5-9d93\">\n<h4 id=\"gspb_heading-id-gsbp-8fe821f3-7117\" class=\"gspb_heading gspb_heading-id-gsbp-8fe821f3-7117 \">Sugest\u00f5es do Editor<\/h4>\n\n\n\n<div data-id=\"24ac4e5d\" class=\"wp-block-blocksy-query\"><div class=\"ct-query-template-grid\"><article class=\"wp-block-post is-layout-flow post-2266 post type-post status-publish format-standard hentry tag-chapada-diamantina\">\n\n<div class=\"wp-block-greenshift-blocks-container gspb_container gspb_container-gsbp-ffde8bc1-8bbb\" id=\"gspb_container-id-gsbp-ffde8bc1-8bbb\">\n\n\n<div class=\"wp-block-greenshift-blocks-container gspb_container gspb_container-gsbp-70cb9b4b-c7c1\" id=\"gspb_container-id-gsbp-70cb9b4b-c7c1\"><\/div>\n<\/div>\n\n\n<h2 style=\"font-size:clamp(14px, 0.875rem + ((1vw - 3.2px) * 0.156), 16px); margin-top:var(--wp--preset--spacing--40);margin-bottom:var(--wp--preset--spacing--20);\" class=\"ct-dynamic-data wp-elements-b35a28080223a26a9c13f9195b7b7e67\"><a href=\"https:\/\/bahia.culturaviva.net.br\/pt\/variedades\/morro-do-chapeu-participa-de-evento-importante-em-promocao-de-destinos-no-brasil\/\">Morro do Chap\u00e9u participa de evento importante em promo\u00e7\u00e3o de destinos no Brasil<\/a><\/h2>\n\n<div style=\"font-size:clamp(14px, 0.875rem + ((1vw - 3.2px) * 0.078), 15px);\" class=\"ct-dynamic-data wp-elements-940cdcca6ab813946971c7786ab16b76\">Morro do Chap\u00e9u participa de evento importante em promo\u00e7\u00e3o de destinos no Brasil<\/div>\n<\/article><article class=\"wp-block-post is-layout-flow post-2267 post type-post status-publish format-standard has-post-thumbnail hentry tag-chapada-diamantina\">\n\n<div class=\"wp-block-greenshift-blocks-container gspb_container gspb_container-gsbp-ffde8bc1-8bbb\" id=\"gspb_container-id-gsbp-ffde8bc1-8bbb\">\n\n\n<div class=\"wp-block-greenshift-blocks-container gspb_container gspb_container-gsbp-70cb9b4b-c7c1\" id=\"gspb_container-id-gsbp-70cb9b4b-c7c1\"><\/div>\n<\/div>\n\n\n<h2 style=\"font-size:clamp(14px, 0.875rem + ((1vw - 3.2px) * 0.156), 16px); margin-top:var(--wp--preset--spacing--40);margin-bottom:var(--wp--preset--spacing--20);\" class=\"ct-dynamic-data wp-elements-b35a28080223a26a9c13f9195b7b7e67\"><a href=\"https:\/\/bahia.culturaviva.net.br\/pt\/variedades\/confira-a-programacao-da-14a-edicao-da-feira-das-artes-de-mucuge\/\">Confira a programa\u00e7\u00e3o da 14\u00aa edi\u00e7\u00e3o da Feira das Artes de Mucug\u00ea<\/a><\/h2>\n\n<div style=\"font-size:clamp(14px, 0.875rem + ((1vw - 3.2px) * 0.078), 15px);\" class=\"ct-dynamic-data wp-elements-940cdcca6ab813946971c7786ab16b76\">Confira a programa\u00e7\u00e3o da 14\u00aa edi\u00e7\u00e3o da Feira das Artes de Mucug\u00ea<\/div>\n<\/article><article class=\"wp-block-post is-layout-flow post-2268 post type-post status-publish format-standard has-post-thumbnail hentry tag-chapada-diamantina\">\n\n<div class=\"wp-block-greenshift-blocks-container gspb_container gspb_container-gsbp-ffde8bc1-8bbb\" id=\"gspb_container-id-gsbp-ffde8bc1-8bbb\">\n\n\n<div class=\"wp-block-greenshift-blocks-container gspb_container gspb_container-gsbp-70cb9b4b-c7c1\" id=\"gspb_container-id-gsbp-70cb9b4b-c7c1\"><\/div>\n<\/div>\n\n\n<h2 style=\"font-size:clamp(14px, 0.875rem + ((1vw - 3.2px) * 0.156), 16px); margin-top:var(--wp--preset--spacing--40);margin-bottom:var(--wp--preset--spacing--20);\" class=\"ct-dynamic-data wp-elements-b35a28080223a26a9c13f9195b7b7e67\"><a href=\"https:\/\/bahia.culturaviva.net.br\/pt\/variedades\/um-passo-historico-para-a-nossa-identidade\/\">UM PASSO HIST\u00d3RICO PARA A NOSSA IDENTIDADE!<\/a><\/h2>\n\n<div style=\"font-size:clamp(14px, 0.875rem + ((1vw - 3.2px) * 0.078), 15px);\" class=\"ct-dynamic-data wp-elements-940cdcca6ab813946971c7786ab16b76\">UM PASSO HIST\u00d3RICO PARA A NOSSA IDENTIDADE!<\/div>\n<\/article><article class=\"wp-block-post is-layout-flow post-2264 post type-post status-publish format-standard has-post-thumbnail hentry tag-chapada-diamantina\">\n\n<div class=\"wp-block-greenshift-blocks-container gspb_container gspb_container-gsbp-ffde8bc1-8bbb\" id=\"gspb_container-id-gsbp-ffde8bc1-8bbb\">\n\n\n<div class=\"wp-block-greenshift-blocks-container gspb_container gspb_container-gsbp-70cb9b4b-c7c1\" id=\"gspb_container-id-gsbp-70cb9b4b-c7c1\"><\/div>\n<\/div>\n\n\n<h2 style=\"font-size:clamp(14px, 0.875rem + ((1vw - 3.2px) * 0.156), 16px); margin-top:var(--wp--preset--spacing--40);margin-bottom:var(--wp--preset--spacing--20);\" class=\"ct-dynamic-data wp-elements-b35a28080223a26a9c13f9195b7b7e67\"><a href=\"https:\/\/bahia.culturaviva.net.br\/pt\/variedades\/%f0%9f%8e%a8-mais-uma-etapa-de-cadastramento-de-artesaos-acontece-nesta-sexta-no-ponto-de-cultura-de-mucuge-%f0%9f%97%93\/\">\ud83c\udfa8 Mais uma etapa de cadastramento de artes\u00e3os acontece nesta sexta no Ponto de Cultura de Mucug\u00ea! \ud83d\uddd3<\/a><\/h2>\n\n<div style=\"font-size:clamp(14px, 0.875rem + ((1vw - 3.2px) * 0.078), 15px);\" class=\"ct-dynamic-data wp-elements-940cdcca6ab813946971c7786ab16b76\">\ud83c\udfa8 Mais uma etapa de cadastramento de artes\u00e3os acontece nesta sexta no Ponto de Cultura de Mucug\u00ea! \ud83d\uddd3<\/div>\n<\/article><article class=\"wp-block-post is-layout-flow post-2251 post type-post status-publish format-standard has-post-thumbnail hentry category-tecendo-redes tag-cultura-digital tag-cultura-viva tag-breaking tag-hot\">\n\n<div class=\"wp-block-greenshift-blocks-container gspb_container gspb_container-gsbp-ffde8bc1-8bbb\" id=\"gspb_container-id-gsbp-ffde8bc1-8bbb\"><a style=\"margin-bottom:0;\" class=\"ct-dynamic-media wp-elements-c04a5c7068097ea531f3f91f2b4e8776\" aria-label=\"Pont\u00e3o Tecendo Redes promove Ciclo de Oficinas sobre Cultura Digital\" href=\"https:\/\/bahia.culturaviva.net.br\/pt\/pontaodecultura\/tecendo-redes\/culturadigital2026\/\"><span data-hover=\"zoom-in\" class=\"ct-dynamic-media-inner\" style=\"border-radius:2px;\"><img loading=\"lazy\" decoding=\"async\" width=\"1024\" height=\"375\" src=\"https:\/\/bahia.culturaviva.net.br\/wp-content\/uploads\/2026\/04\/Screenshot_20260331_174211-1024x375.png\" class=\"attachment-large size-large\" alt=\"\" style=\"width:100%;height:100%;object-fit: cover;aspect-ratio: 4\/3;\" srcset=\"https:\/\/bahia.culturaviva.net.br\/wp-content\/uploads\/2026\/04\/Screenshot_20260331_174211-1024x375.png 1024w, https:\/\/bahia.culturaviva.net.br\/wp-content\/uploads\/2026\/04\/Screenshot_20260331_174211-300x110.png 300w, https:\/\/bahia.culturaviva.net.br\/wp-content\/uploads\/2026\/04\/Screenshot_20260331_174211-768x281.png 768w, https:\/\/bahia.culturaviva.net.br\/wp-content\/uploads\/2026\/04\/Screenshot_20260331_174211-1536x562.png 1536w, https:\/\/bahia.culturaviva.net.br\/wp-content\/uploads\/2026\/04\/Screenshot_20260331_174211-2048x749.png 2048w, https:\/\/bahia.culturaviva.net.br\/wp-content\/uploads\/2026\/04\/Screenshot_20260331_174211-18x7.png 18w, https:\/\/bahia.culturaviva.net.br\/wp-content\/uploads\/2026\/04\/Screenshot_20260331_174211-205x75.png 205w, https:\/\/bahia.culturaviva.net.br\/wp-content\/uploads\/2026\/04\/Screenshot_20260331_174211-480x176.png 480w\" sizes=\"auto, (max-width: 1024px) 100vw, 1024px\" \/><\/span><\/a>\n\n\n<div class=\"wp-block-greenshift-blocks-container gspb_container gspb_container-gsbp-70cb9b4b-c7c1\" id=\"gspb_container-id-gsbp-70cb9b4b-c7c1\"><div style=\"font-size:13px;font-style:normal;font-weight:600;text-transform:uppercase;\" class=\"ct-dynamic-data wp-elements-3b69195774aa19541ea08f9a46e16050\"><a class=\"ct-term-17\" href=\"https:\/\/bahia.culturaviva.net.br\/pt\/category\/pontaodecultura\/tecendo-redes\/\">Tecendo Redes<\/a><\/div><\/div>\n<\/div>\n\n\n<h2 style=\"font-size:clamp(14px, 0.875rem + ((1vw - 3.2px) * 0.156), 16px); margin-top:var(--wp--preset--spacing--40);margin-bottom:var(--wp--preset--spacing--20);\" class=\"ct-dynamic-data wp-elements-b35a28080223a26a9c13f9195b7b7e67\"><a href=\"https:\/\/bahia.culturaviva.net.br\/pt\/pontaodecultura\/tecendo-redes\/culturadigital2026\/\">Pont\u00e3o Tecendo Redes promove Ciclo de Oficinas sobre Cultura Digital<\/a><\/h2>\n\n<div style=\"font-size:clamp(14px, 0.875rem + ((1vw - 3.2px) * 0.078), 15px);\" class=\"ct-dynamic-data wp-elements-940cdcca6ab813946971c7786ab16b76\"><p>S\u00e9rie de oficinas sobre a plataforma Cultura Viva da Bahia visam promover\u2026<\/p>\n<\/div>\n<\/article><article class=\"wp-block-post is-layout-flow post-2260 post type-post status-publish format-standard has-post-thumbnail hentry tag-chapada-diamantina\">\n\n<div class=\"wp-block-greenshift-blocks-container gspb_container gspb_container-gsbp-ffde8bc1-8bbb\" id=\"gspb_container-id-gsbp-ffde8bc1-8bbb\">\n\n\n<div class=\"wp-block-greenshift-blocks-container gspb_container gspb_container-gsbp-70cb9b4b-c7c1\" id=\"gspb_container-id-gsbp-70cb9b4b-c7c1\"><\/div>\n<\/div>\n\n\n<h2 style=\"font-size:clamp(14px, 0.875rem + ((1vw - 3.2px) * 0.156), 16px); margin-top:var(--wp--preset--spacing--40);margin-bottom:var(--wp--preset--spacing--20);\" class=\"ct-dynamic-data wp-elements-b35a28080223a26a9c13f9195b7b7e67\"><a href=\"https:\/\/bahia.culturaviva.net.br\/pt\/variedades\/morro-do-chapeu-fortalece-gestao-documental-com-participacao-intersetorial-em-visita-tecnica-ao-apeb\/\">Morro do Chap\u00e9u fortalece gest\u00e3o documental com participa\u00e7\u00e3o intersetorial em visita t\u00e9cnica ao APEB<\/a><\/h2>\n\n<div style=\"font-size:clamp(14px, 0.875rem + ((1vw - 3.2px) * 0.078), 15px);\" class=\"ct-dynamic-data wp-elements-940cdcca6ab813946971c7786ab16b76\">Morro do Chap\u00e9u fortalece gest\u00e3o documental com participa\u00e7\u00e3o intersetorial em visita t\u00e9cnica ao APEB<\/div>\n<\/article><article class=\"wp-block-post is-layout-flow post-2250 post type-post status-publish format-standard has-post-thumbnail hentry tag-chapada-diamantina\">\n\n<div class=\"wp-block-greenshift-blocks-container gspb_container gspb_container-gsbp-ffde8bc1-8bbb\" id=\"gspb_container-id-gsbp-ffde8bc1-8bbb\">\n\n\n<div class=\"wp-block-greenshift-blocks-container gspb_container gspb_container-gsbp-70cb9b4b-c7c1\" id=\"gspb_container-id-gsbp-70cb9b4b-c7c1\"><\/div>\n<\/div>\n\n\n<h2 style=\"font-size:clamp(14px, 0.875rem + ((1vw - 3.2px) * 0.156), 16px); margin-top:var(--wp--preset--spacing--40);margin-bottom:var(--wp--preset--spacing--20);\" class=\"ct-dynamic-data wp-elements-b35a28080223a26a9c13f9195b7b7e67\"><a href=\"https:\/\/bahia.culturaviva.net.br\/pt\/variedades\/fazendo-arte-oficina-16-04-2026\/\">Fazendo Arte \u2013 Oficina 16\/04\/2026<\/a><\/h2>\n\n<div style=\"font-size:clamp(14px, 0.875rem + ((1vw - 3.2px) * 0.078), 15px);\" class=\"ct-dynamic-data wp-elements-940cdcca6ab813946971c7786ab16b76\">Fazendo Arte \u2013 Oficina 16\/04\/2026<\/div>\n<\/article><article class=\"wp-block-post is-layout-flow post-2247 post type-post status-publish format-standard hentry tag-chapada-diamantina\">\n\n<div class=\"wp-block-greenshift-blocks-container gspb_container gspb_container-gsbp-ffde8bc1-8bbb\" id=\"gspb_container-id-gsbp-ffde8bc1-8bbb\">\n\n\n<div class=\"wp-block-greenshift-blocks-container gspb_container gspb_container-gsbp-70cb9b4b-c7c1\" id=\"gspb_container-id-gsbp-70cb9b4b-c7c1\"><\/div>\n<\/div>\n\n\n<h2 style=\"font-size:clamp(14px, 0.875rem + ((1vw - 3.2px) * 0.156), 16px); margin-top:var(--wp--preset--spacing--40);margin-bottom:var(--wp--preset--spacing--20);\" class=\"ct-dynamic-data wp-elements-b35a28080223a26a9c13f9195b7b7e67\"><a href=\"https:\/\/bahia.culturaviva.net.br\/pt\/variedades\/2-reuniao-do-conselho-municipal-de-cultura-de-mucuge-2026\/\">2\u00b0 Reuni\u00e3o do Conselho Municipal de Cultura de Mucug\u00ea 2026<\/a><\/h2>\n\n<div style=\"font-size:clamp(14px, 0.875rem + ((1vw - 3.2px) * 0.078), 15px);\" class=\"ct-dynamic-data wp-elements-940cdcca6ab813946971c7786ab16b76\">2\u00b0 Reuni\u00e3o do Conselho Municipal de Cultura de Mucug\u00ea 2026<\/div>\n<\/article><article class=\"wp-block-post is-layout-flow post-2235 post type-post status-publish format-standard has-post-thumbnail hentry tag-chapada-diamantina\">\n\n<div class=\"wp-block-greenshift-blocks-container gspb_container gspb_container-gsbp-ffde8bc1-8bbb\" id=\"gspb_container-id-gsbp-ffde8bc1-8bbb\">\n\n\n<div class=\"wp-block-greenshift-blocks-container gspb_container gspb_container-gsbp-70cb9b4b-c7c1\" id=\"gspb_container-id-gsbp-70cb9b4b-c7c1\"><\/div>\n<\/div>\n\n\n<h2 style=\"font-size:clamp(14px, 0.875rem + ((1vw - 3.2px) * 0.156), 16px); margin-top:var(--wp--preset--spacing--40);margin-bottom:var(--wp--preset--spacing--20);\" class=\"ct-dynamic-data wp-elements-b35a28080223a26a9c13f9195b7b7e67\"><a href=\"https:\/\/bahia.culturaviva.net.br\/pt\/variedades\/anacleto-vilarinho-e-maridalva-mattos-sao-homenageados-na-14a-edicao-da-feira-das-artes-de-mucuge\/\">Anacleto Vilarinho e Maridalva Mattos s\u00e3o homenageados na 14\u00aa edi\u00e7\u00e3o da Feira das Artes de Mucug\u00ea<\/a><\/h2>\n\n<div style=\"font-size:clamp(14px, 0.875rem + ((1vw - 3.2px) * 0.078), 15px);\" class=\"ct-dynamic-data wp-elements-940cdcca6ab813946971c7786ab16b76\">Anacleto Vilarinho e Maridalva Mattos s\u00e3o homenageados na 14\u00aa edi\u00e7\u00e3o da Feira das Artes de Mucug\u00ea<\/div>\n<\/article><\/div><style>[data-id='24ac4e5d'] {--grid-columns-gap:30px;--grid-columns-width:3;}@media (max-width: 999.98px) {[data-id='24ac4e5d'] {--grid-columns-width:2;}}@media (max-width: 689.98px) {[data-id='24ac4e5d'] {--grid-columns-width:1;}}<\/style><\/div>\n<\/div>\n\n\n\n<div class=\"wp-block-greenshift-blocks-row-column gspb_row__col--3 gspb_row__col--md-12 gspb_col-id-gsbp-7114abfe-31c2\" id=\"gspb_col-id-gsbp-7114abfe-31c2\">\n<h4 id=\"gspb_heading-id-gsbp-8eb9ba7d-e040\" class=\"gspb_heading gspb_heading-id-gsbp-8eb9ba7d-e040 \">Worth Reading<\/h4>\n\n\n\n<div data-id=\"5dcaff3d\" class=\"wp-block-blocksy-query\"><div class=\"ct-query-template-default is-layout-flow\"><article class=\"wp-block-post is-layout-flow post-1546 post type-post status-publish format-standard has-post-thumbnail hentry category-flircontas tag-video\">\n<a style=\"margin-bottom:0;\" class=\"ct-dynamic-media wp-elements-9ea6450cc77473818b4658e39acd4cf1\" aria-label=\"\u00c9 amanh\u00e3! O FLIRCONTAS est\u00e1 chegando&#8230;\" href=\"https:\/\/bahia.culturaviva.net.br\/pt\/flircontas\/e-amanha-o-flircontas-esta-chegando\/\"><span data-hover=\"zoom-in\" class=\"ct-dynamic-media-inner\" style=\"border-radius:2px;\"><img loading=\"lazy\" decoding=\"async\" width=\"910\" height=\"553\" src=\"https:\/\/bahia.culturaviva.net.br\/wp-content\/uploads\/2025\/11\/tve-flircontas.png\" class=\"attachment-full size-full\" alt=\"\" style=\"width:100%;height:100%;object-fit: cover;\" srcset=\"https:\/\/bahia.culturaviva.net.br\/wp-content\/uploads\/2025\/11\/tve-flircontas.png 910w, https:\/\/bahia.culturaviva.net.br\/wp-content\/uploads\/2025\/11\/tve-flircontas-300x182.png 300w, https:\/\/bahia.culturaviva.net.br\/wp-content\/uploads\/2025\/11\/tve-flircontas-768x467.png 768w, https:\/\/bahia.culturaviva.net.br\/wp-content\/uploads\/2025\/11\/tve-flircontas-18x12.png 18w, https:\/\/bahia.culturaviva.net.br\/wp-content\/uploads\/2025\/11\/tve-flircontas-205x125.png 205w, https:\/\/bahia.culturaviva.net.br\/wp-content\/uploads\/2025\/11\/tve-flircontas-480x292.png 480w\" sizes=\"auto, (max-width: 910px) 100vw, 910px\" \/><\/span><\/a>\n\n<h2 style=\"font-size:clamp(14px, 0.875rem + ((1vw - 3.2px) * 0.156), 16px); margin-top:var(--wp--preset--spacing--40);margin-bottom:var(--wp--preset--spacing--20);\" class=\"ct-dynamic-data wp-elements-abfaa58409ff19167b8d83bb14992cd9\"><a href=\"https:\/\/bahia.culturaviva.net.br\/pt\/flircontas\/e-amanha-o-flircontas-esta-chegando\/\">\u00c9 amanh\u00e3! O FLIRCONTAS est\u00e1 chegando&#8230;<\/a><\/h2>\n\n\n<div class=\"wp-block-greenshift-blocks-container gspb_container gspb_container-gsbp-0acd6d51-9b54\" id=\"gspb_container-id-gsbp-0acd6d51-9b54\"><div style=\"font-size:14px;\" class=\"ct-dynamic-data wp-elements-698a0c0e76d814d237103805edffaeaa\">26\/11\/25<\/div>\n\n<div style=\"font-size:14px;\" class=\"ct-dynamic-data wp-elements-6b78d95e0097f544e6db7aafbc9b3502\">\/ <span class=\"ct-term-68\">Flircontas<\/span><\/div><\/div>\n\n<\/article><\/div><style>[data-id='5dcaff3d'] :where(.wp-block-post) {margin-block-end:30px;}<\/style><\/div>\n\n\n\n<div style=\"height:20px\" aria-hidden=\"true\" class=\"wp-block-spacer\"><\/div>\n\n\n\n<div data-id=\"df2c11c5\" class=\"wp-block-blocksy-query\"><div class=\"ct-query-template-default is-layout-flow\"><article class=\"wp-block-post is-layout-flow post-2227 post type-post status-publish format-standard hentry category-variedades\">\n\n<div class=\"wp-block-greenshift-blocks-container gspb_container gspb_container-gsbp-e8e42882-5c3a\" id=\"gspb_container-id-gsbp-e8e42882-5c3a\"><h2 style=\"font-size:14px; margin-top:0;margin-bottom:var(--wp--preset--spacing--20);\" class=\"ct-dynamic-data wp-elements-551251bd11f8a4e1329d791e561af5f1\"><a href=\"https:\/\/bahia.culturaviva.net.br\/pt\/variedades\/espetaculo-barcarola-encantada\/\">Espet\u00e1culo BARCAROLA ENCANTADA chega a Caetit\u00e9<\/a><\/h2>\n\n\n<div class=\"wp-block-greenshift-blocks-container gspb_container gspb_container-gsbp-18b1450e-75d3\" id=\"gspb_container-id-gsbp-18b1450e-75d3\"><div style=\"font-size:14px;\" class=\"ct-dynamic-data wp-elements-698a0c0e76d814d237103805edffaeaa\">31\/03\/26<\/div>\n\n<div style=\"font-size:14px;\" class=\"ct-dynamic-data wp-elements-6b78d95e0097f544e6db7aafbc9b3502\">\/ <span class=\"ct-term-1\">Variedades<\/span><\/div><\/div>\n<\/div>\n\n<\/article><article class=\"wp-block-post is-layout-flow post-1582 post type-post status-publish format-standard has-post-thumbnail hentry tag-chapada-diamantina\">\n\n<div class=\"wp-block-greenshift-blocks-container gspb_container gspb_container-gsbp-e8e42882-5c3a\" id=\"gspb_container-id-gsbp-e8e42882-5c3a\"><h2 style=\"font-size:14px; margin-top:0;margin-bottom:var(--wp--preset--spacing--20);\" class=\"ct-dynamic-data wp-elements-551251bd11f8a4e1329d791e561af5f1\"><a href=\"https:\/\/bahia.culturaviva.net.br\/pt\/variedades\/forte-cultura-realiza-3a-edicao-do-emergencia-cultural-na-comunidade-da-colonia-em-itaete\/\">ForTe Cultura realiza 3\u00aa edi\u00e7\u00e3o do \u201cEmerg\u00eancia Cultural\u201d na comunidade da Col\u00f4nia, em Itaet\u00ea<\/a><\/h2>\n\n\n<div class=\"wp-block-greenshift-blocks-container gspb_container gspb_container-gsbp-18b1450e-75d3\" id=\"gspb_container-id-gsbp-18b1450e-75d3\"><div style=\"font-size:14px;\" class=\"ct-dynamic-data wp-elements-698a0c0e76d814d237103805edffaeaa\">24\/11\/25<\/div>\n\n<\/div>\n<\/div>\n\n<\/article><article class=\"wp-block-post is-layout-flow post-1584 post type-post status-publish format-standard has-post-thumbnail hentry tag-chapada-diamantina\">\n\n<div class=\"wp-block-greenshift-blocks-container gspb_container gspb_container-gsbp-e8e42882-5c3a\" id=\"gspb_container-id-gsbp-e8e42882-5c3a\"><h2 style=\"font-size:14px; margin-top:0;margin-bottom:var(--wp--preset--spacing--20);\" class=\"ct-dynamic-data wp-elements-551251bd11f8a4e1329d791e561af5f1\"><a href=\"https:\/\/bahia.culturaviva.net.br\/pt\/variedades\/bocaina-reafirma-identidade-cultural-em-encontro-que-une-ancestralidade-educacao-e-territorialidade\/\">Bocaina reafirma identidade cultural em encontro que une ancestralidade, educa\u00e7\u00e3o e territorialidade<\/a><\/h2>\n\n\n<div class=\"wp-block-greenshift-blocks-container gspb_container gspb_container-gsbp-18b1450e-75d3\" id=\"gspb_container-id-gsbp-18b1450e-75d3\"><div style=\"font-size:14px;\" class=\"ct-dynamic-data wp-elements-698a0c0e76d814d237103805edffaeaa\">22\/11\/25<\/div>\n\n<\/div>\n<\/div>\n\n<\/article><article class=\"wp-block-post is-layout-flow post-1586 post type-post status-publish format-standard has-post-thumbnail hentry tag-chapada-diamantina\">\n\n<div class=\"wp-block-greenshift-blocks-container gspb_container gspb_container-gsbp-e8e42882-5c3a\" id=\"gspb_container-id-gsbp-e8e42882-5c3a\"><h2 style=\"font-size:14px; margin-top:0;margin-bottom:var(--wp--preset--spacing--20);\" class=\"ct-dynamic-data wp-elements-551251bd11f8a4e1329d791e561af5f1\"><a href=\"https:\/\/bahia.culturaviva.net.br\/pt\/variedades\/catarina-oliveira-da-silva-referencia-das-lidas-e-lutas-culturais-e-ambientais-da-comunidade-quilombola-da-bocaina-piata-chapada-diamantina-marca-presenca-na-3a-edicao-do-forte-cu\/\">Catarina Oliveira da Silva, refer\u00eancia das lidas e lutas culturais e ambientais da Comunidade Quilombola da Bocaina \u2013 Piat\u00e3 \u2013 Chapada Diamantina marca presen\u00e7a na 3\u00aa Edi\u00e7\u00e3o do Forte Cultura \u2013 Emerg\u00eancia Cultural<\/a><\/h2>\n\n\n<div class=\"wp-block-greenshift-blocks-container gspb_container gspb_container-gsbp-18b1450e-75d3\" id=\"gspb_container-id-gsbp-18b1450e-75d3\"><div style=\"font-size:14px;\" class=\"ct-dynamic-data wp-elements-698a0c0e76d814d237103805edffaeaa\">18\/11\/25<\/div>\n\n<\/div>\n<\/div>\n\n<\/article><\/div><style>[data-id='df2c11c5'] :where(.wp-block-post) {margin-block-end:20px;}<\/style><\/div>\n\n\n\n<div class=\"wp-block-greenshift-blocks-container gspb_container gspb_container-gsbp-38a0f796-01bd\" id=\"gspb_container-id-gsbp-38a0f796-01bd\"><div class=\"ct-block-wrapper\">\n\n<h3 class=\"wp-block-heading has-white-color has-text-color has-link-color wp-elements-cd4df2da42015bab6faf880cc460c7c6\" id=\"subscribe-now\" style=\"font-size:clamp(14px, 0.875rem + ((1vw - 3.2px) * 0.234), 17px);\">Subscribe Now<\/h3>\n\n\n\n<p class=\"has-text-color has-link-color wp-elements-5cc41c2091ceb6185a2081b562432475\" style=\"color:#ffffffbd\">Enter your email address below and subscribe to our newsletter<\/p>\n\n\n<div class=\"ct-newsletter-subscribe-block\">\t<form action=\"#\" method=\"post\" target=\"_blank\" class=\"ct-newsletter-subscribe-form\" data-provider=\"demo:demolist\" style=\"--theme-form-field-gap:15px;--theme-form-text-initial-color:#5e5e5e;--theme-form-text-focus-color:#5e5e5e;--theme-form-field-border-initial-color:var(--wp--preset--color--palette-color-10);--theme-form-field-border-focus-color:var(--wp--preset--color--palette-color-10);--theme-form-field-background-initial-color:var(--wp--preset--color--palette-color-10);--theme-form-field-background-focus-color:var(--wp--preset--color--palette-color-10);\">\n\n\t\t<div class=\"ct-newsletter-subscribe-form-elements\">\n\t\t\t\t\t\t\t<input\n\t\t\t\t\ttype=\"text\"\n\t\t\t\t\tname=\"FNAME\"\n\t\t\t\t\tplaceholder=\"Seu nome\"\n\t\t\t\t\ttitle=\"Nome\"\n\t\t\t\t\taria-label=\"Nome\"\n\t\t\t\t\t\t\t\t\t>\n\t\t\t\n\t\t\t<input\n\t\t\t\ttype=\"email\"\n\t\t\t\tname=\"EMAIL\"\n\t\t\t\tplaceholder=\"Your email *\"\n\t\t\t\ttitle=\"Email address\"\n\t\t\t\taria-label=\"Email address\"\n\t\t\t\trequired>\n\n\t\t\t<button class=\"wp-element-button\" style=\"--theme-button-background-initial-color:var(--wp--preset--color--palette-color-9);--theme-button-background-hover-color:var(--wp--preset--color--palette-color-2);\">\n\t\t\t\tAssinar\t\t\t<\/button>\n\t\t<\/div>\n\n\t\t\n\t<p class=\"gdpr-confirm-policy\">\n\t\t<input name=\"ct_has_gdprconfirm\" type=\"hidden\" value=\"yes\">\n\t\t<input id=\"gdprconfirm_newsletter-subscribe\" class=\"ct-checkbox\" name=\"gdprconfirm\" type=\"checkbox\" required=\"1\"><label for=\"gdprconfirm_newsletter-subscribe\">Eu aceito as <a>pol\u00edticas de privacidade<\/a>*<\/label>\n\t<\/p>\n\n\t\n\t\t<div class=\"ct-newsletter-subscribe-message\"><\/div>\n\t<\/form>\n\n<\/div>\n\n<\/div><\/div>\n<\/div>\n <\/div><\/div>\n\n\n\n<div class=\"wp-block-greenshift-blocks-row alignfull gspb_row gspb_row-id-gsbp-c0360184-28ba gspb_row--gutter-custom-0\" id=\"gspb_row-id-gsbp-c0360184-28ba\"><div class=\"gspb_backgroundOverlay\"><\/div><div class=\"gspb_row__content\"> \n<div class=\"wp-block-greenshift-blocks-row-column gspb_row__col--8 gspb_row__col--md-12 gspb_col-id-gsbp-fe5091cc-8a3f\" id=\"gspb_col-id-gsbp-fe5091cc-8a3f\">\n<div class=\"wp-block-greenshift-blocks-container gspb_container gspb_container-gsbp-4b060771-e2d2\" id=\"gspb_container-id-gsbp-4b060771-e2d2\">\n<div data-id=\"35f7dd40\" class=\"wp-block-blocksy-query\"><div class=\"ct-query-template-default is-layout-flow\"><article class=\"wp-block-post is-layout-flow post-1721 post type-post status-publish format-standard has-post-thumbnail hentry category-flircontas category-literatura category-musica category-oasis category-tecendo-redes category-variedades\">\n\n<div class=\"wp-block-greenshift-blocks-container gspb_container gspb_container-gsbp-fd2bb0ab-f08a\" id=\"gspb_container-id-gsbp-fd2bb0ab-f08a\"><div style=\"font-size:13px;font-style:normal;font-weight:600;text-transform:uppercase;\" class=\"ct-dynamic-data wp-elements-3b69195774aa19541ea08f9a46e16050\"><a class=\"ct-term-68\" href=\"https:\/\/bahia.culturaviva.net.br\/pt\/category\/flircontas\/\">Flircontas<\/a>,\u00a0<a class=\"ct-term-30\" href=\"https:\/\/bahia.culturaviva.net.br\/pt\/category\/literatura\/\">Literatura<\/a>,\u00a0<a class=\"ct-term-44\" href=\"https:\/\/bahia.culturaviva.net.br\/pt\/category\/musica\/\">M\u00fasica<\/a>,\u00a0<a class=\"ct-term-107\" href=\"https:\/\/bahia.culturaviva.net.br\/pt\/category\/ponto-de-cultura\/oasis\/\">Oasis<\/a>,\u00a0<a class=\"ct-term-17\" href=\"https:\/\/bahia.culturaviva.net.br\/pt\/category\/pontaodecultura\/tecendo-redes\/\">Tecendo Redes<\/a>,\u00a0<a class=\"ct-term-1\" href=\"https:\/\/bahia.culturaviva.net.br\/pt\/category\/variedades\/\">Variedades<\/a><\/div>\n\n\n<div class=\"wp-block-greenshift-blocks-container gspb_container gspb_container-gsbp-e8700f70-768e\" id=\"gspb_container-id-gsbp-e8700f70-768e\">\n<div class=\"wp-block-greenshift-blocks-iconbox gspb_iconBox gspb_iconBox-id-gsbp-a37a8d30-bad8\" id=\"gspb_iconBox-id-gsbp-a37a8d30-bad8\"><div class=\"gspb_iconBox__wrapper\" style=\"display:inline-flex\"><svg class=\"\" style=\"display:inline-block;vertical-align:middle\" width=\"72\" height=\"72\" viewBox=\"0 0 1024 1024\" xmlns=\"http:\/\/www.w3.org\/2000\/svg\"><path style=\"fill:#565D66\" d=\"M981.333 512c0-129.579-52.565-246.997-137.472-331.861s-202.283-137.472-331.861-137.472-246.997 52.565-331.861 137.472-137.472 202.283-137.472 331.861 52.565 246.997 137.472 331.861 202.283 137.472 331.861 137.472 246.997-52.565 331.861-137.472 137.472-202.283 137.472-331.861zM896 512c0 106.069-42.923 201.984-112.469 271.531s-165.461 112.469-271.531 112.469-201.984-42.923-271.531-112.469-112.469-165.461-112.469-271.531 42.923-201.984 112.469-271.531 165.461-112.469 271.531-112.469 201.984 42.923 271.531 112.469 112.469 165.461 112.469 271.531zM469.333 256v256c0 16.597 9.472 31.019 23.595 38.144l170.667 85.333c21.077 10.539 46.72 2.005 57.259-19.072s2.005-46.72-19.072-57.259l-147.115-73.515v-229.632c0-23.552-19.115-42.667-42.667-42.667s-42.667 19.115-42.667 42.667z\"><\/path><\/svg><\/div><\/div>\n\n\n<div style=\"font-size:13px;text-transform:uppercase; margin-top:0;margin-bottom:0;\" class=\"ct-dynamic-data wp-elements-9592a22d06247fc3c48f8194be353aec has-text-color has-palette-color-10-color\">16\/12\/25<\/div><\/div>\n<\/div>\n\n\n<h2 style=\"margin-top:0;\" class=\"ct-dynamic-data wp-elements-30c5f09c41075ee8cbf9064e7f6e6521 wp-elements-fb18d95e87937bfb42a7a365ed5014cb has-x-large-font-size\"><a href=\"https:\/\/bahia.culturaviva.net.br\/pt\/variedades\/1721\/\">Show Folha do Carvoeiro no FlirContas<\/a><\/h2>\n\n<div style=\"color:#ffffff85; margin-bottom:0;\" class=\"ct-dynamic-data wp-elements-1f0739fab57ae1be2ebc74839f691541 wp-elements-131b9167e64cd0621bba6bde859d568c has-text-color\"><p>Show &#8221; Folha do Carvoeiro&#8221; de Alexandre Mello com can\u00e7\u00f5es autorais inspiradas em Rio de Contas e regi\u00e3o da Chapada Diamantina, aconteceu na FlirContas, no lan\u00e7amento do Livro Rio de Contas em prosa e verso, do\u2026<\/p>\n<\/div>\n<\/article><\/div><\/div>\n\n\n\n<h4 id=\"gspb_heading-id-gsbp-b1f14e16-eb04\" class=\"gspb_heading gspb_heading-id-gsbp-b1f14e16-eb04 \">Not\u00edcias da flircontas<\/h4>\n\n\n\n<div data-id=\"18aa00d5\" class=\"wp-block-blocksy-query\"><div class=\"ct-query-template-grid\"><article class=\"wp-block-post is-layout-flow post-1697 post type-post status-publish format-standard has-post-thumbnail hentry category-flircontas tag-flircontas tag-jean-wyllis tag-olodum\">\n\n<div class=\"wp-block-greenshift-blocks-container gspb_container gspb_container-gsbp-ad0639df-9aa5\" id=\"gspb_container-id-gsbp-ad0639df-9aa5\"><h2 style=\"font-size:14px; margin-top:0;margin-bottom:var(--wp--preset--spacing--20);\" class=\"ct-dynamic-data wp-elements-72d0a694f20ae7b78df73b78402242f7 wp-elements-1e4183aa67886228262dee68e01c9809\"><a href=\"https:\/\/bahia.culturaviva.net.br\/pt\/flircontas\/jean-wyllys-debates-e-olodum-movimentam-o-sabado-no-flircontas\/\">Jean Wyllys, debates e Olodum movimentam o s\u00e1bado no Flircontas<\/a><\/h2>\n\n<div style=\"color:#ffffff85; font-size:13px;text-transform:uppercase;\" class=\"ct-dynamic-data wp-elements-6825e22ed9ce637cea6720ffca2d9fd4 has-text-color\">01\/12\/25<\/div><\/div>\n\n<\/article><article class=\"wp-block-post is-layout-flow post-1669 post type-post status-publish format-standard has-post-thumbnail hentry category-flircontas tag-ancestralidade tag-literatura tag-musica-2\">\n\n<div class=\"wp-block-greenshift-blocks-container gspb_container gspb_container-gsbp-ad0639df-9aa5\" id=\"gspb_container-id-gsbp-ad0639df-9aa5\"><h2 style=\"font-size:14px; margin-top:0;margin-bottom:var(--wp--preset--spacing--20);\" class=\"ct-dynamic-data wp-elements-72d0a694f20ae7b78df73b78402242f7 wp-elements-1e4183aa67886228262dee68e01c9809\"><a href=\"https:\/\/bahia.culturaviva.net.br\/pt\/flircontas\/ancestralidade-literatura-e-musica-marcam-o-primeiro-dia-do-flircontas\/\">Ancestralidade, literatura e m\u00fasica marcam o primeiro dia do Flircontas<\/a><\/h2>\n\n<div style=\"color:#ffffff85; font-size:13px;text-transform:uppercase;\" class=\"ct-dynamic-data wp-elements-6825e22ed9ce637cea6720ffca2d9fd4 has-text-color\">29\/11\/25<\/div><\/div>\n\n<\/article><article class=\"wp-block-post is-layout-flow post-1559 post type-post status-publish format-standard has-post-thumbnail hentry category-flircontas tag-flircontas tag-programacao\">\n\n<div class=\"wp-block-greenshift-blocks-container gspb_container gspb_container-gsbp-ad0639df-9aa5\" id=\"gspb_container-id-gsbp-ad0639df-9aa5\"><h2 style=\"font-size:14px; margin-top:0;margin-bottom:var(--wp--preset--spacing--20);\" class=\"ct-dynamic-data wp-elements-72d0a694f20ae7b78df73b78402242f7 wp-elements-1e4183aa67886228262dee68e01c9809\"><a href=\"https:\/\/bahia.culturaviva.net.br\/pt\/flircontas\/divulgada-a-programacao-geral\/\">Divulgada a programa\u00e7\u00e3o geral<\/a><\/h2>\n\n<div style=\"color:#ffffff85; font-size:13px;text-transform:uppercase;\" class=\"ct-dynamic-data wp-elements-6825e22ed9ce637cea6720ffca2d9fd4 has-text-color\">26\/11\/25<\/div><\/div>\n\n<\/article><article class=\"wp-block-post is-layout-flow post-1546 post type-post status-publish format-standard has-post-thumbnail hentry category-flircontas tag-video\">\n\n<div class=\"wp-block-greenshift-blocks-container gspb_container gspb_container-gsbp-ad0639df-9aa5\" id=\"gspb_container-id-gsbp-ad0639df-9aa5\"><h2 style=\"font-size:14px; margin-top:0;margin-bottom:var(--wp--preset--spacing--20);\" class=\"ct-dynamic-data wp-elements-72d0a694f20ae7b78df73b78402242f7 wp-elements-1e4183aa67886228262dee68e01c9809\"><a href=\"https:\/\/bahia.culturaviva.net.br\/pt\/flircontas\/e-amanha-o-flircontas-esta-chegando\/\">\u00c9 amanh\u00e3! O FLIRCONTAS est\u00e1 chegando&#8230;<\/a><\/h2>\n\n<div style=\"color:#ffffff85; font-size:13px;text-transform:uppercase;\" class=\"ct-dynamic-data wp-elements-6825e22ed9ce637cea6720ffca2d9fd4 has-text-color\">26\/11\/25<\/div><\/div>\n\n<\/article><article class=\"wp-block-post is-layout-flow post-1543 post type-post status-publish format-standard has-post-thumbnail hentry category-flircontas tag-autor tag-conversa tag-historia tag-identidade\">\n\n<div class=\"wp-block-greenshift-blocks-container gspb_container gspb_container-gsbp-ad0639df-9aa5\" id=\"gspb_container-id-gsbp-ad0639df-9aa5\"><h2 style=\"font-size:14px; margin-top:0;margin-bottom:var(--wp--preset--spacing--20);\" class=\"ct-dynamic-data wp-elements-72d0a694f20ae7b78df73b78402242f7 wp-elements-1e4183aa67886228262dee68e01c9809\"><a href=\"https:\/\/bahia.culturaviva.net.br\/pt\/flircontas\/conversa-com-o-autor-promove-discussao-sobre-historia-e-identidade\/\">Conversa com o Autor promove discuss\u00e3o sobre hist\u00f3ria e identidade<\/a><\/h2>\n\n<div style=\"color:#ffffff85; font-size:13px;text-transform:uppercase;\" class=\"ct-dynamic-data wp-elements-6825e22ed9ce637cea6720ffca2d9fd4 has-text-color\">26\/11\/25<\/div><\/div>\n\n<\/article><article class=\"wp-block-post is-layout-flow post-1507 post type-post status-publish format-standard has-post-thumbnail hentry category-flircontas tag-flirrua tag-programacao\">\n\n<div class=\"wp-block-greenshift-blocks-container gspb_container gspb_container-gsbp-ad0639df-9aa5\" id=\"gspb_container-id-gsbp-ad0639df-9aa5\"><h2 style=\"font-size:14px; margin-top:0;margin-bottom:var(--wp--preset--spacing--20);\" class=\"ct-dynamic-data wp-elements-72d0a694f20ae7b78df73b78402242f7 wp-elements-1e4183aa67886228262dee68e01c9809\"><a href=\"https:\/\/bahia.culturaviva.net.br\/pt\/flircontas\/confira-a-programacao-do-flirrua\/\">Confira a programa\u00e7\u00e3o do FLIRRUA<\/a><\/h2>\n\n<div style=\"color:#ffffff85; font-size:13px;text-transform:uppercase;\" class=\"ct-dynamic-data wp-elements-6825e22ed9ce637cea6720ffca2d9fd4 has-text-color\">25\/11\/25<\/div><\/div>\n\n<\/article><\/div><style>[data-id='18aa00d5'] {--grid-columns-gap:30px;--grid-columns-width:2;}@media (max-width: 999.98px) {[data-id='18aa00d5'] {--grid-columns-width:2;}}@media (max-width: 689.98px) {[data-id='18aa00d5'] {--grid-columns-width:1;}}<\/style><\/div>\n<\/div>\n\n\n\n<div class=\"wp-block-greenshift-blocks-container gspb_container gspb_container-gsbp-0611a3ea-10ea\" id=\"gspb_container-id-gsbp-0611a3ea-10ea\">\n<div class=\"wp-block-greenshift-blocks-iconbox gspb_iconBox gspb_iconBox-id-gsbp-e1192247-ae69\" id=\"gspb_iconBox-id-gsbp-e1192247-ae69\"><a class=\"gspb-containerlink\" href=\"https:\/\/bahia.culturaviva.net.br\/wp-content\/uploads\/2025\/11\/atracoes-FLIRCONTAS.mp4\" rel=\"noopener\"><div class=\"gspb_iconBox__wrapper\" style=\"display:inline-flex\"><svg xmlns=\"http:\/\/www.w3.org\/2000\/svg\" style=\"width:5rem;height:5rem;margin:10px\" xml:space=\"preserve\" viewBox=\"0 0 40 40\"><path d=\"M20 0C9 0 0 9 0 20s9 20 20 20 20-9 20-20S31 0 20 0zm-4.2 27.5V13.3l10.8 7.1-10.8 7.1z\"><\/path><\/svg><\/div><\/a><\/div>\n\n\n\n<div id=\"gspb_text-id-gsbp-ccb8b877-c9e2\" class=\"gspb_text gspb_text-id-gsbp-ccb8b877-c9e2 \">video sobre o festival<\/div>\n<\/div>\n<\/div>\n\n\n\n<div class=\"wp-block-greenshift-blocks-row-column gspb_row__col--4 gspb_row__col--md-12 gspb_col-id-gsbp-340ff264-95f8\" id=\"gspb_col-id-gsbp-340ff264-95f8\">\n<div class=\"wp-block-greenshift-blocks-container gspb_container gspb_container-gsbp-83870565-d682\" id=\"gspb_container-id-gsbp-83870565-d682\">\n<div class=\"wp-block-greenshift-blocks-iconbox gspb_iconBox gspb_iconBox-id-gsbp-c1aecd41-90f2\" id=\"gspb_iconBox-id-gsbp-c1aecd41-90f2\"><div class=\"gspb_iconBox__wrapper\" style=\"display:inline-flex\"><svg xmlns=\"http:\/\/www.w3.org\/2000\/svg\" style=\"width:5rem;height:5rem;margin:10px\" xml:space=\"preserve\" viewBox=\"0 0 24 24\"><path d=\"M12 24C6 24 1.2 19.5 1.2 13.9c0-2.5 1.2-5.4 3.4-8.6.3-.3.7-.5 1.1-.4.4 0 .8.3 1 .6.6 1.2 1.2 2.1 1.9 2.7.2.2.4.4.6.5.2-1.7.6-3.1 1.2-4.4.8-1.7 1.9-3.1 3.3-4.1.5-.3 1.1-.3 1.5.1 3.5 3.3 7.6 7.7 7.6 13.6C22.8 19.5 18 24 12 24zM5.5 8.3c-1.3 2.1-1.9 4-1.9 5.6 0 4.2 3.8 7.7 8.4 7.7 4.6 0 8.4-3.4 8.4-7.7 0-4.6-3-8.2-6.1-11.1-.7.7-1.3 1.5-1.7 2.5-.7 1.4-1.1 3.2-1.3 5.2 0 .3-.2.6-.5.9-.3.2-.6.3-.9.2-1.2-.2-2.2-.8-3.1-1.6-.4-.5-.8-1-1.3-1.7zm7.9 10.9c2.4-.4 4.3-2.3 4.7-4.7.1-.7-.3-1.3-1-1.4-.7-.1-1.3.3-1.4 1-.2 1.4-1.3 2.4-2.7 2.7-.7.1-1.1.7-1 1.4.1.6.6 1 1.2 1 .1.1.1 0 .2 0z\"><\/path><\/svg><\/div><\/div>\n\n\n\n<h4 id=\"gspb_heading-id-gsbp-bb073c4d-57c4\" class=\"gspb_heading gspb_heading-id-gsbp-bb073c4d-57c4 \">ACERVO MULTIM\u00cdDIA<\/h4>\n<\/div>\n\n\n\n<div data-id=\"becd0846\" class=\"wp-block-blocksy-query\"><div class=\"ct-query-template-default is-layout-flow\"><article class=\"wp-block-post is-layout-flow post-1546 post type-post status-publish format-standard has-post-thumbnail hentry category-flircontas tag-video\">\n<figure class=\"ct-dynamic-media wp-elements-26516735b302bdfdac60628566af10ef\" aria-label=\"\u00c9 amanh\u00e3! O FLIRCONTAS est\u00e1 chegando&#8230;\"><span data-hover=\"zoom-in\" class=\"ct-dynamic-media-inner\" style=\"border-radius:2px;\"><img loading=\"lazy\" decoding=\"async\" width=\"910\" height=\"553\" src=\"https:\/\/bahia.culturaviva.net.br\/wp-content\/uploads\/2025\/11\/tve-flircontas.png\" class=\"attachment-large size-large\" alt=\"\" style=\"width:100%;height:100%;object-fit: cover;aspect-ratio: 16\/9;\" srcset=\"https:\/\/bahia.culturaviva.net.br\/wp-content\/uploads\/2025\/11\/tve-flircontas.png 910w, https:\/\/bahia.culturaviva.net.br\/wp-content\/uploads\/2025\/11\/tve-flircontas-300x182.png 300w, https:\/\/bahia.culturaviva.net.br\/wp-content\/uploads\/2025\/11\/tve-flircontas-768x467.png 768w, https:\/\/bahia.culturaviva.net.br\/wp-content\/uploads\/2025\/11\/tve-flircontas-18x12.png 18w, https:\/\/bahia.culturaviva.net.br\/wp-content\/uploads\/2025\/11\/tve-flircontas-205x125.png 205w, https:\/\/bahia.culturaviva.net.br\/wp-content\/uploads\/2025\/11\/tve-flircontas-480x292.png 480w\" sizes=\"auto, (max-width: 910px) 100vw, 910px\" \/><\/span><\/figure>\n\n<h2 style=\"font-size:clamp(14px, 0.875rem + ((1vw - 3.2px) * 0.156), 16px); margin-top:var(--wp--preset--spacing--40);margin-bottom:var(--wp--preset--spacing--20);\" class=\"ct-dynamic-data wp-elements-5bc5fdc419ef2f1194f38494a49f5a72 wp-elements-1d835993f2ad7ad6e8430772bb284689\"><a href=\"https:\/\/bahia.culturaviva.net.br\/pt\/flircontas\/e-amanha-o-flircontas-esta-chegando\/\">\u00c9 amanh\u00e3! O FLIRCONTAS est\u00e1 chegando&#8230;<\/a><\/h2>\n\n<div style=\"color:#ffffff85; font-size:13px;text-transform:uppercase;\" class=\"ct-dynamic-data wp-elements-b7abf248e6fc9b96a15abdf736101071 has-text-color\"><a href=\"https:\/\/bahia.culturaviva.net.br\/pt\/flircontas\/e-amanha-o-flircontas-esta-chegando\/\">26\/11\/25<\/a><\/div>\n<\/article><article class=\"wp-block-post is-layout-flow post-1530 post type-post status-publish format-standard has-post-thumbnail hentry category-flircontas tag-video\">\n<figure class=\"ct-dynamic-media wp-elements-26516735b302bdfdac60628566af10ef\" aria-label=\"Atra\u00e7\u00f5es do 1\u00ba FLIRCONTAS\"><span data-hover=\"zoom-in\" class=\"ct-dynamic-media-inner\" style=\"border-radius:2px;\"><img loading=\"lazy\" decoding=\"async\" width=\"1024\" height=\"768\" src=\"https:\/\/bahia.culturaviva.net.br\/wp-content\/uploads\/2025\/11\/Design-sem-nome-1-1024x768.png\" class=\"attachment-large size-large\" alt=\"\" style=\"width:100%;height:100%;object-fit: cover;aspect-ratio: 16\/9;\" srcset=\"https:\/\/bahia.culturaviva.net.br\/wp-content\/uploads\/2025\/11\/Design-sem-nome-1-1024x768.png 1024w, https:\/\/bahia.culturaviva.net.br\/wp-content\/uploads\/2025\/11\/Design-sem-nome-1-300x225.png 300w, https:\/\/bahia.culturaviva.net.br\/wp-content\/uploads\/2025\/11\/Design-sem-nome-1-768x576.png 768w, https:\/\/bahia.culturaviva.net.br\/wp-content\/uploads\/2025\/11\/Design-sem-nome-1-1536x1152.png 1536w, https:\/\/bahia.culturaviva.net.br\/wp-content\/uploads\/2025\/11\/Design-sem-nome-1-16x12.png 16w, https:\/\/bahia.culturaviva.net.br\/wp-content\/uploads\/2025\/11\/Design-sem-nome-1-205x154.png 205w, https:\/\/bahia.culturaviva.net.br\/wp-content\/uploads\/2025\/11\/Design-sem-nome-1-480x360.png 480w, https:\/\/bahia.culturaviva.net.br\/wp-content\/uploads\/2025\/11\/Design-sem-nome-1.png 1600w\" sizes=\"auto, (max-width: 1024px) 100vw, 1024px\" \/><\/span><\/figure>\n\n<h2 style=\"font-size:clamp(14px, 0.875rem + ((1vw - 3.2px) * 0.156), 16px); margin-top:var(--wp--preset--spacing--40);margin-bottom:var(--wp--preset--spacing--20);\" class=\"ct-dynamic-data wp-elements-5bc5fdc419ef2f1194f38494a49f5a72 wp-elements-1d835993f2ad7ad6e8430772bb284689\"><a href=\"https:\/\/bahia.culturaviva.net.br\/pt\/flircontas\/atracoes-da-1a-flircontas\/\">Atra\u00e7\u00f5es do 1\u00ba FLIRCONTAS<\/a><\/h2>\n\n<div style=\"color:#ffffff85; font-size:13px;text-transform:uppercase;\" class=\"ct-dynamic-data wp-elements-b7abf248e6fc9b96a15abdf736101071 has-text-color\"><a href=\"https:\/\/bahia.culturaviva.net.br\/pt\/flircontas\/atracoes-da-1a-flircontas\/\">25\/11\/25<\/a><\/div>\n<\/article><article class=\"wp-block-post is-layout-flow post-1524 post type-post status-publish format-standard has-post-thumbnail hentry category-flircontas tag-video\">\n<figure class=\"ct-dynamic-media wp-elements-26516735b302bdfdac60628566af10ef\" aria-label=\"Yay\u00e1 Massemba, do Vale do Cap\u00e3o, estar\u00e1 no 1\u00ba FLIRCONTAS\"><span data-hover=\"zoom-in\" class=\"ct-dynamic-media-inner\" style=\"border-radius:2px;\"><img loading=\"lazy\" decoding=\"async\" width=\"815\" height=\"1024\" src=\"https:\/\/bahia.culturaviva.net.br\/wp-content\/uploads\/2025\/11\/card-Yaya-Massemba-815x1024.jpeg\" class=\"attachment-large size-large\" alt=\"\" style=\"width:100%;height:100%;object-fit: cover;aspect-ratio: 16\/9;\" srcset=\"https:\/\/bahia.culturaviva.net.br\/wp-content\/uploads\/2025\/11\/card-Yaya-Massemba-815x1024.jpeg 815w, https:\/\/bahia.culturaviva.net.br\/wp-content\/uploads\/2025\/11\/card-Yaya-Massemba-239x300.jpeg 239w, https:\/\/bahia.culturaviva.net.br\/wp-content\/uploads\/2025\/11\/card-Yaya-Massemba-768x965.jpeg 768w, https:\/\/bahia.culturaviva.net.br\/wp-content\/uploads\/2025\/11\/card-Yaya-Massemba-10x12.jpeg 10w, https:\/\/bahia.culturaviva.net.br\/wp-content\/uploads\/2025\/11\/card-Yaya-Massemba-205x258.jpeg 205w, https:\/\/bahia.culturaviva.net.br\/wp-content\/uploads\/2025\/11\/card-Yaya-Massemba-480x603.jpeg 480w, https:\/\/bahia.culturaviva.net.br\/wp-content\/uploads\/2025\/11\/card-Yaya-Massemba.jpeg 1079w\" sizes=\"auto, (max-width: 815px) 100vw, 815px\" \/><\/span><\/figure>\n\n<h2 style=\"font-size:clamp(14px, 0.875rem + ((1vw - 3.2px) * 0.156), 16px); margin-top:var(--wp--preset--spacing--40);margin-bottom:var(--wp--preset--spacing--20);\" class=\"ct-dynamic-data wp-elements-5bc5fdc419ef2f1194f38494a49f5a72 wp-elements-1d835993f2ad7ad6e8430772bb284689\"><a href=\"https:\/\/bahia.culturaviva.net.br\/pt\/flircontas\/yaya-massemba-do-vale-do-capao-estara-na-1a-flircontas\/\">Yay\u00e1 Massemba, do Vale do Cap\u00e3o, estar\u00e1 no 1\u00ba FLIRCONTAS<\/a><\/h2>\n\n<div style=\"color:#ffffff85; font-size:13px;text-transform:uppercase;\" class=\"ct-dynamic-data wp-elements-b7abf248e6fc9b96a15abdf736101071 has-text-color\"><a href=\"https:\/\/bahia.culturaviva.net.br\/pt\/flircontas\/yaya-massemba-do-vale-do-capao-estara-na-1a-flircontas\/\">25\/11\/25<\/a><\/div>\n<\/article><\/div><style>[data-id='becd0846'] :where(.wp-block-post) {margin-block-end:30px;}<\/style><\/div>\n<\/div>\n <\/div><\/div>\n\n\n\n<div class=\"wp-block-greenshift-blocks-row gspb_row gspb_row-id-gsbp-43bed1a7-165b gspb_row--gutter-custom-0\" id=\"gspb_row-id-gsbp-43bed1a7-165b\"><div class=\"gspb_row__content\"> \n<div class=\"wp-block-greenshift-blocks-row-column gspb_row__col--4 gspb_col-id-gsbp-b04611c1-4404\" id=\"gspb_col-id-gsbp-b04611c1-4404\">\n<h4 id=\"gspb_heading-id-gsbp-b349efa0-0ad4\" class=\"gspb_heading gspb_heading-id-gsbp-b349efa0-0ad4 \">Literatura<\/h4>\n\n\n\n<div data-id=\"7357a1b4\" class=\"wp-block-blocksy-query\"><div class=\"ct-query-template-default is-layout-flow\"><article class=\"wp-block-post is-layout-flow post-1721 post type-post status-publish format-standard has-post-thumbnail hentry category-flircontas category-literatura category-musica category-oasis category-tecendo-redes category-variedades\">\n\n<div class=\"wp-block-greenshift-blocks-container gspb_container gspb_container-gsbp-82f4e7e4-38b2\" id=\"gspb_container-id-gsbp-82f4e7e4-38b2\"><a style=\"margin-bottom:0;\" class=\"ct-dynamic-media wp-elements-3e4b56954e86c1b6a292d9c6d471cefc\" aria-label=\"Show Folha do Carvoeiro no FlirContas\" href=\"https:\/\/bahia.culturaviva.net.br\/pt\/variedades\/1721\/\"><span data-hover=\"zoom-in\" class=\"ct-dynamic-media-inner\" style=\"border-radius:2px;\"><img loading=\"lazy\" decoding=\"async\" width=\"1024\" height=\"768\" src=\"https:\/\/bahia.culturaviva.net.br\/wp-content\/uploads\/2025\/11\/Design-sem-nome-1-1024x768.png\" class=\"attachment-large size-large\" alt=\"\" style=\"width:100%;height:100%;object-fit: cover;aspect-ratio: 3\/2;\" srcset=\"https:\/\/bahia.culturaviva.net.br\/wp-content\/uploads\/2025\/11\/Design-sem-nome-1-1024x768.png 1024w, https:\/\/bahia.culturaviva.net.br\/wp-content\/uploads\/2025\/11\/Design-sem-nome-1-300x225.png 300w, https:\/\/bahia.culturaviva.net.br\/wp-content\/uploads\/2025\/11\/Design-sem-nome-1-768x576.png 768w, https:\/\/bahia.culturaviva.net.br\/wp-content\/uploads\/2025\/11\/Design-sem-nome-1-1536x1152.png 1536w, https:\/\/bahia.culturaviva.net.br\/wp-content\/uploads\/2025\/11\/Design-sem-nome-1-16x12.png 16w, https:\/\/bahia.culturaviva.net.br\/wp-content\/uploads\/2025\/11\/Design-sem-nome-1-205x154.png 205w, https:\/\/bahia.culturaviva.net.br\/wp-content\/uploads\/2025\/11\/Design-sem-nome-1-480x360.png 480w, https:\/\/bahia.culturaviva.net.br\/wp-content\/uploads\/2025\/11\/Design-sem-nome-1.png 1600w\" sizes=\"auto, (max-width: 1024px) 100vw, 1024px\" \/><\/span><\/a>\n\n\n<div class=\"wp-block-greenshift-blocks-container gspb_container gspb_container-gsbp-73ffec7f-d2b7\" id=\"gspb_container-id-gsbp-73ffec7f-d2b7\"><div style=\"font-size:13px;font-style:normal;font-weight:600;text-transform:uppercase;\" class=\"ct-dynamic-data wp-elements-3b69195774aa19541ea08f9a46e16050\"><a class=\"ct-term-68\" href=\"https:\/\/bahia.culturaviva.net.br\/pt\/category\/flircontas\/\">Flircontas<\/a>,\u00a0<a class=\"ct-term-30\" href=\"https:\/\/bahia.culturaviva.net.br\/pt\/category\/literatura\/\">Literatura<\/a>,\u00a0<a class=\"ct-term-44\" href=\"https:\/\/bahia.culturaviva.net.br\/pt\/category\/musica\/\">M\u00fasica<\/a>,\u00a0<a class=\"ct-term-107\" href=\"https:\/\/bahia.culturaviva.net.br\/pt\/category\/ponto-de-cultura\/oasis\/\">Oasis<\/a>,\u00a0<a class=\"ct-term-17\" href=\"https:\/\/bahia.culturaviva.net.br\/pt\/category\/pontaodecultura\/tecendo-redes\/\">Tecendo Redes<\/a>,\u00a0<a class=\"ct-term-1\" href=\"https:\/\/bahia.culturaviva.net.br\/pt\/category\/variedades\/\">Variedades<\/a><\/div><\/div>\n<\/div>\n\n\n<h2 style=\"font-size:clamp(14px, 0.875rem + ((1vw - 3.2px) * 0.156), 16px); margin-top:20px;margin-bottom:var(--wp--preset--spacing--20);\" class=\"ct-dynamic-data wp-elements-0f891473047fa6850b3c0980438abe8b\"><a href=\"https:\/\/bahia.culturaviva.net.br\/pt\/variedades\/1721\/\">Show Folha do Carvoeiro no FlirContas<\/a><\/h2>\n\n<div style=\"font-size:clamp(14px, 0.875rem + ((1vw - 3.2px) * 0.078), 15px);\" class=\"ct-dynamic-data wp-elements-dc2d533793d63dbf9da6bf0a89c873ec\"><p>Show &#8221; Folha do Carvoeiro&#8221; de Alexandre Mello com can\u00e7\u00f5es autorais inspiradas\u2026<\/p>\n<\/div>\n<\/article><\/div><style>[data-id='7357a1b4'] :where(.wp-block-post) {margin-block-end:30px;}<\/style><\/div>\n\n\n\n<div data-id=\"5a00ee98\" class=\"wp-block-blocksy-query\"><div class=\"ct-query-template-default is-layout-flow\"><article class=\"wp-block-post is-layout-flow post-1224 post type-post status-publish format-standard has-post-thumbnail hentry category-cultura category-culturaviva category-feira-literaria category-literatura category-pnab tag-comunidades-tradicionais tag-contacao-de-historias tag-breaking tag-hot tag-literatura tag-meio-ambiente tag-musica tag-povos-indigenas tag-quilombolas\">\n\n<div class=\"wp-block-greenshift-blocks-row gspb_row gspb_row-id-gsbp-425a6878-f824 gspb_row--gutter-custom-0\" id=\"gspb_row-id-gsbp-425a6878-f824\"><div class=\"gspb_row__content\"> \n<div class=\"wp-block-greenshift-blocks-row-column gspb_row__col--3 gspb_row__col--md-12 gspb_col-id-gsbp-f91091c0-42d0\" id=\"gspb_col-id-gsbp-f91091c0-42d0\"><a style=\"margin-top:0;margin-bottom:0;\" class=\"ct-dynamic-media wp-elements-f5b0bced978b605ab46bce224ced22e6\" aria-label=\"1\u00ba FLIRCONTAS re\u00fane literatura, cultura e mem\u00f3ria em Rio de Contas\" href=\"https:\/\/bahia.culturaviva.net.br\/pt\/cultura\/culturaviva\/1o-flircontas-reune-literatura-cultura-e-memoria-em-rio-de-contas\/\"><span data-hover=\"zoom-in\" class=\"ct-dynamic-media-inner\" style=\"\"><img loading=\"lazy\" decoding=\"async\" width=\"300\" height=\"200\" src=\"https:\/\/bahia.culturaviva.net.br\/wp-content\/uploads\/2025\/11\/Atracoes-da-1o-FLIRCONTAS-20251031-300x200.jpg\" class=\"attachment-medium size-medium\" alt=\"\" style=\"width:100%;height:100%;object-fit: cover;aspect-ratio: 4\/3;\" srcset=\"https:\/\/bahia.culturaviva.net.br\/wp-content\/uploads\/2025\/11\/Atracoes-da-1o-FLIRCONTAS-20251031-300x200.jpg 300w, https:\/\/bahia.culturaviva.net.br\/wp-content\/uploads\/2025\/11\/Atracoes-da-1o-FLIRCONTAS-20251031-1024x683.jpg 1024w, https:\/\/bahia.culturaviva.net.br\/wp-content\/uploads\/2025\/11\/Atracoes-da-1o-FLIRCONTAS-20251031-768x512.jpg 768w, https:\/\/bahia.culturaviva.net.br\/wp-content\/uploads\/2025\/11\/Atracoes-da-1o-FLIRCONTAS-20251031-18x12.jpg 18w, https:\/\/bahia.culturaviva.net.br\/wp-content\/uploads\/2025\/11\/Atracoes-da-1o-FLIRCONTAS-20251031-205x137.jpg 205w, https:\/\/bahia.culturaviva.net.br\/wp-content\/uploads\/2025\/11\/Atracoes-da-1o-FLIRCONTAS-20251031-480x320.jpg 480w, https:\/\/bahia.culturaviva.net.br\/wp-content\/uploads\/2025\/11\/Atracoes-da-1o-FLIRCONTAS-20251031.jpg 1536w\" sizes=\"auto, (max-width: 300px) 100vw, 300px\" \/><\/span><\/a><\/div>\n\n\n\n<div class=\"wp-block-greenshift-blocks-row-column gspb_row__col--9 gspb_row__col--md-12 gspb_col-id-gsbp-aea34906-22de\" id=\"gspb_col-id-gsbp-aea34906-22de\"><div style=\"font-size:13px;text-transform:uppercase; margin-bottom:var(--wp--preset--spacing--20);\" class=\"ct-dynamic-data wp-elements-604f898bf47f75a6e96c607cb01125c3\">13\/11\/25<\/div>\n\n<h2 style=\"font-size:clamp(14px, 0.875rem + ((1vw - 3.2px) * 0.156), 16px); margin-top:0;margin-bottom:0;\" class=\"ct-dynamic-data wp-elements-555b17253d11039c05431f9800efb542\"><a href=\"https:\/\/bahia.culturaviva.net.br\/pt\/cultura\/culturaviva\/1o-flircontas-reune-literatura-cultura-e-memoria-em-rio-de-contas\/\">1\u00ba FLIRCONTAS re\u00fane literatura, cultura e mem\u00f3ria em Rio de Contas<\/a><\/h2><\/div>\n <\/div><\/div>\n\n<\/article><article class=\"wp-block-post is-layout-flow post-1302 post type-post status-publish format-standard has-post-thumbnail hentry category-cinema category-cultura category-literatura tag-audiovisual tag-hot tag-literatura\">\n\n<div class=\"wp-block-greenshift-blocks-row gspb_row gspb_row-id-gsbp-425a6878-f824 gspb_row--gutter-custom-0\" id=\"gspb_row-id-gsbp-425a6878-f824\"><div class=\"gspb_row__content\"> \n<div class=\"wp-block-greenshift-blocks-row-column gspb_row__col--3 gspb_row__col--md-12 gspb_col-id-gsbp-f91091c0-42d0\" id=\"gspb_col-id-gsbp-f91091c0-42d0\"><a style=\"margin-top:0;margin-bottom:0;\" class=\"ct-dynamic-media wp-elements-f5b0bced978b605ab46bce224ced22e6\" aria-label=\"Com cenas gravadas na Chapada Diamantina, \u201cO Filho de Mil Homens\u201d, com Rodrigo Santoro, estreia nos cinemas\" href=\"https:\/\/bahia.culturaviva.net.br\/pt\/literatura\/com-cenas-gravadas-na-chapada-diamantina-o-filho-de-mil-homens-com-rodrigo-santoro-estreia-nos-cinemas\/\"><span data-hover=\"zoom-in\" class=\"ct-dynamic-media-inner\" style=\"\"><img loading=\"lazy\" decoding=\"async\" width=\"300\" height=\"300\" src=\"https:\/\/bahia.culturaviva.net.br\/wp-content\/uploads\/2025\/11\/filme-o-filho-de-mil-homens-300x300.jpg\" class=\"attachment-medium size-medium\" alt=\"\" style=\"width:100%;height:100%;object-fit: cover;aspect-ratio: 4\/3;\" srcset=\"https:\/\/bahia.culturaviva.net.br\/wp-content\/uploads\/2025\/11\/filme-o-filho-de-mil-homens-300x300.jpg 300w, https:\/\/bahia.culturaviva.net.br\/wp-content\/uploads\/2025\/11\/filme-o-filho-de-mil-homens-1024x1024.jpg 1024w, https:\/\/bahia.culturaviva.net.br\/wp-content\/uploads\/2025\/11\/filme-o-filho-de-mil-homens-150x150.jpg 150w, https:\/\/bahia.culturaviva.net.br\/wp-content\/uploads\/2025\/11\/filme-o-filho-de-mil-homens-768x768.jpg 768w, https:\/\/bahia.culturaviva.net.br\/wp-content\/uploads\/2025\/11\/filme-o-filho-de-mil-homens-12x12.jpg 12w, https:\/\/bahia.culturaviva.net.br\/wp-content\/uploads\/2025\/11\/filme-o-filho-de-mil-homens-40x40.jpg 40w, https:\/\/bahia.culturaviva.net.br\/wp-content\/uploads\/2025\/11\/filme-o-filho-de-mil-homens-275x275.jpg 275w, https:\/\/bahia.culturaviva.net.br\/wp-content\/uploads\/2025\/11\/filme-o-filho-de-mil-homens-205x205.jpg 205w, https:\/\/bahia.culturaviva.net.br\/wp-content\/uploads\/2025\/11\/filme-o-filho-de-mil-homens-480x480.jpg 480w, https:\/\/bahia.culturaviva.net.br\/wp-content\/uploads\/2025\/11\/filme-o-filho-de-mil-homens.jpg 1400w\" sizes=\"auto, (max-width: 300px) 100vw, 300px\" \/><\/span><\/a><\/div>\n\n\n\n<div class=\"wp-block-greenshift-blocks-row-column gspb_row__col--9 gspb_row__col--md-12 gspb_col-id-gsbp-aea34906-22de\" id=\"gspb_col-id-gsbp-aea34906-22de\"><div style=\"font-size:13px;text-transform:uppercase; margin-bottom:var(--wp--preset--spacing--20);\" class=\"ct-dynamic-data wp-elements-604f898bf47f75a6e96c607cb01125c3\">12\/11\/25<\/div>\n\n<h2 style=\"font-size:clamp(14px, 0.875rem + ((1vw - 3.2px) * 0.156), 16px); margin-top:0;margin-bottom:0;\" class=\"ct-dynamic-data wp-elements-555b17253d11039c05431f9800efb542\"><a href=\"https:\/\/bahia.culturaviva.net.br\/pt\/literatura\/com-cenas-gravadas-na-chapada-diamantina-o-filho-de-mil-homens-com-rodrigo-santoro-estreia-nos-cinemas\/\">Com cenas gravadas na Chapada Diamantina, \u201cO Filho de Mil Homens\u201d, com Rodrigo Santoro, estreia nos cinemas<\/a><\/h2><\/div>\n <\/div><\/div>\n\n<\/article><article class=\"wp-block-post is-layout-flow post-1245 post type-post status-publish format-standard has-post-thumbnail hentry category-culturaviva category-feira-literaria category-literatura tag-literatura tag-oficinas\">\n\n<div class=\"wp-block-greenshift-blocks-row gspb_row gspb_row-id-gsbp-425a6878-f824 gspb_row--gutter-custom-0\" id=\"gspb_row-id-gsbp-425a6878-f824\"><div class=\"gspb_row__content\"> \n<div class=\"wp-block-greenshift-blocks-row-column gspb_row__col--3 gspb_row__col--md-12 gspb_col-id-gsbp-f91091c0-42d0\" id=\"gspb_col-id-gsbp-f91091c0-42d0\"><a style=\"margin-top:0;margin-bottom:0;\" class=\"ct-dynamic-media wp-elements-f5b0bced978b605ab46bce224ced22e6\" aria-label=\"FELISE: a literatura toma conta de Seabra entre os dias 7 e 8 de novembro\" href=\"https:\/\/bahia.culturaviva.net.br\/pt\/cultura\/culturaviva\/felise-a-literatura-toma-conta-de-seabra-entre-os-dias-7-e-8-de-novembro\/\"><span data-hover=\"zoom-in\" class=\"ct-dynamic-media-inner\" style=\"\"><img loading=\"lazy\" decoding=\"async\" width=\"280\" height=\"300\" src=\"https:\/\/bahia.culturaviva.net.br\/wp-content\/uploads\/2025\/11\/felise-280x300.jpeg\" class=\"attachment-medium size-medium\" alt=\"\" style=\"width:100%;height:100%;object-fit: cover;aspect-ratio: 4\/3;\" srcset=\"https:\/\/bahia.culturaviva.net.br\/wp-content\/uploads\/2025\/11\/felise-280x300.jpeg 280w, https:\/\/bahia.culturaviva.net.br\/wp-content\/uploads\/2025\/11\/felise-955x1024.jpeg 955w, https:\/\/bahia.culturaviva.net.br\/wp-content\/uploads\/2025\/11\/felise-768x823.jpeg 768w, https:\/\/bahia.culturaviva.net.br\/wp-content\/uploads\/2025\/11\/felise-11x12.jpeg 11w, https:\/\/bahia.culturaviva.net.br\/wp-content\/uploads\/2025\/11\/felise-205x220.jpeg 205w, https:\/\/bahia.culturaviva.net.br\/wp-content\/uploads\/2025\/11\/felise-480x514.jpeg 480w, https:\/\/bahia.culturaviva.net.br\/wp-content\/uploads\/2025\/11\/felise.jpeg 1170w\" sizes=\"auto, (max-width: 280px) 100vw, 280px\" \/><\/span><\/a><\/div>\n\n\n\n<div class=\"wp-block-greenshift-blocks-row-column gspb_row__col--9 gspb_row__col--md-12 gspb_col-id-gsbp-aea34906-22de\" id=\"gspb_col-id-gsbp-aea34906-22de\"><div style=\"font-size:13px;text-transform:uppercase; margin-bottom:var(--wp--preset--spacing--20);\" class=\"ct-dynamic-data wp-elements-604f898bf47f75a6e96c607cb01125c3\">11\/11\/25<\/div>\n\n<h2 style=\"font-size:clamp(14px, 0.875rem + ((1vw - 3.2px) * 0.156), 16px); margin-top:0;margin-bottom:0;\" class=\"ct-dynamic-data wp-elements-555b17253d11039c05431f9800efb542\"><a href=\"https:\/\/bahia.culturaviva.net.br\/pt\/cultura\/culturaviva\/felise-a-literatura-toma-conta-de-seabra-entre-os-dias-7-e-8-de-novembro\/\">FELISE: a literatura toma conta de Seabra entre os dias 7 e 8 de novembro<\/a><\/h2><\/div>\n <\/div><\/div>\n\n<\/article><\/div><style>[data-id='5a00ee98'] :where(.wp-block-post) {margin-block-end:0px;}<\/style><\/div>\n<\/div>\n\n\n\n<div class=\"wp-block-greenshift-blocks-row-column gspb_row__col--4 gspb_col-id-gsbp-236ea4d4-9b86\" id=\"gspb_col-id-gsbp-236ea4d4-9b86\">\n<h4 id=\"gspb_heading-id-gsbp-f1c1208d-95c3\" class=\"gspb_heading gspb_heading-id-gsbp-f1c1208d-95c3 \">Cultura VIVA<\/h4>\n\n\n\n<div data-id=\"2d249567\" class=\"wp-block-blocksy-query\"><div class=\"ct-query-template-default is-layout-flow\"><article class=\"wp-block-post is-layout-flow post-2214 post type-post status-publish format-standard has-post-thumbnail hentry category-culturaviva category-fotografia category-oasis category-pontaodecultura category-ponto-de-cultura category-povos-indigenas category-tecendo-redes tag-cultura-viva tag-flir-contas tag-pontos-de-cultura tag-rede-cultura-viva\">\n\n<div class=\"wp-block-greenshift-blocks-container gspb_container gspb_container-gsbp-ab931fb2-976c\" id=\"gspb_container-id-gsbp-ab931fb2-976c\"><a style=\"margin-bottom:0;\" class=\"ct-dynamic-media wp-elements-3e4b56954e86c1b6a292d9c6d471cefc\" aria-label=\"#TBT FlirContas com Pont\u00e3o Tecendo Redes\" href=\"https:\/\/bahia.culturaviva.net.br\/pt\/cultura\/culturaviva\/flir-contas-cultura-viva-bahia\/\"><span data-hover=\"zoom-in\" class=\"ct-dynamic-media-inner\" style=\"border-radius:2px;\"><img loading=\"lazy\" decoding=\"async\" width=\"575\" height=\"612\" src=\"https:\/\/bahia.culturaviva.net.br\/wp-content\/uploads\/2026\/03\/Captura-de-tela-2026-03-31-174137.png\" class=\"attachment-large size-large\" alt=\"bahiua cultural tbt flir contas pont\u00e3o tecendo redes cultura viva\" style=\"width:100%;height:100%;object-fit: cover;aspect-ratio: 3\/2;\" srcset=\"https:\/\/bahia.culturaviva.net.br\/wp-content\/uploads\/2026\/03\/Captura-de-tela-2026-03-31-174137.png 575w, https:\/\/bahia.culturaviva.net.br\/wp-content\/uploads\/2026\/03\/Captura-de-tela-2026-03-31-174137-282x300.png 282w, https:\/\/bahia.culturaviva.net.br\/wp-content\/uploads\/2026\/03\/Captura-de-tela-2026-03-31-174137-11x12.png 11w, https:\/\/bahia.culturaviva.net.br\/wp-content\/uploads\/2026\/03\/Captura-de-tela-2026-03-31-174137-205x218.png 205w, https:\/\/bahia.culturaviva.net.br\/wp-content\/uploads\/2026\/03\/Captura-de-tela-2026-03-31-174137-480x511.png 480w\" sizes=\"auto, (max-width: 575px) 100vw, 575px\" \/><\/span><\/a>\n\n\n<div class=\"wp-block-greenshift-blocks-container gspb_container gspb_container-gsbp-ea9e1b35-2bd2\" id=\"gspb_container-id-gsbp-ea9e1b35-2bd2\"><div style=\"font-size:13px;font-style:normal;font-weight:600;text-transform:uppercase;\" class=\"ct-dynamic-data wp-elements-3b69195774aa19541ea08f9a46e16050\"><a class=\"ct-term-2\" href=\"https:\/\/bahia.culturaviva.net.br\/pt\/category\/cultura\/culturaviva\/\">Cultura Viva<\/a>,\u00a0<a class=\"ct-term-40\" href=\"https:\/\/bahia.culturaviva.net.br\/pt\/category\/fotografia\/\">Fotografia<\/a>,\u00a0<a class=\"ct-term-107\" href=\"https:\/\/bahia.culturaviva.net.br\/pt\/category\/ponto-de-cultura\/oasis\/\">Oasis<\/a>,\u00a0<a class=\"ct-term-16\" href=\"https:\/\/bahia.culturaviva.net.br\/pt\/category\/pontaodecultura\/\">Pont\u00e3o de Cultura<\/a>,\u00a0<a class=\"ct-term-26\" href=\"https:\/\/bahia.culturaviva.net.br\/pt\/category\/ponto-de-cultura\/\">Ponto de Cultura<\/a>,\u00a0<a class=\"ct-term-47\" href=\"https:\/\/bahia.culturaviva.net.br\/pt\/category\/povos-indigenas\/\">Povos ind\u00edgenas<\/a>,\u00a0<a class=\"ct-term-17\" href=\"https:\/\/bahia.culturaviva.net.br\/pt\/category\/pontaodecultura\/tecendo-redes\/\">Tecendo Redes<\/a><\/div><\/div>\n<\/div>\n\n\n<h2 style=\"font-size:clamp(14px, 0.875rem + ((1vw - 3.2px) * 0.156), 16px); margin-top:20px;margin-bottom:var(--wp--preset--spacing--20);\" class=\"ct-dynamic-data wp-elements-98bf957bca652db7888e8861676f1fd9\"><a href=\"https:\/\/bahia.culturaviva.net.br\/pt\/cultura\/culturaviva\/flir-contas-cultura-viva-bahia\/\">#TBT FlirContas com Pont\u00e3o Tecendo Redes<\/a><\/h2>\n\n<div style=\"font-size:clamp(14px, 0.875rem + ((1vw - 3.2px) * 0.078), 15px);\" class=\"ct-dynamic-data wp-elements-5f7e3bd55d535351b086aabe940745c3\"><p>TBT de um encontro que fortalece a cultura viva no territ\u00f3rio. O\u2026<\/p>\n<\/div>\n<\/article><\/div><style>[data-id='2d249567'] :where(.wp-block-post) {margin-block-end:30px;}<\/style><\/div>\n\n\n\n<div data-id=\"ff3df465\" class=\"wp-block-blocksy-query\"><div class=\"ct-query-template-default is-layout-flow\"><article class=\"wp-block-post is-layout-flow post-2192 post type-post status-publish format-standard has-post-thumbnail hentry category-teia-bahia-2026 tag-cultura-viva tag-breaking tag-hot tag-teia-bahia-2026\">\n\n<div class=\"wp-block-greenshift-blocks-row gspb_row gspb_row-id-gsbp-edd96a2c-0c89 gspb_row--gutter-custom-0\" id=\"gspb_row-id-gsbp-edd96a2c-0c89\"><div class=\"gspb_row__content\"> \n<div class=\"wp-block-greenshift-blocks-row-column gspb_row__col--3 gspb_row__col--md-12 gspb_col-id-gsbp-f7787804-d0d0\" id=\"gspb_col-id-gsbp-f7787804-d0d0\"><a style=\"margin-top:0;margin-bottom:0;\" class=\"ct-dynamic-media wp-elements-f5b0bced978b605ab46bce224ced22e6\" aria-label=\"Cobertura colaborativa do segundo dia da Teia Bahia 2026\" href=\"https:\/\/bahia.culturaviva.net.br\/pt\/cultura\/culturaviva\/teia-bahia-2026\/cobertura-colaborativa-do-segundo-dia-da-teia-bahia-2026\/\"><span data-hover=\"zoom-in\" class=\"ct-dynamic-media-inner\" style=\"\"><img loading=\"lazy\" decoding=\"async\" width=\"300\" height=\"200\" src=\"https:\/\/bahia.culturaviva.net.br\/wp-content\/uploads\/2026\/03\/IMG_2048-300x200.jpeg\" class=\"attachment-medium size-medium\" alt=\"\" style=\"width:100%;height:100%;object-fit: cover;aspect-ratio: 4\/3;\" srcset=\"https:\/\/bahia.culturaviva.net.br\/wp-content\/uploads\/2026\/03\/IMG_2048-300x200.jpeg 300w, https:\/\/bahia.culturaviva.net.br\/wp-content\/uploads\/2026\/03\/IMG_2048-1024x683.jpeg 1024w, https:\/\/bahia.culturaviva.net.br\/wp-content\/uploads\/2026\/03\/IMG_2048-768x512.jpeg 768w, https:\/\/bahia.culturaviva.net.br\/wp-content\/uploads\/2026\/03\/IMG_2048-1536x1024.jpeg 1536w, https:\/\/bahia.culturaviva.net.br\/wp-content\/uploads\/2026\/03\/IMG_2048-2048x1365.jpeg 2048w, https:\/\/bahia.culturaviva.net.br\/wp-content\/uploads\/2026\/03\/IMG_2048-18x12.jpeg 18w, https:\/\/bahia.culturaviva.net.br\/wp-content\/uploads\/2026\/03\/IMG_2048-205x137.jpeg 205w, https:\/\/bahia.culturaviva.net.br\/wp-content\/uploads\/2026\/03\/IMG_2048-480x320.jpeg 480w\" sizes=\"auto, (max-width: 300px) 100vw, 300px\" \/><\/span><\/a><\/div>\n\n\n\n<div class=\"wp-block-greenshift-blocks-row-column gspb_row__col--9 gspb_row__col--md-12 gspb_col-id-gsbp-91f9078e-27b7\" id=\"gspb_col-id-gsbp-91f9078e-27b7\"><div style=\"font-size:13px;text-transform:uppercase; margin-bottom:var(--wp--preset--spacing--20);\" class=\"ct-dynamic-data wp-elements-604f898bf47f75a6e96c607cb01125c3\">21\/03\/26<\/div>\n\n<h2 style=\"font-size:clamp(14px, 0.875rem + ((1vw - 3.2px) * 0.156), 16px); margin-top:0;margin-bottom:0;\" class=\"ct-dynamic-data wp-elements-555b17253d11039c05431f9800efb542\"><a href=\"https:\/\/bahia.culturaviva.net.br\/pt\/cultura\/culturaviva\/teia-bahia-2026\/cobertura-colaborativa-do-segundo-dia-da-teia-bahia-2026\/\">Cobertura colaborativa do segundo dia da Teia Bahia 2026<\/a><\/h2><\/div>\n <\/div><\/div>\n\n<\/article><article class=\"wp-block-post is-layout-flow post-2123 post type-post status-publish format-standard has-post-thumbnail hentry category-teia-bahia-2026 tag-breaking tag-teia-bahia-2026\">\n\n<div class=\"wp-block-greenshift-blocks-row gspb_row gspb_row-id-gsbp-edd96a2c-0c89 gspb_row--gutter-custom-0\" id=\"gspb_row-id-gsbp-edd96a2c-0c89\"><div class=\"gspb_row__content\"> \n<div class=\"wp-block-greenshift-blocks-row-column gspb_row__col--3 gspb_row__col--md-12 gspb_col-id-gsbp-f7787804-d0d0\" id=\"gspb_col-id-gsbp-f7787804-d0d0\"><a style=\"margin-top:0;margin-bottom:0;\" class=\"ct-dynamic-media wp-elements-f5b0bced978b605ab46bce224ced22e6\" aria-label=\"Grupos de Trabalho movimentam o segundo dia da Teia Bahia 2026\" href=\"https:\/\/bahia.culturaviva.net.br\/pt\/cultura\/culturaviva\/teia-bahia-2026\/grupos-de-trabalho-movimentam-o-segundo-dia-da-teia-bahia-2026\/\"><span data-hover=\"zoom-in\" class=\"ct-dynamic-media-inner\" style=\"\"><img loading=\"lazy\" decoding=\"async\" width=\"300\" height=\"200\" src=\"https:\/\/bahia.culturaviva.net.br\/wp-content\/uploads\/2026\/03\/IMG_2045-300x200.jpeg\" class=\"attachment-medium size-medium\" alt=\"\" style=\"width:100%;height:100%;object-fit: cover;aspect-ratio: 4\/3;\" srcset=\"https:\/\/bahia.culturaviva.net.br\/wp-content\/uploads\/2026\/03\/IMG_2045-300x200.jpeg 300w, https:\/\/bahia.culturaviva.net.br\/wp-content\/uploads\/2026\/03\/IMG_2045-1024x683.jpeg 1024w, https:\/\/bahia.culturaviva.net.br\/wp-content\/uploads\/2026\/03\/IMG_2045-768x512.jpeg 768w, https:\/\/bahia.culturaviva.net.br\/wp-content\/uploads\/2026\/03\/IMG_2045-1536x1024.jpeg 1536w, https:\/\/bahia.culturaviva.net.br\/wp-content\/uploads\/2026\/03\/IMG_2045-2048x1365.jpeg 2048w, https:\/\/bahia.culturaviva.net.br\/wp-content\/uploads\/2026\/03\/IMG_2045-18x12.jpeg 18w, https:\/\/bahia.culturaviva.net.br\/wp-content\/uploads\/2026\/03\/IMG_2045-205x137.jpeg 205w, https:\/\/bahia.culturaviva.net.br\/wp-content\/uploads\/2026\/03\/IMG_2045-480x320.jpeg 480w\" sizes=\"auto, (max-width: 300px) 100vw, 300px\" \/><\/span><\/a><\/div>\n\n\n\n<div class=\"wp-block-greenshift-blocks-row-column gspb_row__col--9 gspb_row__col--md-12 gspb_col-id-gsbp-91f9078e-27b7\" id=\"gspb_col-id-gsbp-91f9078e-27b7\"><div style=\"font-size:13px;text-transform:uppercase; margin-bottom:var(--wp--preset--spacing--20);\" class=\"ct-dynamic-data wp-elements-604f898bf47f75a6e96c607cb01125c3\">07\/03\/26<\/div>\n\n<h2 style=\"font-size:clamp(14px, 0.875rem + ((1vw - 3.2px) * 0.156), 16px); margin-top:0;margin-bottom:0;\" class=\"ct-dynamic-data wp-elements-555b17253d11039c05431f9800efb542\"><a href=\"https:\/\/bahia.culturaviva.net.br\/pt\/cultura\/culturaviva\/teia-bahia-2026\/grupos-de-trabalho-movimentam-o-segundo-dia-da-teia-bahia-2026\/\">Grupos de Trabalho movimentam o segundo dia da Teia Bahia 2026<\/a><\/h2><\/div>\n <\/div><\/div>\n\n<\/article><article class=\"wp-block-post is-layout-flow post-2090 post type-post status-publish format-standard has-post-thumbnail hentry category-culturaviva category-teia-bahia-2026 tag-cultura-viva tag-economia-solidaria tag-breaking tag-teia-bahia-2026\">\n\n<div class=\"wp-block-greenshift-blocks-row gspb_row gspb_row-id-gsbp-edd96a2c-0c89 gspb_row--gutter-custom-0\" id=\"gspb_row-id-gsbp-edd96a2c-0c89\"><div class=\"gspb_row__content\"> \n<div class=\"wp-block-greenshift-blocks-row-column gspb_row__col--3 gspb_row__col--md-12 gspb_col-id-gsbp-f7787804-d0d0\" id=\"gspb_col-id-gsbp-f7787804-d0d0\"><a style=\"margin-top:0;margin-bottom:0;\" class=\"ct-dynamic-media wp-elements-f5b0bced978b605ab46bce224ced22e6\" aria-label=\"Feira Territ\u00f3rios Criativos\" href=\"https:\/\/bahia.culturaviva.net.br\/pt\/cultura\/culturaviva\/feira-territorios-criativos\/\"><span data-hover=\"zoom-in\" class=\"ct-dynamic-media-inner\" style=\"\"><img loading=\"lazy\" decoding=\"async\" width=\"300\" height=\"200\" src=\"https:\/\/bahia.culturaviva.net.br\/wp-content\/uploads\/2026\/03\/IMG_1993-300x200.jpeg\" class=\"attachment-medium size-medium\" alt=\"\" style=\"width:100%;height:100%;object-fit: cover;aspect-ratio: 4\/3;\" srcset=\"https:\/\/bahia.culturaviva.net.br\/wp-content\/uploads\/2026\/03\/IMG_1993-300x200.jpeg 300w, https:\/\/bahia.culturaviva.net.br\/wp-content\/uploads\/2026\/03\/IMG_1993-1024x683.jpeg 1024w, https:\/\/bahia.culturaviva.net.br\/wp-content\/uploads\/2026\/03\/IMG_1993-768x512.jpeg 768w, https:\/\/bahia.culturaviva.net.br\/wp-content\/uploads\/2026\/03\/IMG_1993-1536x1024.jpeg 1536w, https:\/\/bahia.culturaviva.net.br\/wp-content\/uploads\/2026\/03\/IMG_1993-2048x1365.jpeg 2048w, https:\/\/bahia.culturaviva.net.br\/wp-content\/uploads\/2026\/03\/IMG_1993-18x12.jpeg 18w, https:\/\/bahia.culturaviva.net.br\/wp-content\/uploads\/2026\/03\/IMG_1993-205x137.jpeg 205w, https:\/\/bahia.culturaviva.net.br\/wp-content\/uploads\/2026\/03\/IMG_1993-480x320.jpeg 480w\" sizes=\"auto, (max-width: 300px) 100vw, 300px\" \/><\/span><\/a><\/div>\n\n\n\n<div class=\"wp-block-greenshift-blocks-row-column gspb_row__col--9 gspb_row__col--md-12 gspb_col-id-gsbp-91f9078e-27b7\" id=\"gspb_col-id-gsbp-91f9078e-27b7\"><div style=\"font-size:13px;text-transform:uppercase; margin-bottom:var(--wp--preset--spacing--20);\" class=\"ct-dynamic-data wp-elements-604f898bf47f75a6e96c607cb01125c3\">06\/03\/26<\/div>\n\n<h2 style=\"font-size:clamp(14px, 0.875rem + ((1vw - 3.2px) * 0.156), 16px); margin-top:0;margin-bottom:0;\" class=\"ct-dynamic-data wp-elements-555b17253d11039c05431f9800efb542\"><a href=\"https:\/\/bahia.culturaviva.net.br\/pt\/cultura\/culturaviva\/feira-territorios-criativos\/\">Feira Territ\u00f3rios Criativos<\/a><\/h2><\/div>\n <\/div><\/div>\n\n<\/article><\/div><style>[data-id='ff3df465'] :where(.wp-block-post) {margin-block-end:0px;}<\/style><\/div>\n<\/div>\n\n\n\n<div class=\"wp-block-greenshift-blocks-row-column gspb_row__col--4 gspb_col-id-gsbp-f5509169-c58d\" id=\"gspb_col-id-gsbp-f5509169-c58d\">\n<h4 id=\"gspb_heading-id-gsbp-8ab678ab-3dcf\" class=\"gspb_heading gspb_heading-id-gsbp-8ab678ab-3dcf \">Artesanato<\/h4>\n\n\n\n<div data-id=\"e85d6c1c\" class=\"wp-block-blocksy-query\"><div class=\"ct-query-template-default is-layout-flow\"><article class=\"wp-block-post is-layout-flow post-1293 post type-post status-publish format-standard has-post-thumbnail hentry category-artesanato category-culturaviva category-meio-ambiente category-travel category-turismo tag-chapada-diamantina tag-gastronomia tag-religiao\">\n\n<div class=\"wp-block-greenshift-blocks-container gspb_container gspb_container-gsbp-70ba9458-8db5\" id=\"gspb_container-id-gsbp-70ba9458-8db5\"><a style=\"margin-bottom:0;\" class=\"ct-dynamic-media wp-elements-3e4b56954e86c1b6a292d9c6d471cefc\" aria-label=\"Guardi\u00f5es da Cachoeira Herculano\" href=\"https:\/\/bahia.culturaviva.net.br\/pt\/turismo\/guardioes-da-cachoeira-herculano\/\"><span data-hover=\"zoom-in\" class=\"ct-dynamic-media-inner\" style=\"border-radius:2px;\"><img loading=\"lazy\" decoding=\"async\" width=\"736\" height=\"981\" src=\"https:\/\/bahia.culturaviva.net.br\/wp-content\/uploads\/2025\/11\/cachoeira-do-Herculano.webp\" class=\"attachment-large size-large\" alt=\"\" style=\"width:100%;height:100%;object-fit: cover;aspect-ratio: 3\/2;\" srcset=\"https:\/\/bahia.culturaviva.net.br\/wp-content\/uploads\/2025\/11\/cachoeira-do-Herculano.webp 736w, https:\/\/bahia.culturaviva.net.br\/wp-content\/uploads\/2025\/11\/cachoeira-do-Herculano-225x300.webp 225w, https:\/\/bahia.culturaviva.net.br\/wp-content\/uploads\/2025\/11\/cachoeira-do-Herculano-9x12.webp 9w, https:\/\/bahia.culturaviva.net.br\/wp-content\/uploads\/2025\/11\/cachoeira-do-Herculano-205x273.webp 205w, https:\/\/bahia.culturaviva.net.br\/wp-content\/uploads\/2025\/11\/cachoeira-do-Herculano-480x640.webp 480w\" sizes=\"auto, (max-width: 736px) 100vw, 736px\" \/><\/span><\/a>\n\n\n<div class=\"wp-block-greenshift-blocks-container gspb_container gspb_container-gsbp-8b53a828-b3bb\" id=\"gspb_container-id-gsbp-8b53a828-b3bb\"><div style=\"font-size:13px;font-style:normal;font-weight:600;text-transform:uppercase;\" class=\"ct-dynamic-data wp-elements-1c151294e6464d30a1af04511fff7d9c\"><a class=\"ct-term-46\" href=\"https:\/\/bahia.culturaviva.net.br\/pt\/category\/artesanato\/\">Artesanato<\/a>\u00a0<a class=\"ct-term-2\" href=\"https:\/\/bahia.culturaviva.net.br\/pt\/category\/cultura\/culturaviva\/\">Cultura Viva<\/a>\u00a0<a class=\"ct-term-19\" href=\"https:\/\/bahia.culturaviva.net.br\/pt\/category\/meio-ambiente\/\">Meio ambiente<\/a>\u00a0<a class=\"ct-term-7\" href=\"https:\/\/bahia.culturaviva.net.br\/pt\/category\/travel\/\">Travel<\/a>\u00a0<a class=\"ct-term-18\" href=\"https:\/\/bahia.culturaviva.net.br\/pt\/category\/turismo\/\">Turismo<\/a><\/div><\/div>\n<\/div>\n\n\n<h2 style=\"font-size:clamp(14px, 0.875rem + ((1vw - 3.2px) * 0.156), 16px); margin-top:20px;margin-bottom:var(--wp--preset--spacing--20);\" class=\"ct-dynamic-data wp-elements-0f891473047fa6850b3c0980438abe8b\"><a href=\"https:\/\/bahia.culturaviva.net.br\/pt\/turismo\/guardioes-da-cachoeira-herculano\/\">Guardi\u00f5es da Cachoeira Herculano<\/a><\/h2>\n\n<div style=\"font-size:clamp(14px, 0.875rem + ((1vw - 3.2px) * 0.078), 15px);\" class=\"ct-dynamic-data wp-elements-dc2d533793d63dbf9da6bf0a89c873ec\"><p>Anfitri\u00e3: Comunidade Europa Dura\u00e7\u00e3o: 1 dia Programa\u00e7\u00e3o: P\u00e1gina criada por:\u00a0Franciane Santos Fonte:\u2026<\/p>\n<\/div>\n<\/article><\/div><style>[data-id='e85d6c1c'] :where(.wp-block-post) {margin-block-end:30px;}<\/style><\/div>\n\n\n\n<div data-id=\"703fd42b\" class=\"wp-block-blocksy-query\"><div class=\"ct-query-template-default is-layout-flow\"><article class=\"wp-block-post is-layout-flow post-1249 post type-post status-publish format-standard has-post-thumbnail hentry category-artesanato category-culturaviva category-povos-indigenas category-travel category-turismo tag-memoria\">\n\n<div class=\"wp-block-greenshift-blocks-row gspb_row gspb_row-id-gsbp-829283dd-67e9 gspb_row--gutter-custom-0\" id=\"gspb_row-id-gsbp-829283dd-67e9\"><div class=\"gspb_row__content\"> \n<div class=\"wp-block-greenshift-blocks-row-column gspb_row__col--3 gspb_row__col--md-12 gspb_col-id-gsbp-cdd1f699-a0c8\" id=\"gspb_col-id-gsbp-cdd1f699-a0c8\"><a style=\"margin-top:0;margin-bottom:0;\" class=\"ct-dynamic-media wp-elements-f5b0bced978b605ab46bce224ced22e6\" aria-label=\"SecultBA firma parceria para constru\u00e7\u00e3o de oito centros de artesanato ind\u00edgena na Bahia\" href=\"https:\/\/bahia.culturaviva.net.br\/pt\/cultura\/culturaviva\/secultba-firma-parceria-para-construcao-de-oito-centros-de-artesanato-indigena-na-bahia\/\"><span data-hover=\"zoom-in\" class=\"ct-dynamic-media-inner\" style=\"\"><img loading=\"lazy\" decoding=\"async\" width=\"300\" height=\"200\" src=\"https:\/\/bahia.culturaviva.net.br\/wp-content\/uploads\/2025\/11\/SecultBA-firma-parceria-para-construcao-de-oito-centros-de-artesanato-indigena-na-Bahia_Creditos_Caio-Diniz-2-300x200.jpg\" class=\"attachment-medium size-medium\" alt=\"\" style=\"width:100%;height:100%;object-fit: cover;aspect-ratio: 4\/3;\" srcset=\"https:\/\/bahia.culturaviva.net.br\/wp-content\/uploads\/2025\/11\/SecultBA-firma-parceria-para-construcao-de-oito-centros-de-artesanato-indigena-na-Bahia_Creditos_Caio-Diniz-2-300x200.jpg 300w, https:\/\/bahia.culturaviva.net.br\/wp-content\/uploads\/2025\/11\/SecultBA-firma-parceria-para-construcao-de-oito-centros-de-artesanato-indigena-na-Bahia_Creditos_Caio-Diniz-2-1024x682.jpg 1024w, https:\/\/bahia.culturaviva.net.br\/wp-content\/uploads\/2025\/11\/SecultBA-firma-parceria-para-construcao-de-oito-centros-de-artesanato-indigena-na-Bahia_Creditos_Caio-Diniz-2-768x512.jpg 768w, https:\/\/bahia.culturaviva.net.br\/wp-content\/uploads\/2025\/11\/SecultBA-firma-parceria-para-construcao-de-oito-centros-de-artesanato-indigena-na-Bahia_Creditos_Caio-Diniz-2-1536x1024.jpg 1536w, https:\/\/bahia.culturaviva.net.br\/wp-content\/uploads\/2025\/11\/SecultBA-firma-parceria-para-construcao-de-oito-centros-de-artesanato-indigena-na-Bahia_Creditos_Caio-Diniz-2-2048x1365.jpg 2048w, https:\/\/bahia.culturaviva.net.br\/wp-content\/uploads\/2025\/11\/SecultBA-firma-parceria-para-construcao-de-oito-centros-de-artesanato-indigena-na-Bahia_Creditos_Caio-Diniz-2-18x12.jpg 18w, https:\/\/bahia.culturaviva.net.br\/wp-content\/uploads\/2025\/11\/SecultBA-firma-parceria-para-construcao-de-oito-centros-de-artesanato-indigena-na-Bahia_Creditos_Caio-Diniz-2-205x137.jpg 205w, https:\/\/bahia.culturaviva.net.br\/wp-content\/uploads\/2025\/11\/SecultBA-firma-parceria-para-construcao-de-oito-centros-de-artesanato-indigena-na-Bahia_Creditos_Caio-Diniz-2-480x320.jpg 480w\" sizes=\"auto, (max-width: 300px) 100vw, 300px\" \/><\/span><\/a><\/div>\n\n\n\n<div class=\"wp-block-greenshift-blocks-row-column gspb_row__col--9 gspb_row__col--md-12 gspb_col-id-gsbp-6e99e8c8-8c38\" id=\"gspb_col-id-gsbp-6e99e8c8-8c38\"><div style=\"font-size:13px;text-transform:uppercase; margin-bottom:var(--wp--preset--spacing--20);\" class=\"ct-dynamic-data wp-elements-604f898bf47f75a6e96c607cb01125c3\">11\/11\/25<\/div>\n\n<h2 style=\"font-size:clamp(14px, 0.875rem + ((1vw - 3.2px) * 0.156), 16px); margin-top:0;margin-bottom:0;\" class=\"ct-dynamic-data wp-elements-555b17253d11039c05431f9800efb542\"><a href=\"https:\/\/bahia.culturaviva.net.br\/pt\/cultura\/culturaviva\/secultba-firma-parceria-para-construcao-de-oito-centros-de-artesanato-indigena-na-bahia\/\">SecultBA firma parceria para constru\u00e7\u00e3o de oito centros de artesanato ind\u00edgena na Bahia<\/a><\/h2><\/div>\n <\/div><\/div>\n\n<\/article><\/div><style>[data-id='703fd42b'] :where(.wp-block-post) {margin-block-end:0px;}<\/style><\/div>\n<\/div>\n <\/div><\/div>\n\n\n\n<p><\/p>\n","protected":false},"excerpt":{"rendered":"","protected":false},"author":1,"featured_media":1226,"parent":0,"menu_order":0,"comment_status":"closed","ping_status":"closed","template":"","meta":{"_acf_changed":false,"_gspb_post_css":"#gspb_row-id-gsbp-19a0a116-d102{justify-content:space-between;margin-top:0;display:flex;flex-wrap:wrap;margin-bottom:60px;padding-top:100px;padding-bottom:100px;background-color:#eceef0;background-size:cover;background-repeat:no-repeat}#gspb_row-id-gsbp-19a0a116-d102>.gspb_row__content{display:flex;justify-content:space-between;margin:0 auto;width:100%;flex-wrap:wrap}div[id^=gspb_col-id]{box-sizing:border-box;position:relative;padding:var(--gs-row-column-padding, 15px min(3vw, 20px))}body.gspb-bodyfront #gspb_row-id-gsbp-19a0a116-d102>.gspb_row__content{width:var(--theme-container-width, 1200px);max-width:var(--theme-normal-container-max-width, 1200px)}@media (max-width:991.98px){#gspb_row-id-gsbp-19a0a116-d102{background-color:#eceef0}}@media (max-width:767.98px){#gspb_row-id-gsbp-19a0a116-d102{background-color:#eceef0}}@media (max-width:575.98px){#gspb_row-id-gsbp-19a0a116-d102{background-color:#eceef0}}#gspb_row-id-gsbp-19a0a116-d102.gs-active-view{background-image:url(https:\/\/bahia.culturaviva.net.br\/wp-content\/uploads\/2026\/04\/oficina-culturadigital-geral.png)}#gspb_row-id-gsbp-19a0a116-d102{background-attachment:fixed;isolation:isolate}#gspb_row-id-gsbp-19a0a116-d102:hover{background-size:cover;background-color:var(--wp--preset--color--palette-color-6, var(--theme-palette-color-6, #f4f5f6))}@media (max-width:991.98px){#gspb_row-id-gsbp-19a0a116-d102:hover{background-color:var(--wp--preset--color--palette-color-6, var(--theme-palette-color-6, #f4f5f6))}}@media (max-width:767.98px){#gspb_row-id-gsbp-19a0a116-d102:hover{background-color:var(--wp--preset--color--palette-color-6, var(--theme-palette-color-6, #f4f5f6))}}@media (max-width:575.98px){#gspb_row-id-gsbp-19a0a116-d102:hover{background-color:var(--wp--preset--color--palette-color-6, var(--theme-palette-color-6, #f4f5f6))}}#gspb_row-id-gsbp-19a0a116-d102>.gspb_backgroundOverlay{position:absolute;top:0;left:0;width:100%;height:100%;z-index:-1;opacity:.81;background-color:#0c0a0a}#gspb_col-id-gsbp-e5ec3f0f-f56c.gspb_row__col--6{width:calc(50% - 50px)}@media (max-width:991.98px){#gspb_col-id-gsbp-e5ec3f0f-f56c.gspb_row__col--6{width:100%}}@media (max-width:767.98px){#gspb_col-id-gsbp-e5ec3f0f-f56c.gspb_row__col--6{width:calc(100% - 0px)}}@media (max-width:575.98px){#gspb_col-id-gsbp-e5ec3f0f-f56c.gspb_row__col--6{width:100%}}.gspb_row #gspb_col-id-gsbp-42636f7d-ceef.gspb_row__col--6,.gspb_row #gspb_col-id-gsbp-4c1613a7-3311.gspb_row__col--6,.gspb_row #gspb_col-id-gsbp-e5ec3f0f-f56c.gspb_row__col--6,.gspb_row #gspb_col-id-gsbp-f9a69d19-0dec.gspb_row__col--6{padding:0}body #gspb_col-id-gsbp-e5ec3f0f-f56c.gspb_row__col--6{display:flex;flex-direction:column;justify-content:space-between}.gspb_container-id-gsbp-a7cd9855-5954,.gspb_container-id-gsbp-bdb8ad20-6338,.gspb_container-id-gsbp-c33e0f9e-67a5,.gspb_container-id-gsbp-d84a258c-d205{flex-direction:column;box-sizing:border-box}#gspb_container-id-gsbp-0611a3ea-10ea.gspb_container>p:last-of-type,#gspb_container-id-gsbp-0acd6d51-9b54.gspb_container>p:last-of-type,#gspb_container-id-gsbp-18b1450e-75d3.gspb_container>p:last-of-type,#gspb_container-id-gsbp-2ad0ee5e-b4a5.gspb_container>p:last-of-type,#gspb_container-id-gsbp-38a0f796-01bd.gspb_container>p:last-of-type,#gspb_container-id-gsbp-4b060771-e2d2.gspb_container>p:last-of-type,#gspb_container-id-gsbp-67fefb0e-ef3c.gspb_container>p:last-of-type,#gspb_container-id-gsbp-70ba9458-8db5.gspb_container>p:last-of-type,#gspb_container-id-gsbp-70cb9b4b-c7c1.gspb_container>p:last-of-type,#gspb_container-id-gsbp-73ffec7f-d2b7.gspb_container>p:last-of-type,#gspb_container-id-gsbp-7437a15f-bcf9.gspb_container>p:last-of-type,#gspb_container-id-gsbp-81d95393-12dc.gspb_container>p:last-of-type,#gspb_container-id-gsbp-82f4e7e4-38b2.gspb_container>p:last-of-type,#gspb_container-id-gsbp-83870565-d682.gspb_container>p:last-of-type,#gspb_container-id-gsbp-8ab7527c-62ac.gspb_container>p:last-of-type,#gspb_container-id-gsbp-8b53a828-b3bb.gspb_container>p:last-of-type,#gspb_container-id-gsbp-990edff5-2ca3.gspb_container>p:last-of-type,#gspb_container-id-gsbp-a7cd9855-5954.gspb_container>p:last-of-type,#gspb_container-id-gsbp-a7fe635f-4250.gspb_container>p:last-of-type,#gspb_container-id-gsbp-ab931fb2-976c.gspb_container>p:last-of-type,#gspb_container-id-gsbp-ad0639df-9aa5.gspb_container>p:last-of-type,#gspb_container-id-gsbp-bdb8ad20-6338.gspb_container>p:last-of-type,#gspb_container-id-gsbp-c33e0f9e-67a5.gspb_container>p:last-of-type,#gspb_container-id-gsbp-d84a258c-d205.gspb_container>p:last-of-type,#gspb_container-id-gsbp-e2eb739e-022b.gspb_container>p:last-of-type,#gspb_container-id-gsbp-e8700f70-768e.gspb_container>p:last-of-type,#gspb_container-id-gsbp-e8e42882-5c3a.gspb_container>p:last-of-type,#gspb_container-id-gsbp-ea9e1b35-2bd2.gspb_container>p:last-of-type,#gspb_container-id-gsbp-f9c62455-2bc5.gspb_container>p:last-of-type,#gspb_container-id-gsbp-fc3c11ad-b314.gspb_container>p:last-of-type,#gspb_container-id-gsbp-fd2bb0ab-f08a.gspb_container>p:last-of-type,#gspb_container-id-gsbp-ffde8bc1-8bbb.gspb_container>p:last-of-type{margin-bottom:0}#gspb_container-id-gsbp-bdb8ad20-6338.gspb_container{position:relative;margin-bottom:0;box-sizing:border-box}body.gspb-bodyfront #gspb_container-id-gsbp-bdb8ad20-6338.gspb_container{max-width:650px}@media (max-width:991.98px){body.gspb-bodyfront #gspb_container-id-gsbp-bdb8ad20-6338.gspb_container{max-width:100%}}#gspb_container-id-gsbp-a7cd9855-5954.gspb_container{position:relative;margin-top:50px;box-sizing:border-box}@media (max-width:575.98px){body.gspb-bodyfront #gspb_container-id-gsbp-a7cd9855-5954.gspb_container{display:none!important}}body.gspb-bodyfront #gspb_container-id-gsbp-a7cd9855-5954.gspb_container{max-width:650px}@media (max-width:991.98px){body.gspb-bodyfront #gspb_container-id-gsbp-a7cd9855-5954.gspb_container{max-width:100%}}#gspb_container-id-gsbp-d84a258c-d205.gspb_container{position:relative;display:flex;flex-direction:row;align-items:center;column-gap:10px;margin-bottom:25px;box-sizing:border-box}#gspb_iconBox-id-gsbp-300bf7f9-b501{justify-content:center;display:flex}#gspb_iconBox-id-gsbp-300bf7f9-b501 .gspb_iconBox__wrapper{margin-bottom:0}#gspb_heading-id-gsbp-484ac502-9cf6{text-transform:uppercase;font-size:15px;font-weight:600!important;color:#ffffffb8;margin-top:0;margin-bottom:0}#gspb_col-id-gsbp-4c1613a7-3311.gspb_row__col--6{width:calc(50% - 50px)}@media (max-width:991.98px){#gspb_col-id-gsbp-4c1613a7-3311.gspb_row__col--6{width:100%}}@media (max-width:767.98px){#gspb_col-id-gsbp-4c1613a7-3311.gspb_row__col--6{width:calc(100% - 0px)}}@media (max-width:575.98px){#gspb_col-id-gsbp-4c1613a7-3311.gspb_row__col--6{width:100%}body.gspb-bodyfront #gspb_col-id-gsbp-4c1613a7-3311.gspb_row__col--6{display:none!important}}@media (min-width:768px) and (max-width:991.98px){body.gspb-bodyfront #gspb_col-id-gsbp-4c1613a7-3311.gspb_row__col--6{display:none!important}}#gspb_container-id-gsbp-c33e0f9e-67a5.gspb_container{position:relative;display:flex;flex-direction:row;align-items:center;column-gap:10px;margin-bottom:25px;box-sizing:border-box}#gspb_iconBox-id-gsbp-24206b5d-8d30 svg,#gspb_iconBox-id-gsbp-300bf7f9-b501 svg{height:20px!important;width:20px!important;min-width:20px!important;fill:#ffffffb8!important;margin:0!important}#gspb_iconBox-id-gsbp-24206b5d-8d30,#gspb_iconBox-id-gsbp-e1192247-ae69 a{justify-content:center;display:flex}#gspb_iconBox-id-gsbp-24206b5d-8d30 svg path,#gspb_iconBox-id-gsbp-300bf7f9-b501 svg path{fill:#ffffffb8!important}#gspb_iconBox-id-gsbp-24206b5d-8d30 .gspb_iconBox__wrapper{margin-bottom:0}#gspb_heading-id-gsbp-a0b27ab4-f182{text-transform:uppercase;font-size:15px;font-weight:600!important;color:#ffffffb8;margin-top:0;margin-bottom:0}#gspb_row-id-gsbp-d31876ae-9204{justify-content:space-between;margin-top:0;display:flex;flex-wrap:wrap;margin-bottom:60px}#gspb_row-id-gsbp-d31876ae-9204>.gspb_row__content{display:flex;justify-content:space-between;margin:0 auto;width:100%;flex-wrap:wrap}@media (max-width:991.98px){#gspb_row-id-gsbp-d31876ae-9204>.gspb_row__content{row-gap:60px}}#gspb_col-id-gsbp-f9a69d19-0dec.gspb_row__col--6{width:calc(50% - 15px)}@media (max-width:991.98px){#gspb_col-id-gsbp-f9a69d19-0dec.gspb_row__col--6{width:100%}}@media (max-width:767.98px){#gspb_col-id-gsbp-f9a69d19-0dec.gspb_row__col--6{width:calc(100% - 0px)}}@media (max-width:575.98px){#gspb_col-id-gsbp-f9a69d19-0dec.gspb_row__col--6{width:100%}}#gspb_heading-id-gsbp-5f71a739-2fe1,#gspb_heading-id-gsbp-90e2156f-0c59{font-size:22px;margin-top:0;margin-bottom:25px}#gspb_col-id-gsbp-42636f7d-ceef.gspb_row__col--6{width:calc(50% - 15px)}@media (max-width:991.98px){#gspb_col-id-gsbp-42636f7d-ceef.gspb_row__col--6{width:100%}}@media (max-width:767.98px){#gspb_col-id-gsbp-42636f7d-ceef.gspb_row__col--6{width:calc(100% - 0px)}}@media (max-width:575.98px){#gspb_col-id-gsbp-42636f7d-ceef.gspb_row__col--6{width:100%}}#gspb_row-id-gsbp-d65533cd-9e21{justify-content:space-between;margin-top:0;display:flex;flex-wrap:wrap;margin-bottom:60px;padding:50px}#gspb_row-id-gsbp-d65533cd-9e21>.gspb_row__content{display:flex;justify-content:space-between;margin:0 auto;width:100%;flex-wrap:wrap}@media (max-width:575.98px){#gspb_row-id-gsbp-d65533cd-9e21>.gspb_row__content{row-gap:20px}}body.gspb-bodyfront #gspb_row-id-gsbp-d31876ae-9204>.gspb_row__content,body.gspb-bodyfront #gspb_row-id-gsbp-d65533cd-9e21>.gspb_row__content{width:var(--theme-container-width, 1200px);max-width:var(--theme-normal-container-max-width, 1200px)}@media (max-width:767px){#gspb_row-id-gsbp-d65533cd-9e21>.gspb_row__content{overflow-x:auto!important;overflow-y:hidden;display:grid;grid-auto-flow:column;-webkit-overflow-scrolling:touch;scroll-behavior:smooth;scroll-snap-type:x mandatory;scrollbar-width:thin;scrollbar-color:transparent transparent;grid-gap:15px;padding-bottom:10px}#gspb_row-id-gsbp-d65533cd-9e21>.gspb_row__content::-webkit-scrollbar{width:4px;height:4px}#gspb_row-id-gsbp-d65533cd-9e21>.gspb_row__content::-webkit-scrollbar-track{background-color:transparent;border-radius:20px}#gspb_row-id-gsbp-d65533cd-9e21>.gspb_row__content::-webkit-scrollbar-thumb{background-color:transparent;border-radius:20px;border:1px solid transparent}#gspb_row-id-gsbp-d65533cd-9e21>.gspb_row__content:hover::-webkit-scrollbar-thumb{background-color:#ddd}#gspb_row-id-gsbp-d65533cd-9e21>.gspb_row__content:hover::-webkit-scrollbar{background-color:transparent;border-radius:20px;border:1px solid transparent}#gspb_row-id-gsbp-d65533cd-9e21>.gspb_row__content:hover{scrollbar-color:#ddd transparent}#gspb_row-id-gsbp-d65533cd-9e21>.gspb_row__content>div{margin:0!important;min-width:340px;scroll-snap-align:start;white-space:normal}}@media (max-width:575.98px){#gspb_row-id-gsbp-d65533cd-9e21{padding:30px}}#gspb_row-id-gsbp-d65533cd-9e21{background-size:cover;background-repeat:no-repeat;border-top-left-radius:5px;border-top-right-radius:5px;border-bottom-right-radius:5px;border-bottom-left-radius:5px;isolation:isolate}#gspb_row-id-gsbp-d65533cd-9e21.gs-active-view{background-image:url(https:\/\/bahia.culturaviva.net.br\/wp-content\/uploads\/2025\/11\/Screenshot_20251126_160501.png)}#gspb_row-id-gsbp-d65533cd-9e21:hover{background-size:cover}#gspb_row-id-gsbp-d65533cd-9e21>.gspb_backgroundOverlay{position:absolute;top:0;left:0;width:100%;height:100%;z-index:-1;opacity:.4;background-color:var(--wp--preset--color--palette-color-1, var(--theme-palette-color-1, #106abf));border-top-left-radius:5px;border-top-right-radius:5px;border-bottom-right-radius:5px;border-bottom-left-radius:5px}@media (max-width:575.98px){body #gspb_row-id-gsbp-d65533cd-9e21{display:none!important}}#gspb_col-id-gsbp-2747da1a-a9de.gspb_row__col--6{width:calc(50% - 25px)}@media (max-width:991.98px){#gspb_col-id-gsbp-2747da1a-a9de.gspb_row__col--6{width:calc(66.66666666666667% - 25px)}}@media (max-width:767.98px){#gspb_col-id-gsbp-2747da1a-a9de.gspb_row__col--6{width:calc(66.66666666666667% - 25px)}}@media (max-width:575.98px){#gspb_col-id-gsbp-2747da1a-a9de.gspb_row__col--6{width:100%}}.gspb_row #gspb_col-id-gsbp-2747da1a-a9de.gspb_row__col--6,.gspb_row #gspb_col-id-gsbp-7114abfe-31c2.gspb_row__col--3,.gspb_row #gspb_col-id-gsbp-a9db49a5-9d93.gspb_row__col--9,.gspb_row #gspb_col-id-gsbp-e8bd4772-4da0.gspb_row__col--6{padding:0}#gspb_heading-id-gsbp-00d91056-acbd{font-size:23px}@media (max-width:575.98px){#gspb_heading-id-gsbp-00d91056-acbd{font-size:20px}}#gspb_heading-id-gsbp-00d91056-acbd{color:var(--wp--preset--color--palette-color-10, var(--theme-palette-color-10, #ffffff));margin-top:0;margin-bottom:15px}.gspb_text-id-gsbp-9c89d2b7-6bb1{font-size:15px;color:#ffffffbd;margin-top:0!important;margin-bottom:68px!important}#gspb_col-id-gsbp-e8bd4772-4da0.gspb_row__col--6{width:calc(50% - 25px)}@media (max-width:991.98px){#gspb_col-id-gsbp-e8bd4772-4da0.gspb_row__col--6{width:calc(33.333333333333336% - 25px)}}@media (max-width:767.98px){#gspb_col-id-gsbp-e8bd4772-4da0.gspb_row__col--6{width:calc(33.333333333333336% - 25px)}}@media (max-width:575.98px){#gspb_col-id-gsbp-e8bd4772-4da0.gspb_row__col--6{width:100%}}body #gspb_col-id-gsbp-e8bd4772-4da0.gspb_row__col--6{display:flex;flex-direction:row;justify-content:flex-start;align-items:center}@media (max-width:991.98px){body #gspb_col-id-gsbp-e8bd4772-4da0.gspb_row__col--6{justify-content:flex-end}}@media (max-width:575.98px){body #gspb_col-id-gsbp-e8bd4772-4da0.gspb_row__col--6{justify-content:center}}.gspb_container-id-gsbp-f9c62455-2bc5{flex-direction:column;box-sizing:border-box}#gspb_container-id-gsbp-f9c62455-2bc5.gspb_container{position:relative;display:flex;flex-direction:row;align-items:center;row-gap:15px;column-gap:15px}@media (max-width:991.98px){#gspb_container-id-gsbp-f9c62455-2bc5.gspb_container{flex-direction:column;align-items:flex-end}}@media (max-width:575.98px){#gspb_container-id-gsbp-f9c62455-2bc5.gspb_container{flex-direction:row;align-items:center}}#gspb_container-id-gsbp-f9c62455-2bc5.gspb_container{box-sizing:border-box}#gspb_row-id-gsbp-bfa47a92-5960{justify-content:space-between;margin-top:0;display:flex;flex-wrap:wrap;margin-bottom:60px}#gspb_row-id-gsbp-bfa47a92-5960>.gspb_row__content{display:flex;justify-content:space-between;margin:0 auto;width:100%;flex-wrap:wrap}@media (max-width:991.98px){#gspb_row-id-gsbp-bfa47a92-5960>.gspb_row__content{row-gap:60px}}body.gspb-bodyfront #gspb_row-id-gsbp-bfa47a92-5960>.gspb_row__content{width:var(--theme-container-width, 1200px);max-width:var(--theme-normal-container-max-width, 1200px)}#gspb_col-id-gsbp-a9db49a5-9d93.gspb_row__col--9{width:calc(75% - 15px)}@media (max-width:991.98px){#gspb_col-id-gsbp-a9db49a5-9d93.gspb_row__col--9{width:100%}}@media (max-width:767.98px){#gspb_col-id-gsbp-a9db49a5-9d93.gspb_row__col--9{width:calc(100% - 0px)}}@media (max-width:575.98px){#gspb_col-id-gsbp-a9db49a5-9d93.gspb_row__col--9{width:100%}}@media (min-width:992px){body.gspb-bodyfront #gspb_col-id-gsbp-a9db49a5-9d93.gspb_row__col--9{width:calc(75% - 0px - 15px)}}#gspb_heading-id-gsbp-8eb9ba7d-e040,#gspb_heading-id-gsbp-8fe821f3-7117{font-size:22px;margin-top:0}#gspb_col-id-gsbp-7114abfe-31c2.gspb_row__col--3{width:calc(25% - 15px)}@media (max-width:991.98px){#gspb_col-id-gsbp-7114abfe-31c2.gspb_row__col--3{width:100%}}@media (max-width:767.98px){#gspb_col-id-gsbp-7114abfe-31c2.gspb_row__col--3{width:calc(100% - 0px)}}@media (max-width:575.98px){#gspb_col-id-gsbp-7114abfe-31c2.gspb_row__col--3{width:100%}}@media (min-width:992px){body.gspb-bodyfront #gspb_col-id-gsbp-7114abfe-31c2.gspb_row__col--3{width:calc(25% - 0px - 15px)}}#gspb_container-id-gsbp-38a0f796-01bd.gspb_container{position:relative;margin-top:30px;padding:30px;background-color:var(--wp--preset--color--palette-color-1, var(--theme-palette-color-1, #106abf))}#gspb_container-id-gsbp-38a0f796-01bd.gspb_container,#gspb_container-id-gsbp-38a0f796-01bd.gspb_container>.gspb_backgroundOverlay{border-top-left-radius:2px;border-top-right-radius:2px;border-bottom-right-radius:2px;border-bottom-left-radius:2px}@media (max-width:991.98px){#gspb_container-id-gsbp-38a0f796-01bd.gspb_container{background-color:var(--wp--preset--color--palette-color-1, var(--theme-palette-color-1, #106abf))}}@media (max-width:767.98px){#gspb_container-id-gsbp-38a0f796-01bd.gspb_container{background-color:var(--wp--preset--color--palette-color-1, var(--theme-palette-color-1, #106abf))}}@media (max-width:575.98px){#gspb_container-id-gsbp-38a0f796-01bd.gspb_container{background-color:var(--wp--preset--color--palette-color-1, var(--theme-palette-color-1, #106abf))}}#gspb_container-id-gsbp-38a0f796-01bd.gspb_container{box-sizing:border-box}#gspb_row-id-gsbp-c0360184-28ba{justify-content:space-between;margin-top:0;display:flex;flex-wrap:wrap;margin-bottom:60px;padding-top:120px;padding-bottom:120px}#gspb_row-id-gsbp-c0360184-28ba>.gspb_row__content{display:flex;justify-content:space-between;margin:0 auto;width:100%;flex-wrap:wrap}@media (max-width:991.98px){#gspb_row-id-gsbp-c0360184-28ba>.gspb_row__content{row-gap:60px}}body.gspb-bodyfront #gspb_row-id-gsbp-c0360184-28ba>.gspb_row__content{width:var(--theme-container-width, 1200px);max-width:var(--theme-normal-container-max-width, 1200px)}@media (max-width:991.98px){#gspb_row-id-gsbp-c0360184-28ba{padding-top:80px;padding-bottom:80px}}#gspb_row-id-gsbp-c0360184-28ba{background-size:cover;background-repeat:no-repeat;background-position:59% 39%;background-image:url(https:\/\/bahia.culturaviva.net.br\/wp-content\/uploads\/2025\/11\/IGREJA-DE-PEDRA-scaled.jpg);background-attachment:fixed;isolation:isolate}#gspb_row-id-gsbp-c0360184-28ba:hover{background-size:cover}#gspb_row-id-gsbp-c0360184-28ba>.gspb_backgroundOverlay{position:absolute;top:0;left:0;width:100%;height:100%;z-index:-1;opacity:.5;background-color:#000}#gspb_col-id-gsbp-fe5091cc-8a3f.gspb_row__col--8{width:calc(66.66666666666667% - 15px)}@media (max-width:991.98px){#gspb_col-id-gsbp-fe5091cc-8a3f.gspb_row__col--8{width:100%}}@media (max-width:767.98px){#gspb_col-id-gsbp-fe5091cc-8a3f.gspb_row__col--8{width:calc(100% - 0px)}}@media (max-width:575.98px){#gspb_col-id-gsbp-fe5091cc-8a3f.gspb_row__col--8{width:100%}}.gspb_row #gspb_col-id-gsbp-fe5091cc-8a3f.gspb_row__col--8{padding:0}body #gspb_col-id-gsbp-fe5091cc-8a3f.gspb_row__col--8{display:flex;flex-direction:column;justify-content:flex-start}.gspb_container-id-gsbp-0611a3ea-10ea,.gspb_container-id-gsbp-38a0f796-01bd,.gspb_container-id-gsbp-4b060771-e2d2{flex-direction:column;box-sizing:border-box}#gspb_container-id-gsbp-4b060771-e2d2.gspb_container{position:relative;box-sizing:border-box}body.gspb-bodyfront #gspb_container-id-gsbp-4b060771-e2d2.gspb_container{max-width:650px}@media (max-width:991.98px){body.gspb-bodyfront #gspb_container-id-gsbp-4b060771-e2d2.gspb_container{max-width:100%}}#gspb_heading-id-gsbp-b1f14e16-eb04{margin-top:70px;margin-bottom:20px}#gspb_container-id-gsbp-0611a3ea-10ea.gspb_container{position:relative;display:flex;flex-direction:row;align-items:center;column-gap:15px;margin-top:70px;box-sizing:border-box}@media (max-width:575.98px){body.gspb-bodyfront #gspb_container-id-gsbp-0611a3ea-10ea.gspb_container{display:none!important}}@media (min-width:768px) and (max-width:991.98px){body.gspb-bodyfront #gspb_container-id-gsbp-0611a3ea-10ea.gspb_container{display:none!important}}#gspb_iconBox-id-gsbp-e1192247-ae69 svg{height:40px!important;width:40px!important;min-width:40px!important;margin:0!important}#gspb_iconBox-id-gsbp-e1192247-ae69 svg,#gspb_iconBox-id-gsbp-e1192247-ae69 svg path{fill:var(--wp--preset--color--palette-color-10, var(--theme-palette-color-10, #ffffff))!important}#gspb_iconBox-id-gsbp-e1192247-ae69 .gspb_iconBox__wrapper{transition:all .2s ease}#gspb_heading-id-gsbp-b1f14e16-eb04,.gspb_text-id-gsbp-ccb8b877-c9e2{text-transform:uppercase;font-size:15px;font-weight:600!important;color:var(--wp--preset--color--palette-color-10, var(--theme-palette-color-10, #ffffff))}#gspb_col-id-gsbp-340ff264-95f8.gspb_row__col--4{width:calc(33.333333333333336% - 15px)}@media (max-width:991.98px){#gspb_col-id-gsbp-340ff264-95f8.gspb_row__col--4{width:100%}}@media (max-width:767.98px){#gspb_col-id-gsbp-340ff264-95f8.gspb_row__col--4{width:calc(100% - 0px)}}@media (max-width:575.98px){#gspb_col-id-gsbp-340ff264-95f8.gspb_row__col--4{width:100%}}.gspb_row #gspb_col-id-gsbp-340ff264-95f8.gspb_row__col--4{padding:0 0 0 30px}@media (max-width:991.98px){.gspb_row #gspb_col-id-gsbp-340ff264-95f8.gspb_row__col--4{padding-top:60px;padding-left:0}}#gspb_col-id-gsbp-340ff264-95f8.gspb_row__col--4{border-top-style:null;border-top-width:nullpx}@media (max-width:991.98px){#gspb_col-id-gsbp-340ff264-95f8.gspb_row__col--4{border-top-style:solid;border-top-width:1px;border-top-color:#ffffff36}}#gspb_col-id-gsbp-340ff264-95f8.gspb_row__col--4{border-left-style:solid;border-left-width:1px;border-left-color:#ffffff36}@media (max-width:991.98px){#gspb_col-id-gsbp-340ff264-95f8.gspb_row__col--4{border-left-style:none}}#gspb_container-id-gsbp-83870565-d682.gspb_container{position:relative;display:flex;flex-direction:row;align-items:center;column-gap:10px;margin-bottom:25px;box-sizing:border-box}#gspb_iconBox-id-gsbp-c1aecd41-90f2 svg{height:20px!important;width:20px!important;min-width:20px!important;fill:#ffffffb8!important;margin:0!important}#gspb_iconBox-id-gsbp-c1aecd41-90f2{justify-content:center;display:flex}#gspb_iconBox-id-gsbp-c1aecd41-90f2 svg path{fill:#ffffffb8!important}#gspb_iconBox-id-gsbp-c1aecd41-90f2 .gspb_iconBox__wrapper{margin-bottom:0}#gspb_heading-id-gsbp-bb073c4d-57c4{text-transform:uppercase;font-size:15px;font-weight:600!important;color:#ffffffb8;margin-top:0;margin-bottom:0}#gspb_row-id-gsbp-43bed1a7-165b{justify-content:space-between;margin-top:0;display:flex;flex-wrap:wrap;margin-bottom:60px}#gspb_row-id-gsbp-43bed1a7-165b>.gspb_row__content{display:flex;justify-content:space-between;margin:0 auto;width:100%;flex-wrap:wrap}@media (max-width:575.98px){#gspb_row-id-gsbp-43bed1a7-165b>.gspb_row__content{row-gap:50px}}body.gspb-bodyfront #gspb_row-id-gsbp-43bed1a7-165b>.gspb_row__content{width:var(--theme-container-width, 1200px);max-width:var(--theme-normal-container-max-width, 1200px)}#gspb_col-id-gsbp-b04611c1-4404.gspb_row__col--4{width:calc(33.333333333333336% - 15px)}@media (max-width:991.98px){#gspb_col-id-gsbp-b04611c1-4404.gspb_row__col--4{width:calc(33.333333333333336% - 15px)}}@media (max-width:767.98px){#gspb_col-id-gsbp-b04611c1-4404.gspb_row__col--4{width:calc(33.333333333333336% - 15px)}}@media (max-width:575.98px){#gspb_col-id-gsbp-b04611c1-4404.gspb_row__col--4{width:100%}}.gspb_row #gspb_col-id-gsbp-236ea4d4-9b86.gspb_row__col--4,.gspb_row #gspb_col-id-gsbp-b04611c1-4404.gspb_row__col--4,.gspb_row #gspb_col-id-gsbp-f5509169-c58d.gspb_row__col--4{padding:0}#gspb_col-id-gsbp-236ea4d4-9b86.gspb_row__col--4{width:calc(33.333333333333336% - 15px)}@media (max-width:991.98px){#gspb_col-id-gsbp-236ea4d4-9b86.gspb_row__col--4{width:calc(33.333333333333336% - 15px)}}@media (max-width:767.98px){#gspb_col-id-gsbp-236ea4d4-9b86.gspb_row__col--4{width:calc(33.333333333333336% - 15px)}}@media (max-width:575.98px){#gspb_col-id-gsbp-236ea4d4-9b86.gspb_row__col--4{width:100%}}#gspb_col-id-gsbp-f5509169-c58d.gspb_row__col--4{width:calc(33.333333333333336% - 15px)}@media (max-width:991.98px){#gspb_col-id-gsbp-f5509169-c58d.gspb_row__col--4{width:calc(33.333333333333336% - 15px)}}@media (max-width:767.98px){#gspb_col-id-gsbp-f5509169-c58d.gspb_row__col--4{width:calc(33.333333333333336% - 15px)}}@media (max-width:575.98px){#gspb_col-id-gsbp-f5509169-c58d.gspb_row__col--4{width:100%}}#gspb_heading-id-gsbp-8ab678ab-3dcf,#gspb_heading-id-gsbp-b349efa0-0ad4,#gspb_heading-id-gsbp-f1c1208d-95c3{text-transform:uppercase;font-size:15px;font-weight:600!important;margin-top:0;margin-bottom:20px}.gspb_container-id-gsbp-0acd6d51-9b54,.gspb_container-id-gsbp-18b1450e-75d3,.gspb_container-id-gsbp-2ad0ee5e-b4a5,.gspb_container-id-gsbp-67fefb0e-ef3c,.gspb_container-id-gsbp-70cb9b4b-c7c1,.gspb_container-id-gsbp-73ffec7f-d2b7,.gspb_container-id-gsbp-7437a15f-bcf9,.gspb_container-id-gsbp-81d95393-12dc,.gspb_container-id-gsbp-82f4e7e4-38b2,.gspb_container-id-gsbp-83870565-d682,.gspb_container-id-gsbp-8ab7527c-62ac,.gspb_container-id-gsbp-990edff5-2ca3,.gspb_container-id-gsbp-a7fe635f-4250,.gspb_container-id-gsbp-ad0639df-9aa5,.gspb_container-id-gsbp-e2eb739e-022b,.gspb_container-id-gsbp-e8700f70-768e,.gspb_container-id-gsbp-e8e42882-5c3a,.gspb_container-id-gsbp-fc3c11ad-b314,.gspb_container-id-gsbp-fd2bb0ab-f08a,.gspb_container-id-gsbp-ffde8bc1-8bbb{flex-direction:column;box-sizing:border-box}#gspb_container-id-gsbp-8ab7527c-62ac.gspb_container{position:relative;margin-bottom:15px;box-sizing:border-box}body.gspb-bodyfront #gspb_container-id-gsbp-8ab7527c-62ac.gspb_container [class*=ct-term],body.gspb-bodyfront #gspb_container-id-gsbp-fc3c11ad-b314.gspb_container [class*=ct-term]{display:inline-flex;padding:5px 10px;border-radius:2px;color:var(--theme-link-initial-color);background-color:var(--theme-button-background-initial-color)}body.gspb-bodyfront #gspb_container-id-gsbp-8ab7527c-62ac.gspb_container [class*=ct-term]:hover,body.gspb-bodyfront #gspb_container-id-gsbp-fc3c11ad-b314.gspb_container [class*=ct-term]:hover,body.gspb-bodyfront #gspb_container-id-gsbp-fd2bb0ab-f08a.gspb_container [class*=ct-term]:hover{color:var(--theme-link-hover-color);background-color:var(--theme-button-background-hover-color)}#gspb_container-id-gsbp-990edff5-2ca3.gspb_container{position:relative;box-sizing:border-box}#gspb_container-id-gsbp-81d95393-12dc.gspb_container{position:relative;padding:50px;overflow:hidden}@media (max-width:991.98px){#gspb_container-id-gsbp-81d95393-12dc.gspb_container{padding:40px}}@media (max-width:575.98px){#gspb_container-id-gsbp-81d95393-12dc.gspb_container{padding:30px}}#gspb_container-id-gsbp-81d95393-12dc.gspb_container{background-color:var(--wp--preset--color--palette-color-9, var(--theme-palette-color-9, #000000))}@media (max-width:991.98px){#gspb_container-id-gsbp-81d95393-12dc.gspb_container{background-color:var(--wp--preset--color--palette-color-9, var(--theme-palette-color-9, #000000))}}@media (max-width:767.98px){#gspb_container-id-gsbp-81d95393-12dc.gspb_container{background-color:var(--wp--preset--color--palette-color-9, var(--theme-palette-color-9, #000000))}}@media (max-width:575.98px){#gspb_container-id-gsbp-81d95393-12dc.gspb_container{background-color:var(--wp--preset--color--palette-color-9, var(--theme-palette-color-9, #000000))}}#gspb_container-id-gsbp-81d95393-12dc.gspb_container{box-sizing:border-box}#gspb_container-id-gsbp-7437a15f-bcf9.gspb_container{position:relative;transition:all .5s cubic-bezier(.42,0,.58,1);opacity:.8;overflow:hidden;box-sizing:border-box}body.gspb-bodyfront #gspb_container-id-gsbp-7437a15f-bcf9.gspb_container{position:absolute;top:0;right:0;bottom:0;left:0;width:100%;height:100%}.gspb-hoverparent-62:hover #gspb_container-id-gsbp-7437a15f-bcf9.gspb_container{transform:scale(1.1)}#gspb_container-id-gsbp-7437a15f-bcf9.gspb_container,#gspb_container-id-gsbp-7437a15f-bcf9.gspb_container>.gspb_backgroundOverlay{border-top-left-radius:2px;border-top-right-radius:2px;border-bottom-right-radius:2px;border-bottom-left-radius:2px}#gspb_container-id-gsbp-e2eb739e-022b.gspb_container{position:relative;display:flex;flex-direction:column;justify-content:flex-end;margin-bottom:0;box-sizing:border-box}body.gspb-bodyfront #gspb_container-id-gsbp-e2eb739e-022b.gspb_container{min-height:550px}#gspb_container-id-gsbp-2ad0ee5e-b4a5.gspb_container,#gspb_container-id-gsbp-fc3c11ad-b314.gspb_container{position:relative;box-sizing:border-box}body.gspb-bodyfront #gspb_container-id-gsbp-fc3c11ad-b314.gspb_container{position:absolute;top:0;left:0}body.gspb-bodyfront #gspb_container-id-gsbp-2ad0ee5e-b4a5.gspb_container [class*=ct-term],body.gspb-bodyfront #gspb_container-id-gsbp-70cb9b4b-c7c1.gspb_container [class*=ct-term],body.gspb-bodyfront #gspb_container-id-gsbp-a7fe635f-4250.gspb_container [class*=ct-term]{display:inline-flex;padding:5px 10px;border-radius:2px;color:#fff;background-color:#000}body.gspb-bodyfront #gspb_container-id-gsbp-70cb9b4b-c7c1.gspb_container,body.gspb-bodyfront #gspb_container-id-gsbp-73ffec7f-d2b7.gspb_container,body.gspb-bodyfront #gspb_container-id-gsbp-a7fe635f-4250.gspb_container{position:absolute;bottom:15px;left:15px}#gspb_container-id-gsbp-67fefb0e-ef3c.gspb_container,#gspb_container-id-gsbp-70cb9b4b-c7c1.gspb_container,#gspb_container-id-gsbp-a7fe635f-4250.gspb_container,#gspb_container-id-gsbp-ffde8bc1-8bbb.gspb_container{position:relative;box-sizing:border-box}#gspb_container-id-gsbp-0acd6d51-9b54.gspb_container{position:relative;display:flex;flex-direction:row;column-gap:5px;box-sizing:border-box}#gspb_container-id-gsbp-e8e42882-5c3a.gspb_container{position:relative;margin-bottom:0;padding-top:20px;border-top-style:solid;border-top-width:1px;border-top-color:var(--wp--preset--color--palette-color-5, var(--theme-palette-color-5, #e8ebed));box-sizing:border-box}#gspb_container-id-gsbp-18b1450e-75d3.gspb_container{position:relative;display:flex;flex-direction:row;column-gap:5px;box-sizing:border-box}#gspb_container-id-gsbp-fd2bb0ab-f08a.gspb_container{position:relative;display:flex;flex-direction:row;justify-content:space-between;align-items:center;margin-bottom:15px;box-sizing:border-box}body.gspb-bodyfront #gspb_container-id-gsbp-fd2bb0ab-f08a.gspb_container [class*=ct-term]{display:inline-flex;padding:5px 10px;border-radius:2px;color:var(--theme-link-initial-color);background-color:var(--theme-button-background-initial-color)}#gspb_container-id-gsbp-e8700f70-768e.gspb_container{position:relative;display:flex;flex-direction:row;align-items:center;column-gap:5px;margin-bottom:0;box-sizing:border-box}#gspb_iconBox-id-gsbp-a37a8d30-bad8 svg{height:15px!important;width:15px!important;min-width:15px!important;margin:0!important}#gspb_iconBox-id-gsbp-a37a8d30-bad8{justify-content:center;display:flex}#gspb_iconBox-id-gsbp-a37a8d30-bad8 svg,#gspb_iconBox-id-gsbp-a37a8d30-bad8 svg path{fill:var(--wp--preset--color--palette-color-10, var(--theme-palette-color-10, #ffffff))!important}#gspb_iconBox-id-gsbp-a37a8d30-bad8 .gspb_iconBox__wrapper{margin-bottom:0}#gspb_container-id-gsbp-ad0639df-9aa5.gspb_container{position:relative;margin-bottom:0;padding-top:20px;border-top-style:solid;border-top-width:1px;border-top-color:#ffffff36;box-sizing:border-box}#gspb_container-id-gsbp-73ffec7f-d2b7.gspb_container,#gspb_container-id-gsbp-82f4e7e4-38b2.gspb_container{position:relative;box-sizing:border-box}body.gspb-bodyfront #gspb_container-id-gsbp-73ffec7f-d2b7.gspb_container [class*=ct-term],body.gspb-bodyfront #gspb_container-id-gsbp-8b53a828-b3bb.gspb_container [class*=ct-term],body.gspb-bodyfront #gspb_container-id-gsbp-ea9e1b35-2bd2.gspb_container [class*=ct-term]{display:inline-flex;padding:5px 10px;border-radius:2px;color:#fff;background-color:#000}#gspb_row-id-gsbp-425a6878-f824{border-top-style:solid;border-top-width:1px;border-top-color:var(--wp--preset--color--palette-color-5, var(--theme-palette-color-5, #e8ebed))}#gspb_row-id-gsbp-425a6878-f824>.gspb_row__content{display:flex;justify-content:space-between;margin:0 auto;width:100%;flex-wrap:wrap}@media (max-width:991.98px){#gspb_row-id-gsbp-425a6878-f824>.gspb_row__content{row-gap:20px}}#gspb_row-id-gsbp-425a6878-f824>.gspb_row__content{align-items:center}body.gspb-bodyfront #gspb_row-id-gsbp-425a6878-f824>.gspb_row__content{width:var(--theme-container-width, 1200px);max-width:var(--theme-normal-container-max-width, 1200px)}#gspb_col-id-gsbp-f91091c0-42d0.gspb_row__col--3{width:calc(25% - 10px)}@media (max-width:991.98px){#gspb_col-id-gsbp-f91091c0-42d0.gspb_row__col--3{width:100%}}@media (max-width:767.98px){#gspb_col-id-gsbp-f91091c0-42d0.gspb_row__col--3{width:calc(100% - 0px)}}@media (max-width:575.98px){#gspb_col-id-gsbp-f91091c0-42d0.gspb_row__col--3{width:100%}}@media (min-width:992px){body.gspb-bodyfront #gspb_col-id-gsbp-f91091c0-42d0.gspb_row__col--3{width:calc(30% - 0px - 10px)}}@media (max-width:575.98px){body.gspb-bodyfront #gspb_col-id-gsbp-f91091c0-42d0.gspb_row__col--3{display:none!important}}@media (min-width:768px) and (max-width:991.98px){body.gspb-bodyfront #gspb_col-id-gsbp-f91091c0-42d0.gspb_row__col--3{display:none!important}}.gspb_row #gspb_col-id-gsbp-6e99e8c8-8c38.gspb_row__col--9,.gspb_row #gspb_col-id-gsbp-91f9078e-27b7.gspb_row__col--9,.gspb_row #gspb_col-id-gsbp-aea34906-22de.gspb_row__col--9,.gspb_row #gspb_col-id-gsbp-cdd1f699-a0c8.gspb_row__col--3,.gspb_row #gspb_col-id-gsbp-f7787804-d0d0.gspb_row__col--3,.gspb_row #gspb_col-id-gsbp-f91091c0-42d0.gspb_row__col--3{padding:0}#gspb_col-id-gsbp-aea34906-22de.gspb_row__col--9{width:calc(75% - 10px)}@media (max-width:991.98px){#gspb_col-id-gsbp-aea34906-22de.gspb_row__col--9{width:100%}}@media (max-width:767.98px){#gspb_col-id-gsbp-aea34906-22de.gspb_row__col--9{width:calc(100% - 0px)}}@media (max-width:575.98px){#gspb_col-id-gsbp-aea34906-22de.gspb_row__col--9{width:100%}}@media (min-width:992px){body.gspb-bodyfront #gspb_col-id-gsbp-aea34906-22de.gspb_row__col--9{width:calc(70% - 0px - 10px)}}#gspb_container-id-gsbp-ab931fb2-976c.gspb_container,#gspb_container-id-gsbp-ea9e1b35-2bd2.gspb_container{position:relative;box-sizing:border-box}body.gspb-bodyfront #gspb_container-id-gsbp-ea9e1b35-2bd2.gspb_container{position:absolute;bottom:15px;left:15px}#gspb_row-id-gsbp-425a6878-f824,#gspb_row-id-gsbp-edd96a2c-0c89{justify-content:space-between;margin-bottom:0;display:flex;flex-wrap:wrap;align-content:center;margin-top:20px;padding-top:20px}#gspb_row-id-gsbp-edd96a2c-0c89>.gspb_row__content{display:flex;justify-content:space-between;margin:0 auto;width:100%;flex-wrap:wrap}@media (max-width:991.98px){#gspb_row-id-gsbp-edd96a2c-0c89>.gspb_row__content{row-gap:20px}}#gspb_row-id-gsbp-edd96a2c-0c89>.gspb_row__content{align-items:center}body.gspb-bodyfront #gspb_row-id-gsbp-edd96a2c-0c89>.gspb_row__content{width:var(--theme-container-width, 1200px);max-width:var(--theme-normal-container-max-width, 1200px)}@media (max-width:991.98px){#gspb_row-id-gsbp-edd96a2c-0c89{margin-bottom:0}}#gspb_row-id-gsbp-829283dd-67e9,#gspb_row-id-gsbp-edd96a2c-0c89{border-top-style:solid;border-top-width:1px;border-top-color:var(--wp--preset--color--palette-color-5, var(--theme-palette-color-5, #e8ebed))}#gspb_col-id-gsbp-f7787804-d0d0.gspb_row__col--3{width:calc(25% - 10px)}@media (max-width:991.98px){#gspb_col-id-gsbp-f7787804-d0d0.gspb_row__col--3{width:100%}}@media (max-width:767.98px){#gspb_col-id-gsbp-f7787804-d0d0.gspb_row__col--3{width:calc(100% - 0px)}}@media (max-width:575.98px){#gspb_col-id-gsbp-f7787804-d0d0.gspb_row__col--3{width:100%}}@media (min-width:992px){body.gspb-bodyfront #gspb_col-id-gsbp-f7787804-d0d0.gspb_row__col--3{width:calc(30% - 0px - 10px)}}@media (max-width:575.98px){body.gspb-bodyfront #gspb_col-id-gsbp-f7787804-d0d0.gspb_row__col--3{display:none!important}}@media (min-width:768px) and (max-width:991.98px){body.gspb-bodyfront #gspb_col-id-gsbp-f7787804-d0d0.gspb_row__col--3{display:none!important}}#gspb_col-id-gsbp-91f9078e-27b7.gspb_row__col--9{width:calc(75% - 10px)}@media (max-width:991.98px){#gspb_col-id-gsbp-91f9078e-27b7.gspb_row__col--9{width:100%}}@media (max-width:767.98px){#gspb_col-id-gsbp-91f9078e-27b7.gspb_row__col--9{width:calc(100% - 0px)}}@media (max-width:575.98px){#gspb_col-id-gsbp-91f9078e-27b7.gspb_row__col--9{width:100%}}@media (min-width:992px){body.gspb-bodyfront #gspb_col-id-gsbp-91f9078e-27b7.gspb_row__col--9{width:calc(70% - 0px - 10px)}}.gspb_container-id-gsbp-70ba9458-8db5,.gspb_container-id-gsbp-8b53a828-b3bb,.gspb_container-id-gsbp-ab931fb2-976c,.gspb_container-id-gsbp-ea9e1b35-2bd2{flex-direction:column;box-sizing:border-box}#gspb_container-id-gsbp-70ba9458-8db5.gspb_container,#gspb_container-id-gsbp-8b53a828-b3bb.gspb_container{position:relative;box-sizing:border-box}body.gspb-bodyfront #gspb_container-id-gsbp-8b53a828-b3bb.gspb_container{position:absolute;bottom:15px;left:15px}#gspb_row-id-gsbp-829283dd-67e9{justify-content:space-between;margin-bottom:0;display:flex;flex-wrap:wrap;align-content:center;margin-top:20px;padding-top:20px}#gspb_row-id-gsbp-829283dd-67e9>.gspb_row__content{display:flex;justify-content:space-between;margin:0 auto;width:100%;flex-wrap:wrap}.gspb_row{position:relative}@media (max-width:991.98px){#gspb_row-id-gsbp-829283dd-67e9>.gspb_row__content{row-gap:20px}}#gspb_row-id-gsbp-829283dd-67e9>.gspb_row__content{align-items:center}body.gspb-bodyfront #gspb_row-id-gsbp-829283dd-67e9>.gspb_row__content{width:var(--theme-container-width, 1200px);max-width:var(--theme-normal-container-max-width, 1200px)}#gspb_col-id-gsbp-cdd1f699-a0c8.gspb_row__col--3{width:calc(25% - 10px)}@media (max-width:991.98px){#gspb_col-id-gsbp-cdd1f699-a0c8.gspb_row__col--3{width:100%}}@media (max-width:767.98px){#gspb_col-id-gsbp-cdd1f699-a0c8.gspb_row__col--3{width:calc(100% - 0px)}}@media (max-width:575.98px){#gspb_col-id-gsbp-cdd1f699-a0c8.gspb_row__col--3{width:100%}}@media (min-width:992px){body.gspb-bodyfront #gspb_col-id-gsbp-cdd1f699-a0c8.gspb_row__col--3{width:calc(30% - 0px - 10px)}}@media (max-width:575.98px){body.gspb-bodyfront #gspb_col-id-gsbp-cdd1f699-a0c8.gspb_row__col--3{display:none!important}}@media (min-width:768px) and (max-width:991.98px){body.gspb-bodyfront #gspb_col-id-gsbp-cdd1f699-a0c8.gspb_row__col--3{display:none!important}}#gspb_col-id-gsbp-6e99e8c8-8c38.gspb_row__col--9{width:calc(75% - 10px)}@media (max-width:991.98px){#gspb_col-id-gsbp-6e99e8c8-8c38.gspb_row__col--9{width:100%}}@media (max-width:767.98px){#gspb_col-id-gsbp-6e99e8c8-8c38.gspb_row__col--9{width:calc(100% - 0px)}}@media (max-width:575.98px){#gspb_col-id-gsbp-6e99e8c8-8c38.gspb_row__col--9{width:100%}}@media (min-width:992px){body.gspb-bodyfront #gspb_col-id-gsbp-6e99e8c8-8c38.gspb_row__col--9{width:calc(70% - 0px - 10px)}}","footnotes":""},"class_list":["post-7","page","type-page","status-publish","has-post-thumbnail","hentry"],"blocksy_meta":{"has_hero_section":"disabled","vertical_spacing_source":"custom","content_area_spacing":"none","styles_descriptor":{"styles":{"desktop":"","tablet":"","mobile":""},"google_fonts":[],"version":6}},"acf":[],"yoast_head":"<!-- This site is optimized with the Yoast SEO plugin v27.3 - https:\/\/yoast.com\/product\/yoast-seo-wordpress\/ -->\n<title>Inicial - Rede Cultura Viva da Bahia<\/title>\n<meta name=\"robots\" content=\"index, follow, max-snippet:-1, max-image-preview:large, max-video-preview:-1\" \/>\n<link rel=\"canonical\" href=\"https:\/\/bahia.culturaviva.net.br\/pt\/\" \/>\n<meta property=\"og:locale\" content=\"pt_BR\" \/>\n<meta property=\"og:type\" content=\"article\" \/>\n<meta property=\"og:title\" content=\"Inicial - Rede Cultura Viva da Bahia\" \/>\n<meta property=\"og:url\" content=\"https:\/\/bahia.culturaviva.net.br\/pt\/\" \/>\n<meta property=\"og:site_name\" content=\"Rede Cultura Viva da Bahia\" \/>\n<meta property=\"article:modified_time\" content=\"2026-04-17T06:28:38+00:00\" \/>\n<meta property=\"og:image\" content=\"https:\/\/bahia.culturaviva.net.br\/wp-content\/uploads\/2025\/11\/Atracoes-da-1o-FLIRCONTAS-20251031.jpg\" \/>\n\t<meta property=\"og:image:width\" content=\"1536\" \/>\n\t<meta property=\"og:image:height\" content=\"1024\" \/>\n\t<meta property=\"og:image:type\" content=\"image\/jpeg\" \/>\n<meta name=\"twitter:card\" content=\"summary_large_image\" \/>\n<meta name=\"twitter:label1\" content=\"Est. tempo de leitura\" \/>\n\t<meta name=\"twitter:data1\" content=\"1 minuto\" \/>\n<script type=\"application\/ld+json\" class=\"yoast-schema-graph\">{\"@context\":\"https:\\\/\\\/schema.org\",\"@graph\":[{\"@type\":\"WebPage\",\"@id\":\"https:\\\/\\\/bahia.culturaviva.net.br\\\/\",\"url\":\"https:\\\/\\\/bahia.culturaviva.net.br\\\/\",\"name\":\"Inicial - Rede Cultura Viva da Bahia\",\"isPartOf\":{\"@id\":\"https:\\\/\\\/bahia.culturaviva.net.br\\\/#website\"},\"primaryImageOfPage\":{\"@id\":\"https:\\\/\\\/bahia.culturaviva.net.br\\\/#primaryimage\"},\"image\":{\"@id\":\"https:\\\/\\\/bahia.culturaviva.net.br\\\/#primaryimage\"},\"thumbnailUrl\":\"https:\\\/\\\/bahia.culturaviva.net.br\\\/wp-content\\\/uploads\\\/2025\\\/11\\\/Atracoes-da-1o-FLIRCONTAS-20251031.jpg\",\"datePublished\":\"2023-11-10T11:22:31+00:00\",\"dateModified\":\"2026-04-17T06:28:38+00:00\",\"breadcrumb\":{\"@id\":\"https:\\\/\\\/bahia.culturaviva.net.br\\\/#breadcrumb\"},\"inLanguage\":\"pt-BR\",\"potentialAction\":[{\"@type\":\"ReadAction\",\"target\":[\"https:\\\/\\\/bahia.culturaviva.net.br\\\/\"]}]},{\"@type\":\"ImageObject\",\"inLanguage\":\"pt-BR\",\"@id\":\"https:\\\/\\\/bahia.culturaviva.net.br\\\/#primaryimage\",\"url\":\"https:\\\/\\\/bahia.culturaviva.net.br\\\/wp-content\\\/uploads\\\/2025\\\/11\\\/Atracoes-da-1o-FLIRCONTAS-20251031.jpg\",\"contentUrl\":\"https:\\\/\\\/bahia.culturaviva.net.br\\\/wp-content\\\/uploads\\\/2025\\\/11\\\/Atracoes-da-1o-FLIRCONTAS-20251031.jpg\",\"width\":1536,\"height\":1024},{\"@type\":\"BreadcrumbList\",\"@id\":\"https:\\\/\\\/bahia.culturaviva.net.br\\\/#breadcrumb\",\"itemListElement\":[{\"@type\":\"ListItem\",\"position\":1,\"name\":\"In\u00edcio\",\"item\":\"https:\\\/\\\/bahia.culturaviva.net.br\\\/\"},{\"@type\":\"ListItem\",\"position\":2,\"name\":\"Inicial\"}]},{\"@type\":\"WebSite\",\"@id\":\"https:\\\/\\\/bahia.culturaviva.net.br\\\/#website\",\"url\":\"https:\\\/\\\/bahia.culturaviva.net.br\\\/\",\"name\":\"Rede Cultura Viva da Bahia\",\"description\":\"Espa\u00e7o para Acervo, Informa\u00e7\u00e3o e Participa\u00e7\u00e3o Social da Rede de Pontos de Cultura da Bahia\",\"publisher\":{\"@id\":\"https:\\\/\\\/bahia.culturaviva.net.br\\\/#organization\"},\"potentialAction\":[{\"@type\":\"SearchAction\",\"target\":{\"@type\":\"EntryPoint\",\"urlTemplate\":\"https:\\\/\\\/bahia.culturaviva.net.br\\\/?s={search_term_string}\"},\"query-input\":{\"@type\":\"PropertyValueSpecification\",\"valueRequired\":true,\"valueName\":\"search_term_string\"}}],\"inLanguage\":\"pt-BR\"},{\"@type\":\"Organization\",\"@id\":\"https:\\\/\\\/bahia.culturaviva.net.br\\\/#organization\",\"name\":\"Rede Cultura Viva da Bahia\",\"url\":\"https:\\\/\\\/bahia.culturaviva.net.br\\\/\",\"logo\":{\"@type\":\"ImageObject\",\"inLanguage\":\"pt-BR\",\"@id\":\"https:\\\/\\\/bahia.culturaviva.net.br\\\/#\\\/schema\\\/logo\\\/image\\\/\",\"url\":\"https:\\\/\\\/bahia.culturaviva.net.br\\\/wp-content\\\/uploads\\\/2025\\\/11\\\/logo-plataforma-culturaviva-bahia-branco.png\",\"contentUrl\":\"https:\\\/\\\/bahia.culturaviva.net.br\\\/wp-content\\\/uploads\\\/2025\\\/11\\\/logo-plataforma-culturaviva-bahia-branco.png\",\"width\":628,\"height\":652,\"caption\":\"Rede Cultura Viva da Bahia\"},\"image\":{\"@id\":\"https:\\\/\\\/bahia.culturaviva.net.br\\\/#\\\/schema\\\/logo\\\/image\\\/\"}}]}<\/script>\n<!-- \/ Yoast SEO plugin. -->","yoast_head_json":{"title":"Inicial - Rede Cultura Viva da Bahia","robots":{"index":"index","follow":"follow","max-snippet":"max-snippet:-1","max-image-preview":"max-image-preview:large","max-video-preview":"max-video-preview:-1"},"canonical":"https:\/\/bahia.culturaviva.net.br\/pt\/","og_locale":"pt_BR","og_type":"article","og_title":"Inicial - Rede Cultura Viva da Bahia","og_url":"https:\/\/bahia.culturaviva.net.br\/pt\/","og_site_name":"Rede Cultura Viva da Bahia","article_modified_time":"2026-04-17T06:28:38+00:00","og_image":[{"width":1536,"height":1024,"url":"https:\/\/bahia.culturaviva.net.br\/wp-content\/uploads\/2025\/11\/Atracoes-da-1o-FLIRCONTAS-20251031.jpg","type":"image\/jpeg"}],"twitter_card":"summary_large_image","twitter_misc":{"Est. tempo de leitura":"1 minuto"},"schema":{"@context":"https:\/\/schema.org","@graph":[{"@type":"WebPage","@id":"https:\/\/bahia.culturaviva.net.br\/","url":"https:\/\/bahia.culturaviva.net.br\/","name":"Inicial - Rede Cultura Viva da Bahia","isPartOf":{"@id":"https:\/\/bahia.culturaviva.net.br\/#website"},"primaryImageOfPage":{"@id":"https:\/\/bahia.culturaviva.net.br\/#primaryimage"},"image":{"@id":"https:\/\/bahia.culturaviva.net.br\/#primaryimage"},"thumbnailUrl":"https:\/\/bahia.culturaviva.net.br\/wp-content\/uploads\/2025\/11\/Atracoes-da-1o-FLIRCONTAS-20251031.jpg","datePublished":"2023-11-10T11:22:31+00:00","dateModified":"2026-04-17T06:28:38+00:00","breadcrumb":{"@id":"https:\/\/bahia.culturaviva.net.br\/#breadcrumb"},"inLanguage":"pt-BR","potentialAction":[{"@type":"ReadAction","target":["https:\/\/bahia.culturaviva.net.br\/"]}]},{"@type":"ImageObject","inLanguage":"pt-BR","@id":"https:\/\/bahia.culturaviva.net.br\/#primaryimage","url":"https:\/\/bahia.culturaviva.net.br\/wp-content\/uploads\/2025\/11\/Atracoes-da-1o-FLIRCONTAS-20251031.jpg","contentUrl":"https:\/\/bahia.culturaviva.net.br\/wp-content\/uploads\/2025\/11\/Atracoes-da-1o-FLIRCONTAS-20251031.jpg","width":1536,"height":1024},{"@type":"BreadcrumbList","@id":"https:\/\/bahia.culturaviva.net.br\/#breadcrumb","itemListElement":[{"@type":"ListItem","position":1,"name":"In\u00edcio","item":"https:\/\/bahia.culturaviva.net.br\/"},{"@type":"ListItem","position":2,"name":"Inicial"}]},{"@type":"WebSite","@id":"https:\/\/bahia.culturaviva.net.br\/#website","url":"https:\/\/bahia.culturaviva.net.br\/","name":"Rede Cultura Viva da Bahia","description":"Espa\u00e7o para Acervo, Informa\u00e7\u00e3o e Participa\u00e7\u00e3o Social da Rede de Pontos de Cultura da Bahia","publisher":{"@id":"https:\/\/bahia.culturaviva.net.br\/#organization"},"potentialAction":[{"@type":"SearchAction","target":{"@type":"EntryPoint","urlTemplate":"https:\/\/bahia.culturaviva.net.br\/?s={search_term_string}"},"query-input":{"@type":"PropertyValueSpecification","valueRequired":true,"valueName":"search_term_string"}}],"inLanguage":"pt-BR"},{"@type":"Organization","@id":"https:\/\/bahia.culturaviva.net.br\/#organization","name":"Rede Cultura Viva da Bahia","url":"https:\/\/bahia.culturaviva.net.br\/","logo":{"@type":"ImageObject","inLanguage":"pt-BR","@id":"https:\/\/bahia.culturaviva.net.br\/#\/schema\/logo\/image\/","url":"https:\/\/bahia.culturaviva.net.br\/wp-content\/uploads\/2025\/11\/logo-plataforma-culturaviva-bahia-branco.png","contentUrl":"https:\/\/bahia.culturaviva.net.br\/wp-content\/uploads\/2025\/11\/logo-plataforma-culturaviva-bahia-branco.png","width":628,"height":652,"caption":"Rede Cultura Viva da Bahia"},"image":{"@id":"https:\/\/bahia.culturaviva.net.br\/#\/schema\/logo\/image\/"}}]}},"_links":{"self":[{"href":"https:\/\/bahia.culturaviva.net.br\/pt\/wp-json\/wp\/v2\/pages\/7","targetHints":{"allow":["GET"]}}],"collection":[{"href":"https:\/\/bahia.culturaviva.net.br\/pt\/wp-json\/wp\/v2\/pages"}],"about":[{"href":"https:\/\/bahia.culturaviva.net.br\/pt\/wp-json\/wp\/v2\/types\/page"}],"author":[{"embeddable":true,"href":"https:\/\/bahia.culturaviva.net.br\/pt\/wp-json\/wp\/v2\/users\/1"}],"replies":[{"embeddable":true,"href":"https:\/\/bahia.culturaviva.net.br\/pt\/wp-json\/wp\/v2\/comments?post=7"}],"version-history":[{"count":18,"href":"https:\/\/bahia.culturaviva.net.br\/pt\/wp-json\/wp\/v2\/pages\/7\/revisions"}],"predecessor-version":[{"id":2259,"href":"https:\/\/bahia.culturaviva.net.br\/pt\/wp-json\/wp\/v2\/pages\/7\/revisions\/2259"}],"wp:featuredmedia":[{"embeddable":true,"href":"https:\/\/bahia.culturaviva.net.br\/pt\/wp-json\/wp\/v2\/media\/1226"}],"wp:attachment":[{"href":"https:\/\/bahia.culturaviva.net.br\/pt\/wp-json\/wp\/v2\/media?parent=7"}],"curies":[{"name":"wp","href":"https:\/\/api.w.org\/{rel}","templated":true}]}}